{"id":12704,"date":"2026-04-20T12:54:10","date_gmt":"2026-04-20T10:54:10","guid":{"rendered":"https:\/\/powiatlwowecki.pl\/?post_type=tribe_events&#038;p=12704"},"modified":"2026-04-20T13:16:56","modified_gmt":"2026-04-20T11:16:56","slug":"wedruj-i-poznaj-gmine-wlen","status":"publish","type":"tribe_events","link":"https:\/\/powiatlwowecki.pl\/event\/wedruj-i-poznaj-gmine-wlen\/","title":{"rendered":"W\u0118DRUJ i POZNAJ GMIN\u0118 WLE\u0143!"},"content":{"rendered":"<div class=\"xdj266r x14z9mp xat24cr x1lziwak x1vvkbs x126k92a\">\n<div dir=\"auto\">Wiosna w pe\u0142ni, a my ruszamy w teren w Gmina Wle\u0144! <span class=\"html-span xexx8yu xyri2b x18d9i69 x1c1uobl x1hl2dhg x16tdsg8 x1vvkbs x3nfvp2 x1j61x8r x1fcty0u xdj266r xat24cr xm2jcoa x1mpyi22 xxymvpz xlup9mm x1kky2od\"><img decoding=\"async\" class=\"xz74otr x15mokao x1ga7v0g x16uus16 xbiv7yw\" src=\"https:\/\/static.xx.fbcdn.net\/images\/emoji.php\/v9\/t1e\/1\/16\/1f33f.png\" alt=\"\ud83c\udf3f\" width=\"16\" height=\"16\" \/><\/span><\/div>\n<div dir=\"auto\">Og\u0142aszamy start NOWEGO cyklu wycieczek: W\u0118DRUJ i POZNAJ GMIN\u0118 WLE\u0143! <span class=\"html-span xexx8yu xyri2b x18d9i69 x1c1uobl x1hl2dhg x16tdsg8 x1vvkbs x3nfvp2 x1j61x8r x1fcty0u xdj266r xat24cr xm2jcoa x1mpyi22 xxymvpz xlup9mm x1kky2od\"><img decoding=\"async\" class=\"xz74otr x15mokao x1ga7v0g x16uus16 xbiv7yw\" src=\"https:\/\/static.xx.fbcdn.net\/images\/emoji.php\/v9\/t9f\/1\/16\/1f97e.png\" alt=\"\ud83e\udd7e\" width=\"16\" height=\"16\" \/><\/span><\/div>\n<\/div>\n<div class=\"x14z9mp xat24cr x1lziwak x1vvkbs xtlvy1s x126k92a\">\n<div dir=\"auto\">Mieszkasz w okolicy? A mo\u017ce jeste\u015b turyst\u0105 ciekawym nowych, nieodkrytych szlak\u00f3w na Dolnym \u015al\u0105sku? Do\u0142\u0105cz do naszej inauguracyjnej w\u0119dr\u00f3wki ju\u017c za tydzie\u0144 w niedziel\u0119, 26 kwietnia! Zaczynamy mocnym akcentem. <span class=\"html-span xexx8yu xyri2b x18d9i69 x1c1uobl x1hl2dhg x16tdsg8 x1vvkbs x3nfvp2 x1j61x8r x1fcty0u xdj266r xat24cr xm2jcoa x1mpyi22 xxymvpz xlup9mm x1kky2od\"><img decoding=\"async\" class=\"xz74otr x15mokao x1ga7v0g x16uus16 xbiv7yw\" src=\"https:\/\/static.xx.fbcdn.net\/images\/emoji.php\/v9\/t40\/1\/16\/1f4a5.png\" alt=\"\ud83d\udca5\" width=\"16\" height=\"16\" \/><\/span><\/div>\n<\/div>\n<div class=\"x14z9mp xat24cr x1lziwak x1vvkbs xtlvy1s x126k92a\">\n<div dir=\"auto\">Co czeka na nas na trasie?<\/div>\n<div dir=\"auto\"><span class=\"html-span xexx8yu xyri2b x18d9i69 x1c1uobl x1hl2dhg x16tdsg8 x1vvkbs x3nfvp2 x1j61x8r x1fcty0u xdj266r xat24cr xm2jcoa x1mpyi22 xxymvpz xlup9mm x1kky2od\"><img decoding=\"async\" class=\"xz74otr x15mokao x1ga7v0g x16uus16 xbiv7yw\" src=\"https:\/\/static.xx.fbcdn.net\/images\/emoji.php\/v9\/t95\/1\/16\/1f3f0.png\" alt=\"\ud83c\udff0\" width=\"16\" height=\"16\" \/><\/span> Zamek Wle\u0144 \/ Zamek Lenno \u2013 Zobaczymy najstarszy murowany zamek na \u015al\u0105sku z XII wieku, z kt\u00f3rego roztacza si\u0119 wspania\u0142a panorama okolicy.<\/div>\n<div dir=\"auto\"><span class=\"html-span xexx8yu xyri2b x18d9i69 x1c1uobl x1hl2dhg x16tdsg8 x1vvkbs x3nfvp2 x1j61x8r x1fcty0u xdj266r xat24cr xm2jcoa x1mpyi22 xxymvpz xlup9mm x1kky2od\"><img decoding=\"async\" class=\"xz74otr x15mokao x1ga7v0g x16uus16 xbiv7yw\" src=\"https:\/\/static.xx.fbcdn.net\/images\/emoji.php\/v9\/t89\/1\/16\/1f3db.png\" alt=\"\ud83c\udfdb\ufe0f\" width=\"16\" height=\"16\" \/><\/span> Pa\u0142ac Lenno \u2013 Odpoczniemy przy urokliwym, barokowym pa\u0142acu z XVIII wieku, otoczonym zabytkowym parkiem.<\/div>\n<div dir=\"auto\"><span class=\"html-span xexx8yu xyri2b x18d9i69 x1c1uobl x1hl2dhg x16tdsg8 x1vvkbs x3nfvp2 x1j61x8r x1fcty0u xdj266r xat24cr xm2jcoa x1mpyi22 xxymvpz xlup9mm x1kky2od\"><img decoding=\"async\" class=\"xz74otr x15mokao x1ga7v0g x16uus16 xbiv7yw\" src=\"https:\/\/static.xx.fbcdn.net\/images\/emoji.php\/v9\/t3d\/1\/16\/1f30b.png\" alt=\"\ud83c\udf0b\" width=\"16\" height=\"16\" \/><\/span> Unikaty geologiczne \u2013 To prawdziwa gratka! Przyjrzymy si\u0119 z bliska niezwyk\u0142ym lawom poduszkowym i porwakom piaskowcowym, kt\u00f3re s\u0105 pami\u0105tk\u0105 po dawnych erupcjach wulkanicznych.<\/div>\n<div dir=\"auto\"><span class=\"html-span xexx8yu xyri2b x18d9i69 x1c1uobl x1hl2dhg x16tdsg8 x1vvkbs x3nfvp2 x1j61x8r x1fcty0u xdj266r xat24cr xm2jcoa x1mpyi22 xxymvpz xlup9mm x1kky2od\"><img decoding=\"async\" class=\"xz74otr x15mokao x1ga7v0g x16uus16 xbiv7yw\" src=\"https:\/\/static.xx.fbcdn.net\/images\/emoji.php\/v9\/tea\/1\/16\/1f332.png\" alt=\"\ud83c\udf32\" width=\"16\" height=\"16\" \/><\/span> Dolina \u015awierk\u00f3w i Melafirowa Ska\u0142a \u2013 Odkryjemy malowniczy krajobraz, gdzie pot\u0119ga natury spotyka si\u0119 ze \u015bladami dawnej i obecnej dzia\u0142alno\u015bci cz\u0142owieka.<\/div>\n<\/div>\n<div class=\"x14z9mp xat24cr x1lziwak x1vvkbs xtlvy1s x126k92a\">\n<div dir=\"auto\">Gar\u015b\u0107 informacji organizacyjnych:<\/div>\n<div dir=\"auto\"><span class=\"html-span xexx8yu xyri2b x18d9i69 x1c1uobl x1hl2dhg x16tdsg8 x1vvkbs x3nfvp2 x1j61x8r x1fcty0u xdj266r xat24cr xm2jcoa x1mpyi22 xxymvpz xlup9mm x1kky2od\"><img decoding=\"async\" class=\"xz74otr x15mokao x1ga7v0g x16uus16 xbiv7yw\" src=\"https:\/\/static.xx.fbcdn.net\/images\/emoji.php\/v9\/t7e\/1\/16\/1f4c5.png\" alt=\"\ud83d\udcc5\" width=\"16\" height=\"16\" \/><\/span> Kiedy: 26 kwietnia 2026 r. (niedziela)<\/div>\n<div dir=\"auto\"><span class=\"html-span xexx8yu xyri2b x18d9i69 x1c1uobl x1hl2dhg x16tdsg8 x1vvkbs x3nfvp2 x1j61x8r x1fcty0u xdj266r xat24cr xm2jcoa x1mpyi22 xxymvpz xlup9mm x1kky2od\"><img decoding=\"async\" class=\"xz74otr x15mokao x1ga7v0g x16uus16 xbiv7yw\" src=\"https:\/\/static.xx.fbcdn.net\/images\/emoji.php\/v9\/tb0\/1\/16\/1f558.png\" alt=\"\ud83d\udd58\" width=\"16\" height=\"16\" \/><\/span> Start: Godz. 9:00 (w\u0119dr\u00f3wka zajmie nam ok. 5-6 godzin)<\/div>\n<div dir=\"auto\"><span class=\"html-span xexx8yu xyri2b x18d9i69 x1c1uobl x1hl2dhg x16tdsg8 x1vvkbs x3nfvp2 x1j61x8r x1fcty0u xdj266r xat24cr xm2jcoa x1mpyi22 xxymvpz xlup9mm x1kky2od\"><img decoding=\"async\" class=\"xz74otr x15mokao x1ga7v0g x16uus16 xbiv7yw\" src=\"https:\/\/static.xx.fbcdn.net\/images\/emoji.php\/v9\/t2d\/1\/16\/1f4cd.png\" alt=\"\ud83d\udccd\" width=\"16\" height=\"16\" \/><\/span> Gdzie: Zbi\u00f3rka na Rynku we Wleniu<\/div>\n<div dir=\"auto\"><span class=\"html-span xexx8yu xyri2b x18d9i69 x1c1uobl x1hl2dhg x16tdsg8 x1vvkbs x3nfvp2 x1j61x8r x1fcty0u xdj266r xat24cr xm2jcoa x1mpyi22 xxymvpz xlup9mm x1kky2od\"><img decoding=\"async\" class=\"xz74otr x15mokao x1ga7v0g x16uus16 xbiv7yw\" src=\"https:\/\/static.xx.fbcdn.net\/images\/emoji.php\/v9\/ta4\/1\/16\/1f392.png\" alt=\"\ud83c\udf92\" width=\"16\" height=\"16\" \/><\/span> Co zabra\u0107: Buty trekkingowe, wod\u0119, prowiant i koniecznie dobry humor!<\/div>\n<div dir=\"auto\">Wycieczk\u0119 poprowadzi przewodnik sudecki.<\/div>\n<div dir=\"auto\"><span class=\"html-span xexx8yu xyri2b x18d9i69 x1c1uobl x1hl2dhg x16tdsg8 x1vvkbs x3nfvp2 x1j61x8r x1fcty0u xdj266r xat24cr xm2jcoa x1mpyi22 xxymvpz xlup9mm x1kky2od\"><img decoding=\"async\" class=\"xz74otr x15mokao x1ga7v0g x16uus16 xbiv7yw\" src=\"https:\/\/static.xx.fbcdn.net\/images\/emoji.php\/v9\/t5b\/1\/16\/1f3d4.png\" alt=\"\ud83c\udfd4\ufe0f\" width=\"16\" height=\"16\" \/><\/span> WST\u0118P WOLNY i nie obowi\u0105zuj\u0105 \u017cadne zapisy!<\/div>\n<\/div>\n<div class=\"x14z9mp xat24cr x1lziwak x1vvkbs xtlvy1s x126k92a\">\n<div dir=\"auto\">Po prostu przyjd\u017a. Szczeg\u00f3\u0142y znajdziecie na za\u0142\u0105czonym plakacie. <span class=\"html-span xexx8yu xyri2b x18d9i69 x1c1uobl x1hl2dhg x16tdsg8 x1vvkbs x3nfvp2 x1j61x8r x1fcty0u xdj266r xat24cr xm2jcoa x1mpyi22 xxymvpz xlup9mm x1kky2od\"><img decoding=\"async\" class=\"xz74otr x15mokao x1ga7v0g x16uus16 xbiv7yw\" src=\"https:\/\/static.xx.fbcdn.net\/images\/emoji.php\/v9\/t4f\/1\/16\/1f447.png\" alt=\"\ud83d\udc47\" width=\"16\" height=\"16\" \/><\/span><\/div>\n<div dir=\"auto\">Podajcie dalej, oznaczcie znajomych i widzimy si\u0119 na szlaku! <span class=\"html-span xexx8yu xyri2b x18d9i69 x1c1uobl x1hl2dhg x16tdsg8 x1vvkbs x3nfvp2 x1j61x8r x1fcty0u xdj266r xat24cr xm2jcoa x1mpyi22 xxymvpz xlup9mm x1kky2od\"><img decoding=\"async\" class=\"xz74otr x15mokao x1ga7v0g x16uus16 xbiv7yw\" src=\"https:\/\/static.xx.fbcdn.net\/images\/emoji.php\/v9\/tfa\/1\/16\/1f44b.png\" alt=\"\ud83d\udc4b\" width=\"16\" height=\"16\" \/><\/span><\/div>\n<div dir=\"auto\"><\/div>\n<div dir=\"auto\"><span class=\"html-span xexx8yu xyri2b x18d9i69 x1c1uobl x1hl2dhg x16tdsg8 x1vvkbs x3nfvp2 x1j61x8r x1fcty0u xdj266r xat24cr xm2jcoa x1mpyi22 xxymvpz xlup9mm x1kky2od\"><img decoding=\"async\" class=\"xz74otr x15mokao x1ga7v0g x16uus16 xbiv7yw\" src=\"https:\/\/static.xx.fbcdn.net\/images\/emoji.php\/v9\/taa\/1\/16\/1f310.png\" alt=\"\ud83c\udf10\" width=\"16\" height=\"16\" \/><\/span> <span class=\"html-span xdj266r x14z9mp xat24cr x1lziwak xexx8yu xyri2b x18d9i69 x1c1uobl x1hl2dhg x16tdsg8 x1vvkbs\"><a class=\"x1i10hfl xjbqb8w x1ejq31n x18oe1m7 x1sy0etr xstzfhl x972fbf x10w94by x1qhh985 x14e42zd x9f619 x1ypdohk xt0psk2 x3ct3a4 xdj266r x14z9mp xat24cr x1lziwak xexx8yu xyri2b x18d9i69 x1c1uobl x16tdsg8 x1hl2dhg xggy1nq x1a2a7pz xkrqix3 x1sur9pj x1fey0fg x1s688f\" tabindex=\"0\" role=\"link\" href=\"https:\/\/l.facebook.com\/l.php?u=http%3A%2F%2Fwww.wlen.pl%2F%3Ffbclid%3DIwZXh0bgNhZW0CMTAAYnJpZBEwZDhMRGt0ajdxUkFnV0c0VnNydGMGYXBwX2lkEDIyMjAzOTE3ODgyMDA4OTIAAR7ZR0LGexfRvkQ2fqHQ4OONqgx95WrPyTKxNuZrudb6aV-lKeADg24eWT2Z5Q_aem_mtsB1riLrRXhBgA-thlp-Q&amp;h=AT5dCSVa7giiQucJnn8sJscphSeFZgZzolHcQOBSJO_giB69W8IW_vBbCAqz8Pvt81JeHyv12xpOoDhaxDqVFdC0hMeJ9FKvMpCPOL6U3Z3nVw5TQNZXG0mWfg78m8NA2iTKz4ouHz8sdCNP&amp;__tn__=-UK-y-R&amp;c[0]=AT51xdBFsvNtCS_2KmCSFnAFUY3xCjz1fHMQ5FYYXLzZyRfuc8BYYhAmtOC4cVTr7411NUqGOgaKbJx0WbbNQdq_-Xu2wUsKq4Eo3JGqV05kmr5pcbNx9L06UHAfXIDAmuXO3sCEgsqGU7BnbAh6d6J1licNzBWX5nYdUdG9ULuo_WUNjs1_OoByJonPDijaDNlCE0YiAEGVwYmNNyjKO8YLoaeQ0QH4QicBpQr8_e7_H7hwLE_6AA\" target=\"_blank\" rel=\"nofollow noopener noreferrer\">www.wlen.pl<\/a><\/span> | <span class=\"html-span xdj266r x14z9mp xat24cr x1lziwak xexx8yu xyri2b x18d9i69 x1c1uobl x1hl2dhg x16tdsg8 x1vvkbs\"><a class=\"x1i10hfl xjbqb8w x1ejq31n x18oe1m7 x1sy0etr xstzfhl x972fbf x10w94by x1qhh985 x14e42zd x9f619 x1ypdohk xt0psk2 x3ct3a4 xdj266r x14z9mp xat24cr x1lziwak xexx8yu xyri2b x18d9i69 x1c1uobl x16tdsg8 x1hl2dhg xggy1nq x1a2a7pz xkrqix3 x1sur9pj x1fey0fg x1s688f\" tabindex=\"0\" role=\"link\" href=\"https:\/\/facebook.com\/GminaWlen?__cft__[0]=AZbEE7EV1JyYLLexg4FnFof4BYpjBvWLPvvDRG5f0yHgIpC8F1YN2hWfUj9ro1-sgvoIFGuq1sfb36s2nNTRApVPOPwo0ra6s47SkQlXG_JOGPSKvgv6l31Qhseu018qJ7EnI67rHx1roRkQ9DTss_lEqGhYaPyOEs3D67aRiFtQF7fPEPTUKNXeAPCoEZQmDzgz5l7z-kGqS05mu48VLO1U6bY23mV9cMliXeQmcZHNAg&amp;__tn__=-UK-y-R\" target=\"_blank\" rel=\"noopener\">facebook.com\/GminaWlen<\/a><\/span><\/div>\n<\/div>\n","protected":false},"excerpt":{"rendered":"<p>Wiosna w pe\u0142ni, a my ruszamy w teren w Gmina Wle\u0144! Og\u0142aszamy start NOWEGO cyklu wycieczek: W\u0118DRUJ i POZNAJ GMIN\u0118 WLE\u0143! Mieszkasz w okolicy? A mo\u017ce jeste\u015b turyst\u0105 ciekawym nowych, nieodkrytych szlak\u00f3w na Dolnym \u015al\u0105sku?  [&#8230;]<\/p>\n","protected":false},"author":4,"featured_media":12683,"template":"","meta":{"_acf_changed":false,"_tribe_events_status":"","_tribe_events_status_reason":"","_tribe_events_is_hybrid":"","_tribe_events_is_virtual":"","_tribe_events_virtual_video_source":"","_tribe_events_virtual_embed_video":"","_tribe_events_virtual_linked_button_text":"","_tribe_events_virtual_linked_button":"","_tribe_events_virtual_show_embed_at":"","_tribe_events_virtual_show_embed_to":[],"_tribe_events_virtual_show_on_event":"","_tribe_events_virtual_show_on_views":"","_tribe_events_virtual_url":"","footnotes":""},"tags":[],"tribe_events_cat":[],"class_list":["post-12704","tribe_events","type-tribe_events","status-publish","has-post-thumbnail","hentry"],"acf":[],"_links":{"self":[{"href":"https:\/\/powiatlwowecki.pl\/plci_json_endpoint\/wp\/v2\/tribe_events\/12704","targetHints":{"allow":["GET"]}}],"collection":[{"href":"https:\/\/powiatlwowecki.pl\/plci_json_endpoint\/wp\/v2\/tribe_events"}],"about":[{"href":"https:\/\/powiatlwowecki.pl\/plci_json_endpoint\/wp\/v2\/types\/tribe_events"}],"author":[{"embeddable":true,"href":"https:\/\/powiatlwowecki.pl\/plci_json_endpoint\/wp\/v2\/users\/4"}],"version-history":[{"count":2,"href":"https:\/\/powiatlwowecki.pl\/plci_json_endpoint\/wp\/v2\/tribe_events\/12704\/revisions"}],"predecessor-version":[{"id":12720,"href":"https:\/\/powiatlwowecki.pl\/plci_json_endpoint\/wp\/v2\/tribe_events\/12704\/revisions\/12720"}],"wp:featuredmedia":[{"embeddable":true,"href":"https:\/\/powiatlwowecki.pl\/plci_json_endpoint\/wp\/v2\/media\/12683"}],"wp:attachment":[{"href":"https:\/\/powiatlwowecki.pl\/plci_json_endpoint\/wp\/v2\/media?parent=12704"}],"wp:term":[{"taxonomy":"post_tag","embeddable":true,"href":"https:\/\/powiatlwowecki.pl\/plci_json_endpoint\/wp\/v2\/tags?post=12704"},{"taxonomy":"tribe_events_cat","embeddable":true,"href":"https:\/\/powiatlwowecki.pl\/plci_json_endpoint\/wp\/v2\/tribe_events_cat?post=12704"}],"curies":[{"name":"wp","href":"https:\/\/api.w.org\/{rel}","templated":true}]}}