{"id":9884,"date":"2025-05-19T14:28:06","date_gmt":"2025-05-19T12:28:06","guid":{"rendered":"https:\/\/powiatlwowecki.pl\/?page_id=9884"},"modified":"2025-05-19T14:59:04","modified_gmt":"2025-05-19T12:59:04","slug":"pzoon-swiadczenie-wspierajace","status":"publish","type":"page","link":"https:\/\/powiatlwowecki.pl\/pzoon-swiadczenie-wspierajace\/","title":{"rendered":"pzoon \u015bwiadczenie wspieraj\u0105ce"},"content":{"rendered":"<div class=\"fusion-fullwidth fullwidth-box fusion-builder-row-1 fusion-flex-container nonhundred-percent-fullwidth non-hundred-percent-height-scrolling\" style=\"--awb-border-radius-top-left:0px;--awb-border-radius-top-right:0px;--awb-border-radius-bottom-right:0px;--awb-border-radius-bottom-left:0px;--awb-flex-wrap:wrap;\" ><div class=\"fusion-builder-row fusion-row fusion-flex-align-items-flex-start fusion-flex-content-wrap\" style=\"max-width:1248px;margin-left: calc(-4% \/ 2 );margin-right: calc(-4% \/ 2 );\"><div class=\"fusion-layout-column fusion_builder_column fusion-builder-column-0 fusion_builder_column_3_4 3_4 fusion-flex-column\" style=\"--awb-bg-size:cover;--awb-width-large:75%;--awb-margin-top-large:0px;--awb-spacing-right-large:2.56%;--awb-margin-bottom-large:20px;--awb-spacing-left-large:2.56%;--awb-width-medium:100%;--awb-order-medium:0;--awb-spacing-right-medium:1.92%;--awb-spacing-left-medium:1.92%;--awb-width-small:100%;--awb-order-small:0;--awb-spacing-right-small:1.92%;--awb-spacing-left-small:1.92%;\"><div class=\"fusion-column-wrapper fusion-column-has-shadow fusion-flex-justify-content-flex-start fusion-content-layout-column\"><div class=\"fusion-text fusion-text-1\"><p>\u015awiadczenie wspieraj\u0105ce to nowa forma pomocy finansowej w Polsce, wprowadzona z my\u015bl\u0105 o doros\u0142ych osobach z niepe\u0142nosprawno\u015bciami, maj\u0105ca na celu pokrycie cz\u0119\u015bci wydatk\u00f3w zwi\u0105zanych z ich szczeg\u00f3lnymi potrzebami \u017cyciowymi.<\/p>\n<p>Przys\u0142uguje osobom, kt\u00f3re uko\u0144czy\u0142y 18 lat, posiadaj\u0105 decyzj\u0119 ustalaj\u0105c\u0105 poziom potrzeby wsparcia wydan\u0105 przez Wojew\u00f3dzki Zesp\u00f3\u0142 do Spraw Orzekania o Niepe\u0142nosprawno\u015bci (WZON) na poziomie od 70 do 100 punkt\u00f3w. Dodatkowo, osoby te musz\u0105 by\u0107 obywatelami Polski lub Unii Europejskiej\/EFTA (z pewnymi wyj\u0105tkami dotycz\u0105cymi legalnego pobytu i dost\u0119pu do rynku pracy) oraz mieszka\u0107 w Polsce.<\/p>\n<p>Okre\u015blenie, w jakim stopniu osoba pe\u0142noletnia z niepe\u0142nosprawno\u015bci\u0105 potrzebuje pomocy innej osoby w wykonywaniu codziennych czynno\u015bci. Jest to podstawa do przyznania \u015bwiadczenia wspieraj\u0105cego, kt\u00f3re ma na celu cz\u0119\u015bciowe pokrycie wydatk\u00f3w zwi\u0105zanych z zaspokojeniem szczeg\u00f3lnych potrzeb \u017cyciowych.<\/p>\n<p>Poziom oceny potrzeby wsparcia jest ustalany przez Wojew\u00f3dzkie Zespo\u0142y do Spraw Orzekania o Niepe\u0142nosprawno\u015bci (WZON) na wniosek osoby zainteresowanej. Ocena dokonywana jest na podstawie obserwacji, wywiadu bezpo\u015bredniego oraz oceny funkcjonowania osoby z wykorzystaniem specjalnego formularza i kwestionariusza samooceny.<\/p>\n<p>Potrzeba wsparcia jest wyra\u017cana w punktach, w skali od 0 do 100. Im wy\u017cszy wynik punktowy, tym wy\u017cszy poziom potrzeby wsparcia.<\/p>\n<p>W 2025 roku o \u015bwiadczenie mog\u0105 ubiega\u0107 si\u0119 osoby z poziomem potrzeby wsparcia od 78 do 86 punkt\u00f3w. Od 2026 roku pr\u00f3g ten zostanie obni\u017cony do 70 punkt\u00f3w.<\/p>\n<p>Podsumowuj\u0105c, poziom potrzeby wsparcia to system punktowej oceny samodzielno\u015bci osoby z niepe\u0142nosprawno\u015bci\u0105 w codziennym funkcjonowaniu, kt\u00f3ry decyduje o mo\u017cliwo\u015bci uzyskania \u015bwiadczenia wspieraj\u0105cego. Nie jest to to\u017csame z orzeczeniem o stopniu niepe\u0142nosprawno\u015bci, cho\u0107 te dwa systemy mog\u0105 wsp\u00f3\u0142istnie\u0107. Orzeczenie o stopniu niepe\u0142nosprawno\u015bci nadal uprawnia do innych form wsparcia i ulg.<\/p>\n<p><em>\u00a0<\/em><\/p>\n<p><strong>Wnioski o wydanie decyzji ustalaj\u0105cej poziom potrzeby wsparcia\u00a0 mo\u017cna sk\u0142ada\u0107 od 1\u00a0stycznia 2024 r. w Wojew\u00f3dzkim Zespole ds. Orzekania o Niepe\u0142nosprawno\u015bci (WZON) w\u0142a\u015bciwym ze wzgl\u0119du na miejsce sta\u0142ego pobytu.\u00a0<\/strong><\/p>\n<p>Wniosek mo\u017cna r\u00f3wnie\u017c z\u0142o\u017cy\u0107 za po\u015brednictwem Powiatowego Zespo\u0142u ds. Orzekania o\u00a0Niepe\u0142nosprawno\u015bci, kt\u00f3ry ma 7 dni na przekazanie wniosku do WZON.<\/p>\n<p>Wz\u00f3r wniosku o wydanie decyzji uwzgl\u0119dnia, m.in. dane osoby wnioskuj\u0105cej lub jego przedstawiciela ustawowego, np. adres zameldowania, zamieszkania je\u015bli jest inny, nazw\u0119 organu wydaj\u0105cego orzeczenie i jego termin.<\/p>\n<p>Do wniosku nale\u017cy do\u0142\u0105czy\u0107 za\u0142\u0105czniki: kwestionariusz samooceny trudno\u015bci w\u00a0zakresie wykonywania czynno\u015bci zwi\u0105zanych z funkcjonowaniem; kopi\u0119 orzeczenia; dokument potwierdzaj\u0105cy status opiekuna prawnego, kuratora osoby z\u00a0niepe\u0142nosprawno\u015bci\u0105 albo osoby reprezentuj\u0105cej o\u015brodek pomocy spo\u0142ecznej lub centrum us\u0142ug spo\u0142ecznych \u2013 je\u017celi dotyczy; upowa\u017cnienie do reprezentowania pe\u0142noletniej osoby z niepe\u0142nosprawno\u015bci\u0105 \u2013 je\u017celi dotyczy<\/p>\n<p><em>\u00a0<\/em><\/p>\n<p>Formularz wniosku o wydanie decyzji ustalaj\u0105cej poziom potrzeby wsparcia wraz z kwestionariuszem dost\u0119pny jest:<\/p>\n<ul>\n<li>w siedzibie Zespo\u0142u,<\/li>\n<li>na stronie internetowej Powiatu Lw\u00f3weckiego: <a href=\"www.powiatlwowecki.pl\">powiatlwowecki.pl<\/a>, zak\u0142adka: Urz\u0105d, zak\u0142adka: Powiatowy Zesp\u00f3\u0142 ds. Orzekania o Niepe\u0142nosprawno\u015bci, zak\u0142adka:\u00a0 Pliki do pobrania;<\/li>\n<\/ul>\n<p><a href=\"https:\/\/powiatlwowecki.pl\/wydzialy\/powiatowy-zespol-ds-orzekania-o-niepelnosprawnosci\/\">https:\/\/powiatlwowecki.pl\/wydzialy\/powiatowy-zespol-ds-orzekania-o-niepelnosprawnosci\/<\/a><\/p>\n<p><strong>Wojew\u00f3dzki Zesp\u00f3\u0142 ds. Orzekania o Niepe\u0142nosprawno\u015bci<\/strong><\/p>\n<p><strong>Plac Powsta\u0144c\u00f3w Warszawy 1<\/strong><\/p>\n<p><strong>50-153 Wroc\u0142aw<\/strong><\/p>\n<p>Numery telefonu w sprawie ustalenia poziomu potrzeby wsparcia<\/p>\n<p>71\/340-68-06<\/p>\n<p>71\/340-67-71<\/p>\n<p>71\/340-67-65<\/p>\n<p>71\/340-67-40<\/p>\n<p>Adres mailowy, pod kt\u00f3ry mo\u017cna kierowa\u0107 wszelk\u0105 korespondencj\u0119 \u00a0dotycz\u0105c\u0105 ustalenia poziomu potrzeby wsparcia:<\/p>\n<p><a href=\"mailto:wsparcie.wzon@duw.pl\">wsparcie.wzon@duw.pl<\/a>.<\/p>\n<p>Po otrzymaniu decyzji ustalaj\u0105cej poziom potrzeby wsparcia,\u00a0mo\u017cna z\u0142o\u017cy\u0107 wniosek do ZUS o wyp\u0142at\u0119 \u015bwiadczenia wspieraj\u0105cego.\u00a0Decyzja ta musi by\u0107 ostateczna.<\/p>\n<p>Wniosek do ZUS nale\u017cy z\u0142o\u017cy\u0107 w ci\u0105gu 3 miesi\u0119cy od daty, w kt\u00f3rej decyzja sta\u0142a si\u0119 ostateczna.<\/p>\n<\/div><\/div><\/div><div class=\"fusion-layout-column fusion_builder_column fusion-builder-column-1 fusion_builder_column_1_4 1_4 fusion-flex-column\" style=\"--awb-bg-size:cover;--awb-width-large:25%;--awb-margin-top-large:0px;--awb-spacing-right-large:7.68%;--awb-margin-bottom-large:20px;--awb-spacing-left-large:7.68%;--awb-width-medium:100%;--awb-order-medium:0;--awb-spacing-right-medium:1.92%;--awb-spacing-left-medium:1.92%;--awb-width-small:100%;--awb-order-small:0;--awb-spacing-right-small:1.92%;--awb-spacing-left-small:1.92%;\"><div class=\"fusion-column-wrapper fusion-column-has-shadow fusion-flex-justify-content-flex-start fusion-content-layout-column\"><div class=\"fusion-content-boxes content-boxes columns row fusion-columns-1 fusion-columns-total-7 fusion-content-boxes-1 content-boxes-icon-with-title content-left\" style=\"--awb-hover-accent-color:#f44336;--awb-circle-hover-accent-color:#f44336;--awb-item-margin-bottom:40px;\" data-animationOffset=\"top-into-view\"><div style=\"--awb-backgroundcolor:rgba(255,193,7,0.72);\" class=\"fusion-column content-box-column content-box-column content-box-column-1 col-lg-12 col-md-12 col-sm-12 fusion-content-box-hover content-box-column-last-in-row\"><div class=\"col content-box-wrapper content-wrapper-background link-area-link-icon link-type-text content-icon-wrapper-yes icon-hover-animation-slide\" data-animationOffset=\"top-into-view\"><div class=\"heading icon-left\"><a class=\"heading-link\" style=\"float:left;\" href=\"https:\/\/powiatlwowecki.pl\/powiatowy-zespol-ds-orzekania-o-niepelnosprawnosci\/\" target=\"_self\"><h2 class=\"content-box-heading\" style=\"--h2_typography-font-size:15px;line-height:20px;\">Strona g\u0142\u00f3wna<\/h2><\/a><\/div><\/div><\/div><div style=\"--awb-backgroundcolor:rgba(255,193,7,0.72);\" class=\"fusion-column content-box-column content-box-column content-box-column-2 col-lg-12 col-md-12 col-sm-12 fusion-content-box-hover content-box-column-last-in-row\"><div class=\"col content-box-wrapper content-wrapper-background link-area-link-icon link-type-text content-icon-wrapper-yes icon-hover-animation-slide\" data-animationOffset=\"top-into-view\"><div class=\"heading icon-left\"><a class=\"heading-link\" style=\"float:left;\" href=\"https:\/\/powiatlwowecki.pl\/pzoon-procedura-wydania-orzeczenia\/\" target=\"_self\"><h2 class=\"content-box-heading\" style=\"--h2_typography-font-size:15px;line-height:20px;\">Procedura wydania orzeczenia<\/h2><\/a><\/div><\/div><\/div><div style=\"--awb-backgroundcolor:rgba(255,193,7,0.72);\" class=\"fusion-column content-box-column content-box-column content-box-column-3 col-lg-12 col-md-12 col-sm-12 fusion-content-box-hover content-box-column-last-in-row\"><div class=\"col content-box-wrapper content-wrapper-background link-area-link-icon link-type-text content-icon-wrapper-yes icon-hover-animation-slide\" data-animationOffset=\"top-into-view\"><div class=\"heading icon-left\"><a class=\"heading-link\" style=\"float:left;\" href=\"https:\/\/powiatlwowecki.pl\/pzoon-procedura-odwolawcza\/\" target=\"_self\"><h2 class=\"content-box-heading\" style=\"--h2_typography-font-size:15px;line-height:20px;\">Procedura odwo\u0142awcza<\/h2><\/a><\/div><\/div><\/div><div style=\"--awb-backgroundcolor:rgba(255,193,7,0.72);\" class=\"fusion-column content-box-column content-box-column content-box-column-4 col-lg-12 col-md-12 col-sm-12 fusion-content-box-hover content-box-column-last-in-row\"><div class=\"col content-box-wrapper content-wrapper-background link-area-link-icon link-type-text content-icon-wrapper-yes icon-hover-animation-slide\" data-animationOffset=\"top-into-view\"><div class=\"heading icon-left\"><a class=\"heading-link\" style=\"float:left;\" href=\"https:\/\/powiatlwowecki.pl\/pzoon-legitymacje\/\" target=\"_self\"><h2 class=\"content-box-heading\" style=\"--h2_typography-font-size:15px;line-height:20px;\">Legitymacje<\/h2><\/a><\/div><\/div><\/div><div style=\"--awb-backgroundcolor:rgba(255,193,7,0.72);\" class=\"fusion-column content-box-column content-box-column content-box-column-5 col-lg-12 col-md-12 col-sm-12 fusion-content-box-hover content-box-column-last-in-row\"><div class=\"col content-box-wrapper content-wrapper-background link-area-link-icon link-type-text content-icon-wrapper-yes icon-hover-animation-slide\" data-animationOffset=\"top-into-view\"><div class=\"heading icon-left\"><a class=\"heading-link\" style=\"float:left;\" href=\"https:\/\/powiatlwowecki.pl\/pzoon-karta-parkingowa\/\" target=\"_self\"><h2 class=\"content-box-heading\" style=\"--h2_typography-font-size:15px;line-height:20px;\">Karta parkingowa<\/h2><\/a><\/div><\/div><\/div><div style=\"--awb-backgroundcolor:rgba(255,193,7,0.72);\" class=\"fusion-column content-box-column content-box-column content-box-column-6 col-lg-12 col-md-12 col-sm-12 fusion-content-box-hover content-box-column-last-in-row\"><div class=\"col content-box-wrapper content-wrapper-background link-area-link-icon link-type-text content-icon-wrapper-yes icon-hover-animation-slide\" data-animationOffset=\"top-into-view\"><div class=\"heading icon-left\"><a class=\"heading-link\" style=\"float:left;\" href=\"https:\/\/powiatlwowecki.pl\/pzoon-swiadczenie-wspierajace\/\" target=\"_self\"><h2 class=\"content-box-heading\" style=\"--h2_typography-font-size:15px;line-height:20px;\">\u015awiadczenie wspieraj\u0105ce<\/h2><\/a><\/div><\/div><\/div><div style=\"--awb-backgroundcolor:rgba(255,193,7,0.72);\" class=\"fusion-column content-box-column content-box-column content-box-column-7 col-lg-12 col-md-12 col-sm-12 fusion-content-box-hover content-box-column-last content-box-column-last-in-row\"><div class=\"col content-box-wrapper content-wrapper-background link-area-link-icon link-type-text content-icon-wrapper-yes icon-hover-animation-slide\" data-animationOffset=\"top-into-view\"><div class=\"heading icon-left\"><a class=\"heading-link\" style=\"float:left;\" href=\"https:\/\/powiatlwowecki.pl\/pzoon-kontakt\/\" target=\"_self\"><h2 class=\"content-box-heading\" style=\"--h2_typography-font-size:15px;line-height:20px;\">Kontakt<\/h2><\/a><\/div><\/div><\/div><div class=\"fusion-clearfix\"><\/div><\/div><\/div><\/div><\/div><\/div>\n","protected":false},"excerpt":{"rendered":"","protected":false},"author":4,"featured_media":0,"parent":0,"menu_order":0,"comment_status":"closed","ping_status":"closed","template":"","meta":{"_acf_changed":false,"footnotes":""},"class_list":["post-9884","page","type-page","status-publish","hentry"],"acf":false,"_links":{"self":[{"href":"https:\/\/powiatlwowecki.pl\/plci_json_endpoint\/wp\/v2\/pages\/9884","targetHints":{"allow":["GET"]}}],"collection":[{"href":"https:\/\/powiatlwowecki.pl\/plci_json_endpoint\/wp\/v2\/pages"}],"about":[{"href":"https:\/\/powiatlwowecki.pl\/plci_json_endpoint\/wp\/v2\/types\/page"}],"author":[{"embeddable":true,"href":"https:\/\/powiatlwowecki.pl\/plci_json_endpoint\/wp\/v2\/users\/4"}],"replies":[{"embeddable":true,"href":"https:\/\/powiatlwowecki.pl\/plci_json_endpoint\/wp\/v2\/comments?post=9884"}],"version-history":[{"count":3,"href":"https:\/\/powiatlwowecki.pl\/plci_json_endpoint\/wp\/v2\/pages\/9884\/revisions"}],"predecessor-version":[{"id":9908,"href":"https:\/\/powiatlwowecki.pl\/plci_json_endpoint\/wp\/v2\/pages\/9884\/revisions\/9908"}],"wp:attachment":[{"href":"https:\/\/powiatlwowecki.pl\/plci_json_endpoint\/wp\/v2\/media?parent=9884"}],"curies":[{"name":"wp","href":"https:\/\/api.w.org\/{rel}","templated":true}]}}