{"id":9871,"date":"2025-05-19T13:59:18","date_gmt":"2025-05-19T11:59:18","guid":{"rendered":"https:\/\/powiatlwowecki.pl\/?page_id=9871"},"modified":"2025-06-27T08:30:42","modified_gmt":"2025-06-27T06:30:42","slug":"pzoon-procedura-wydania-orzeczenia","status":"publish","type":"page","link":"https:\/\/powiatlwowecki.pl\/pzoon-procedura-wydania-orzeczenia\/","title":{"rendered":"pzoon procedura wydania orzeczenia"},"content":{"rendered":"<div class=\"fusion-fullwidth fullwidth-box fusion-builder-row-1 fusion-flex-container nonhundred-percent-fullwidth non-hundred-percent-height-scrolling\" style=\"--awb-border-radius-top-left:0px;--awb-border-radius-top-right:0px;--awb-border-radius-bottom-right:0px;--awb-border-radius-bottom-left:0px;--awb-flex-wrap:wrap;\" ><div class=\"fusion-builder-row fusion-row fusion-flex-align-items-flex-start fusion-flex-content-wrap\" style=\"max-width:1248px;margin-left: calc(-4% \/ 2 );margin-right: calc(-4% \/ 2 );\"><div class=\"fusion-layout-column fusion_builder_column fusion-builder-column-0 fusion_builder_column_3_4 3_4 fusion-flex-column\" style=\"--awb-bg-size:cover;--awb-width-large:75%;--awb-margin-top-large:0px;--awb-spacing-right-large:2.56%;--awb-margin-bottom-large:20px;--awb-spacing-left-large:2.56%;--awb-width-medium:100%;--awb-order-medium:0;--awb-spacing-right-medium:1.92%;--awb-spacing-left-medium:1.92%;--awb-width-small:100%;--awb-order-small:0;--awb-spacing-right-small:1.92%;--awb-spacing-left-small:1.92%;\"><div class=\"fusion-column-wrapper fusion-column-has-shadow fusion-flex-justify-content-flex-start fusion-content-layout-column\"><div class=\"fusion-text fusion-text-1\"><p><strong>Procedura ubiegania si\u0119 o orzeczenie o niepe\u0142nosprawno\u015bci lub stopniu niepe\u0142nosprawno\u015bci:<\/strong><\/p>\n<ol>\n<li>pobranie druku wniosku i druku za\u015bwiadczenia lekarskiego z Zespo\u0142u (druki dost\u0119pne s\u0105 r\u00f3wnie\u017c w O\u015brodkach Pomocy Spo\u0142ecznej na terenie powiatu);<\/li>\n<li>wype\u0142nienie wniosku przez osob\u0119 zainteresowan\u0105 lub prawnego opiekuna;<\/li>\n<li>wype\u0142nienie przez lekarza\u00a0<strong>za\u015bwiadczenia lekarskiego<\/strong> stanowi\u0105cego za\u0142\u0105cznik do wniosku. Za\u015bwiadczenie jest wa\u017cne przez 3 miesi\u0105ce od dnia wystawienia do dnia z\u0142o\u017cenia wniosku w Zespole.<\/li>\n<li><strong>WA\u017bNE!<\/strong>\u00a0Do wniosku nale\u017cy do\u0142\u0105czy\u0107\u00a0<strong>dokumentacj\u0119 medyczn\u0105 potwierdzaj\u0105c\u0105 naruszenie sprawno\u015bci organizmu<\/strong>, np. karty leczenia szpitalnego, konsultacje specjalistyczne, opisy zdj\u0119\u0107 rtg; opinie z poradni specjalistycznych, wyniki bada\u0144\n<ul>\n<li>a) w przypadku wysy\u0142ania wniosku poczt\u0105 \u2013 kserokopie potwierdzone za zgodno\u015b\u0107 z orygina\u0142em.<\/li>\n<li>b) w przypadku sk\u0142adania wniosku w siedzibie Zespo\u0142u, kserokopie dokument\u00f3w oryginalnych potwierdzane s\u0105 przez Zesp\u00f3\u0142.<\/li>\n<\/ul>\n<\/li>\n<li>z\u0142o\u017cenie\u00a0<strong>kompletnego<\/strong>\u00a0wniosku w Zespole;<\/li>\n<li>po otrzymaniu pisemnego zawiadomienia o terminie posiedzenia Sk\u0142adu Orzekaj\u0105cego nale\u017cy stawi\u0107 si\u0119 z dokumentem to\u017csamo\u015bci na posiedzenie sk\u0142adu orzekaj\u0105cego;<\/li>\n<li>w terminie 14 dni od dnia posiedzenia Komisji Zesp\u00f3\u0142 wydaje orzeczenie o niepe\u0142nosprawno\u015bci lub stopniu niepe\u0142nosprawno\u015bci.<\/li>\n<\/ol>\n<p><strong>I. Wniosek<\/strong><\/p>\n<p>Wniosek o wydanie orzeczenia o niepe\u0142nosprawno\u015bci lub stopniu niepe\u0142nosprawno\u015bci nale\u017cy z\u0142o\u017cy\u0107 w Powiatowym Zespole do Spraw Orzekania o Niepe\u0142nosprawno\u015bci (PZON) w\u0142a\u015bciwym dla miejsca sta\u0142ego zameldowania.<\/p>\n<hr \/>\n<p><strong> II. Za\u015bwiadczenie<\/strong><\/p>\n<p>Za\u015bwiadczenie lekarskie o stanie zdrowia wype\u0142nione przez lekarza rodzinnego lub \u00a0prowadz\u0105cego leczenie. Wa\u017cne jest, aby za\u015bwiadczenie by\u0142o aktualne (nie starsze ni\u017c 3 miesi\u0105ce od daty wystawienia w momencie sk\u0142adania wniosku).<\/p>\n<ul>\n<li>formularze wniosk\u00f3w i za\u015bwiadczenia dost\u0119pne s\u0105:<\/li>\n<li>w siedzibie Zespo\u0142u,<\/li>\n<li>na stronie internetowej Powiatu Lw\u00f3weckiego: <a href=\"www.powiatlwowecki.pl\">powiatlwowecki.pl<\/a>, zak\u0142adka: Urz\u0105d, zak\u0142adka: Powiatowy Zesp\u00f3\u0142 ds. Orzekania o Niepe\u0142nosprawno\u015bci, zak\u0142adka: \u00a0Pliki do pobrania; \u00a0https:\/\/powiatlwowecki.pl\/wydzialy\/powiatowy-zespol-ds-orzekania-o-niepelnosprawnosci\/<\/li>\n<\/ul>\n<hr \/>\n<p><strong>III. Dokumentacja medyczna<\/strong><\/p>\n<p>Dokumentacja medyczna potwierdzaj\u0105ca naruszenie sprawno\u015bci organizmu, np. karty leczenia szpitalnego, konsultacje specjalistyczne, historie leczenia z poradni specjalistycznych, opisy zdj\u0119\u0107 rtg,\u00a0 wyniki bada\u0144, itp.<\/p>\n<ol>\n<li>w przypadku wysy\u0142ania wniosku poczt\u0105 &#8211;\u00a0 kserokopie potwierdzone za zgodno\u015b\u0107 z orygina\u0142em<\/li>\n<li>w przypadku sk\u0142adania wniosku w siedzibie Zespo\u0142u, kserokopie dokument\u00f3w oryginalnych potwierdzane s\u0105 przez Zesp\u00f3\u0142.<\/li>\n<\/ol>\n<hr \/>\n<p><strong>IV. Rozpatrzenie wniosku przez Zesp\u00f3\u0142<\/strong><\/p>\n<p>Po z\u0142o\u017ceniu kompletnego wniosku i za\u0142\u0105cznik\u00f3w, osoba zainteresowana zawiadamiana jest pisemnie o terminie posiedzenia sk\u0142adu orzekaj\u0105cego. Podczas posiedzenia sk\u0142ad orzekaj\u0105cy (w sk\u0142ad kt\u00f3rego mog\u0105 wchodzi\u0107 m.in. lekarz, psycholog, pedagog, pracownik socjalny, doradca zawodowy) przeprowadzane jest badanie stanu zdrowia osoby Zainteresowanej oraz oceniana jest Jej sytuacj\u0119 spo\u0142eczna i zawodowa.<\/p>\n<hr \/>\n<p><strong> V.Wydanie orzeczenia<\/strong><\/p>\n<p>Zesp\u00f3\u0142 wydaje orzeczenie:<\/p>\n<ul>\n<li>o stopniu niepe\u0142nosprawno\u015bci osoby, kt\u00f3re uko\u0144czy\u0142y 18 rok \u017cycia,<\/li>\n<li>o stopniu niepe\u0142nosprawno\u015bci osoby, mi\u0119dzy 16-18 rokiem \u017cycia oraz os\u00f3b ubezw\u0142asnowolnionych,<\/li>\n<li>o niepe\u0142nosprawno\u015bci os\u00f3b, kt\u00f3re nie uko\u0144czy\u0142y 16 lat,<\/li>\n<li>o wskazaniach do ulg i uprawnie\u0144<\/li>\n<\/ul>\n<hr \/>\n<p><strong>VI. Stopnie niepe\u0142nosprawno\u015bci:<\/strong><\/p>\n<ul>\n<li>znaczny<\/li>\n<li>umiarkowany<\/li>\n<li>lekki<\/li>\n<\/ul>\n<hr \/>\n<p><strong><em>Znaczny<\/em><\/strong><em> stopie\u0144 niepe\u0142nosprawno\u015bci.<\/em><\/p>\n<p>Do znacznego stopnia niepe\u0142nosprawno\u015bci zalicza si\u0119 osob\u0119 z naruszon\u0105 sprawno\u015bci\u0105 organizmu, niezdoln\u0105 do pracy albo zdoln\u0105 do pracy jedynie w warunkach pracy chronionej i wymagaj\u0105c\u0105, w celu pe\u0142nienia r\u00f3l spo\u0142ecznych, sta\u0142ej lub d\u0142ugotrwa\u0142ej opieki i pomocy innych os\u00f3b w zwi\u0105zku z niezdolno\u015bci\u0105 do samodzielnej egzystencji.<\/p>\n<hr \/>\n<p><strong><em>Umiarkowany<\/em><\/strong><em> stopie\u0144 niepe\u0142nosprawno\u015bci.<\/em><\/p>\n<p>Do umiarkowanego stopnia niepe\u0142nosprawno\u015bci zalicza si\u0119 osob\u0119 z naruszon\u0105 sprawno\u015bci\u0105 organizmu, niezdoln\u0105 do pracy albo zdoln\u0105 do pracy jedynie w warunkach pracy chronionej lub wymagaj\u0105c\u0105 czasowej albo cz\u0119\u015bciowej pomocy innych os\u00f3b w celu pe\u0142nienia r\u00f3l spo\u0142ecznych.<\/p>\n<hr \/>\n<p><strong><em>Lekki<\/em><\/strong><em> stopie\u0144 niepe\u0142nosprawno\u015bci.<\/em><\/p>\n<p>Do lekkiego stopnia niepe\u0142nosprawno\u015bci zalicza si\u0119 osob\u0119 o naruszonej sprawno\u015bci organizmu, powoduj\u0105cej w spos\u00f3b istotny obni\u017cenie zdolno\u015bci do wykonywania pracy, w por\u00f3wnaniu do zdolno\u015bci, jak\u0105 wykazuje osoba o podobnych kwalifikacjach zawodowych z pe\u0142n\u0105 sprawno\u015bci\u0105 psychiczn\u0105 i fizyczn\u0105, lub maj\u0105ca ograniczenia w pe\u0142nieniu r\u00f3l spo\u0142ecznych daj\u0105ce si\u0119 kompensowa\u0107 przy pomocy wyposa\u017cenia w przedmioty ortopedyczne, \u015brodki pomocnicze lub \u015brodki techniczne.<\/p>\n<hr \/>\n<p><strong>VII.\u00a0\u00a0Symbole przyczyny niepe\u0142nosprawno\u015bci.<\/strong><\/p>\n<p>Symbol przyczyny niepe\u0142nosprawno\u015bci zawarty w orzeczeniu o\u00a0niepe\u0142nosprawno\u015bci, stopniu niepe\u0142nosprawno\u015bci lub wskazaniach do ulg i uprawnie\u0144 odzwierciedla rozpoznanie choroby, kt\u00f3ra powoduje zaburzenia funkcji organizmu oraz ogranicza wykonywanie czynno\u015bci \u017cyciowych i aktywno\u015bci spo\u0142ecznej.<\/p>\n<p>Orzeczenie mo\u017ce zawiera\u0107 wi\u0119cej ni\u017c jeden, ale nie wi\u0119cej ni\u017c trzy symbole przyczyn niepe\u0142nosprawno\u015bci, kt\u00f3re wp\u0142ywaj\u0105 na zaburzenie funkcji organizmu.<\/p>\n<p>01-U &#8211; upo\u015bledzenia umys\u0142owe,<\/p>\n<p>02-P &#8211; choroby psychiczne,<\/p>\n<p>03-L &#8211; zaburzenia g\u0142osu, mowy i choroby s\u0142uchu,<\/p>\n<p>04-O &#8211; choroby narz\u0105du wzroku,<\/p>\n<p>05-R &#8211; upo\u015bledzenia narz\u0105du ruchu,<\/p>\n<p>06-E &#8211; epilepsja,<\/p>\n<p>07-S &#8211; choroby uk\u0142adu oddechowego i kr\u0105\u017cenia,<\/p>\n<p>08-T &#8211; choroby uk\u0142adu pokarmowego,<\/p>\n<p>09-M &#8211; choroby uk\u0142adu moczowo-p\u0142ciowego,<\/p>\n<p>10-N &#8211; choroby neurologiczne,<\/p>\n<p>11-I &#8211; inne, w tym schorzenia: endokrynologiczne, metaboliczne zaburzenia enzymatyczne, choroby zaka\u017ane i odzwierz\u0119ce, zeszpecenia, choroby uk\u0142adu krwiotw\u00f3rczego,<\/p>\n<p>12-C &#8211; ca\u0142o\u015bciowe zaburzenia rozwojowe.<\/p>\n<hr \/>\n<p><strong>VIII. Termin wydania orzeczenia <\/strong><\/p>\n<p>Orzeczenie o\u00a0niepe\u0142nosprawno\u015bci, stopniu niepe\u0142nosprawno\u015bci lub o\u00a0wskazaniach do ulg i\u00a0uprawnie\u0144 dor\u0119cza si\u0119 na pi\u015bmie osobom, nie p\u00f3\u017aniej ni\u017c w\u00a0terminie 14 dni od dnia posiedzenia w\u00a0sprawie wydania orzeczenia.<\/p>\n<\/div><\/div><\/div><div class=\"fusion-layout-column fusion_builder_column fusion-builder-column-1 fusion_builder_column_1_4 1_4 fusion-flex-column\" style=\"--awb-bg-size:cover;--awb-width-large:25%;--awb-margin-top-large:0px;--awb-spacing-right-large:7.68%;--awb-margin-bottom-large:20px;--awb-spacing-left-large:7.68%;--awb-width-medium:100%;--awb-order-medium:0;--awb-spacing-right-medium:1.92%;--awb-spacing-left-medium:1.92%;--awb-width-small:100%;--awb-order-small:0;--awb-spacing-right-small:1.92%;--awb-spacing-left-small:1.92%;\"><div class=\"fusion-column-wrapper fusion-column-has-shadow fusion-flex-justify-content-flex-start fusion-content-layout-column\"><div class=\"fusion-content-boxes content-boxes columns row fusion-columns-1 fusion-columns-total-7 fusion-content-boxes-1 content-boxes-icon-with-title content-left\" style=\"--awb-hover-accent-color:#f44336;--awb-circle-hover-accent-color:#f44336;--awb-item-margin-bottom:40px;\" data-animationOffset=\"top-into-view\"><div style=\"--awb-backgroundcolor:rgba(255,193,7,0.72);\" class=\"fusion-column content-box-column content-box-column content-box-column-1 col-lg-12 col-md-12 col-sm-12 fusion-content-box-hover content-box-column-last-in-row\"><div class=\"col content-box-wrapper content-wrapper-background link-area-link-icon link-type-text content-icon-wrapper-yes icon-hover-animation-slide\" data-animationOffset=\"top-into-view\"><div class=\"heading icon-left\"><a class=\"heading-link\" style=\"float:left;\" href=\"https:\/\/powiatlwowecki.pl\/powiatowy-zespol-ds-orzekania-o-niepelnosprawnosci\/\" target=\"_self\"><h2 class=\"content-box-heading\" style=\"--h2_typography-font-size:15px;line-height:20px;\">Strona g\u0142\u00f3wna<\/h2><\/a><\/div><\/div><\/div><div style=\"--awb-backgroundcolor:rgba(255,193,7,0.72);\" class=\"fusion-column content-box-column content-box-column content-box-column-2 col-lg-12 col-md-12 col-sm-12 fusion-content-box-hover content-box-column-last-in-row\"><div class=\"col content-box-wrapper content-wrapper-background link-area-link-icon link-type-text content-icon-wrapper-yes icon-hover-animation-slide\" data-animationOffset=\"top-into-view\"><div class=\"heading icon-left\"><a class=\"heading-link\" style=\"float:left;\" href=\"https:\/\/powiatlwowecki.pl\/pzoon-procedura-wydania-orzeczenia\/\" target=\"_self\"><h2 class=\"content-box-heading\" style=\"--h2_typography-font-size:15px;line-height:20px;\">Procedura wydania orzeczenia<\/h2><\/a><\/div><\/div><\/div><div style=\"--awb-backgroundcolor:rgba(255,193,7,0.72);\" class=\"fusion-column content-box-column content-box-column content-box-column-3 col-lg-12 col-md-12 col-sm-12 fusion-content-box-hover content-box-column-last-in-row\"><div class=\"col content-box-wrapper content-wrapper-background link-area-link-icon link-type-text content-icon-wrapper-yes icon-hover-animation-slide\" data-animationOffset=\"top-into-view\"><div class=\"heading icon-left\"><a class=\"heading-link\" style=\"float:left;\" href=\"https:\/\/powiatlwowecki.pl\/pzoon-procedura-odwolawcza\/\" target=\"_self\"><h2 class=\"content-box-heading\" style=\"--h2_typography-font-size:15px;line-height:20px;\">Procedura odwo\u0142awcza<\/h2><\/a><\/div><\/div><\/div><div style=\"--awb-backgroundcolor:rgba(255,193,7,0.72);\" class=\"fusion-column content-box-column content-box-column content-box-column-4 col-lg-12 col-md-12 col-sm-12 fusion-content-box-hover content-box-column-last-in-row\"><div class=\"col content-box-wrapper content-wrapper-background link-area-link-icon link-type-text content-icon-wrapper-yes icon-hover-animation-slide\" data-animationOffset=\"top-into-view\"><div class=\"heading icon-left\"><a class=\"heading-link\" style=\"float:left;\" href=\"https:\/\/powiatlwowecki.pl\/pzoon-legitymacje\/\" target=\"_self\"><h2 class=\"content-box-heading\" style=\"--h2_typography-font-size:15px;line-height:20px;\">Legitymacje<\/h2><\/a><\/div><\/div><\/div><div style=\"--awb-backgroundcolor:rgba(255,193,7,0.72);\" class=\"fusion-column content-box-column content-box-column content-box-column-5 col-lg-12 col-md-12 col-sm-12 fusion-content-box-hover content-box-column-last-in-row\"><div class=\"col content-box-wrapper content-wrapper-background link-area-link-icon link-type-text content-icon-wrapper-yes icon-hover-animation-slide\" data-animationOffset=\"top-into-view\"><div class=\"heading icon-left\"><a class=\"heading-link\" style=\"float:left;\" href=\"https:\/\/powiatlwowecki.pl\/pzoon-karta-parkingowa\/\" target=\"_self\"><h2 class=\"content-box-heading\" style=\"--h2_typography-font-size:15px;line-height:20px;\">Karta parkingowa<\/h2><\/a><\/div><\/div><\/div><div style=\"--awb-backgroundcolor:rgba(255,193,7,0.72);\" class=\"fusion-column content-box-column content-box-column content-box-column-6 col-lg-12 col-md-12 col-sm-12 fusion-content-box-hover content-box-column-last-in-row\"><div class=\"col content-box-wrapper content-wrapper-background link-area-link-icon link-type-text content-icon-wrapper-yes icon-hover-animation-slide\" data-animationOffset=\"top-into-view\"><div class=\"heading icon-left\"><a class=\"heading-link\" style=\"float:left;\" href=\"https:\/\/powiatlwowecki.pl\/pzoon-swiadczenie-wspierajace\/\" target=\"_self\"><h2 class=\"content-box-heading\" style=\"--h2_typography-font-size:15px;line-height:20px;\">\u015awiadczenie wspieraj\u0105ce<\/h2><\/a><\/div><\/div><\/div><div style=\"--awb-backgroundcolor:rgba(255,193,7,0.72);\" class=\"fusion-column content-box-column content-box-column content-box-column-7 col-lg-12 col-md-12 col-sm-12 fusion-content-box-hover content-box-column-last content-box-column-last-in-row\"><div class=\"col content-box-wrapper content-wrapper-background link-area-link-icon link-type-text content-icon-wrapper-yes icon-hover-animation-slide\" data-animationOffset=\"top-into-view\"><div class=\"heading icon-left\"><a class=\"heading-link\" style=\"float:left;\" href=\"https:\/\/powiatlwowecki.pl\/pzoon-kontakt\/\" target=\"_self\"><h2 class=\"content-box-heading\" style=\"--h2_typography-font-size:15px;line-height:20px;\">Kontakt<\/h2><\/a><\/div><\/div><\/div><div class=\"fusion-clearfix\"><\/div><\/div><\/div><\/div><\/div><\/div>\n","protected":false},"excerpt":{"rendered":"","protected":false},"author":4,"featured_media":0,"parent":0,"menu_order":0,"comment_status":"closed","ping_status":"closed","template":"","meta":{"_acf_changed":false,"footnotes":""},"class_list":["post-9871","page","type-page","status-publish","hentry"],"acf":false,"_links":{"self":[{"href":"https:\/\/powiatlwowecki.pl\/plci_json_endpoint\/wp\/v2\/pages\/9871","targetHints":{"allow":["GET"]}}],"collection":[{"href":"https:\/\/powiatlwowecki.pl\/plci_json_endpoint\/wp\/v2\/pages"}],"about":[{"href":"https:\/\/powiatlwowecki.pl\/plci_json_endpoint\/wp\/v2\/types\/page"}],"author":[{"embeddable":true,"href":"https:\/\/powiatlwowecki.pl\/plci_json_endpoint\/wp\/v2\/users\/4"}],"replies":[{"embeddable":true,"href":"https:\/\/powiatlwowecki.pl\/plci_json_endpoint\/wp\/v2\/comments?post=9871"}],"version-history":[{"count":4,"href":"https:\/\/powiatlwowecki.pl\/plci_json_endpoint\/wp\/v2\/pages\/9871\/revisions"}],"predecessor-version":[{"id":10282,"href":"https:\/\/powiatlwowecki.pl\/plci_json_endpoint\/wp\/v2\/pages\/9871\/revisions\/10282"}],"wp:attachment":[{"href":"https:\/\/powiatlwowecki.pl\/plci_json_endpoint\/wp\/v2\/media?parent=9871"}],"curies":[{"name":"wp","href":"https:\/\/api.w.org\/{rel}","templated":true}]}}