{"id":9622,"date":"2025-04-17T14:16:59","date_gmt":"2025-04-17T12:16:59","guid":{"rendered":"https:\/\/powiatlwowecki.pl\/?page_id=9622"},"modified":"2026-01-07T14:05:10","modified_gmt":"2026-01-07T13:05:10","slug":"9622-2","status":"publish","type":"page","link":"https:\/\/powiatlwowecki.pl\/9622-2\/","title":{"rendered":""},"content":{"rendered":"<p><div class=\"fusion-fullwidth fullwidth-box fusion-builder-row-1 fusion-flex-container has-pattern-background has-mask-background nonhundred-percent-fullwidth non-hundred-percent-height-scrolling\" style=\"--awb-border-radius-top-left:0px;--awb-border-radius-top-right:0px;--awb-border-radius-bottom-right:0px;--awb-border-radius-bottom-left:0px;--awb-flex-wrap:wrap;\" ><div class=\"fusion-builder-row fusion-row fusion-flex-align-items-flex-start fusion-flex-content-wrap\" style=\"max-width:1248px;margin-left: calc(-4% \/ 2 );margin-right: calc(-4% \/ 2 );\"><div class=\"fusion-layout-column fusion_builder_column fusion-builder-column-0 fusion_builder_column_1_2 1_2 fusion-flex-column\" style=\"--awb-bg-size:cover;--awb-width-large:50%;--awb-margin-top-large:0px;--awb-spacing-right-large:3.84%;--awb-margin-bottom-large:20px;--awb-spacing-left-large:3.84%;--awb-width-medium:100%;--awb-order-medium:0;--awb-spacing-right-medium:1.92%;--awb-spacing-left-medium:1.92%;--awb-width-small:100%;--awb-order-small:0;--awb-spacing-right-small:1.92%;--awb-spacing-left-small:1.92%;\"><div class=\"fusion-column-wrapper fusion-column-has-shadow fusion-flex-justify-content-flex-start fusion-content-layout-column\"><div class=\"fusion-text fusion-text-1\"><p><img decoding=\"async\" class=\"alignnone wp-image-4809\" src=\"https:\/\/powiatlwowecki.pl\/wp-content\/uploads\/2023\/09\/grafika-300x75.png\" alt=\"\" width=\"552\" height=\"138\" srcset=\"https:\/\/powiatlwowecki.pl\/wp-content\/uploads\/2023\/09\/grafika-24x6.png 24w, https:\/\/powiatlwowecki.pl\/wp-content\/uploads\/2023\/09\/grafika-36x9.png 36w, https:\/\/powiatlwowecki.pl\/wp-content\/uploads\/2023\/09\/grafika-48x12.png 48w, https:\/\/powiatlwowecki.pl\/wp-content\/uploads\/2023\/09\/grafika-200x50.png 200w, https:\/\/powiatlwowecki.pl\/wp-content\/uploads\/2023\/09\/grafika-300x75.png 300w, https:\/\/powiatlwowecki.pl\/wp-content\/uploads\/2023\/09\/grafika-400x100.png 400w, https:\/\/powiatlwowecki.pl\/wp-content\/uploads\/2023\/09\/grafika-600x150.png 600w, https:\/\/powiatlwowecki.pl\/wp-content\/uploads\/2023\/09\/grafika-768x192.png 768w, https:\/\/powiatlwowecki.pl\/wp-content\/uploads\/2023\/09\/grafika-800x200.png 800w, https:\/\/powiatlwowecki.pl\/wp-content\/uploads\/2023\/09\/grafika-1024x256.png 1024w, https:\/\/powiatlwowecki.pl\/wp-content\/uploads\/2023\/09\/grafika-1200x300.png 1200w, https:\/\/powiatlwowecki.pl\/wp-content\/uploads\/2023\/09\/grafika-1536x384.png 1536w\" sizes=\"(max-width: 552px) 100vw, 552px\" \/><\/p>\n<\/div><\/div><\/div><div class=\"fusion-layout-column fusion_builder_column fusion-builder-column-1 fusion_builder_column_1_2 1_2 fusion-flex-column\" style=\"--awb-bg-size:cover;--awb-width-large:50%;--awb-margin-top-large:0px;--awb-spacing-right-large:3.84%;--awb-margin-bottom-large:20px;--awb-spacing-left-large:3.84%;--awb-width-medium:100%;--awb-order-medium:0;--awb-spacing-right-medium:1.92%;--awb-spacing-left-medium:1.92%;--awb-width-small:100%;--awb-order-small:0;--awb-spacing-right-small:1.92%;--awb-spacing-left-small:1.92%;\"><div class=\"fusion-column-wrapper fusion-column-has-shadow fusion-flex-justify-content-flex-start fusion-content-layout-column\"><div class=\"fusion-text fusion-text-2\"><p><img decoding=\"async\" class=\"alignnone wp-image-6939\" src=\"https:\/\/powiatlwowecki.pl\/wp-content\/uploads\/2024\/04\/Interreg-Czechy-Polska-300x69.png\" alt=\"\" width=\"691\" height=\"159\" srcset=\"https:\/\/powiatlwowecki.pl\/wp-content\/uploads\/2024\/04\/Interreg-Czechy-Polska-24x6.png 24w, https:\/\/powiatlwowecki.pl\/wp-content\/uploads\/2024\/04\/Interreg-Czechy-Polska-36x8.png 36w, https:\/\/powiatlwowecki.pl\/wp-content\/uploads\/2024\/04\/Interreg-Czechy-Polska-48x11.png 48w, https:\/\/powiatlwowecki.pl\/wp-content\/uploads\/2024\/04\/Interreg-Czechy-Polska-200x46.png 200w, https:\/\/powiatlwowecki.pl\/wp-content\/uploads\/2024\/04\/Interreg-Czechy-Polska-300x69.png 300w, https:\/\/powiatlwowecki.pl\/wp-content\/uploads\/2024\/04\/Interreg-Czechy-Polska-400x92.png 400w, https:\/\/powiatlwowecki.pl\/wp-content\/uploads\/2024\/04\/Interreg-Czechy-Polska-600x139.png 600w, https:\/\/powiatlwowecki.pl\/wp-content\/uploads\/2024\/04\/Interreg-Czechy-Polska-768x177.png 768w, https:\/\/powiatlwowecki.pl\/wp-content\/uploads\/2024\/04\/Interreg-Czechy-Polska-800x185.png 800w, https:\/\/powiatlwowecki.pl\/wp-content\/uploads\/2024\/04\/Interreg-Czechy-Polska-1024x236.png 1024w, https:\/\/powiatlwowecki.pl\/wp-content\/uploads\/2024\/04\/Interreg-Czechy-Polska-1200x277.png 1200w, https:\/\/powiatlwowecki.pl\/wp-content\/uploads\/2024\/04\/Interreg-Czechy-Polska-1536x355.png 1536w\" sizes=\"(max-width: 691px) 100vw, 691px\" \/><\/p>\n<\/div><\/div><\/div><\/div><\/div><div class=\"fusion-fullwidth fullwidth-box fusion-builder-row-2 fusion-flex-container has-pattern-background has-mask-background nonhundred-percent-fullwidth non-hundred-percent-height-scrolling\" style=\"--awb-border-radius-top-left:0px;--awb-border-radius-top-right:0px;--awb-border-radius-bottom-right:0px;--awb-border-radius-bottom-left:0px;--awb-flex-wrap:wrap;\" ><div class=\"fusion-builder-row fusion-row fusion-flex-align-items-flex-start fusion-flex-content-wrap\" style=\"max-width:1248px;margin-left: calc(-4% \/ 2 );margin-right: calc(-4% \/ 2 );\"><div class=\"fusion-layout-column fusion_builder_column fusion-builder-column-2 fusion_builder_column_1_1 1_1 fusion-flex-column\" style=\"--awb-bg-size:cover;--awb-width-large:100%;--awb-margin-top-large:0px;--awb-spacing-right-large:1.92%;--awb-margin-bottom-large:20px;--awb-spacing-left-large:1.92%;--awb-width-medium:100%;--awb-order-medium:0;--awb-spacing-right-medium:1.92%;--awb-spacing-left-medium:1.92%;--awb-width-small:100%;--awb-order-small:0;--awb-spacing-right-small:1.92%;--awb-spacing-left-small:1.92%;\"><div class=\"fusion-column-wrapper fusion-column-has-shadow fusion-flex-justify-content-flex-start fusion-content-layout-column\"><div class=\"fusion-text fusion-text-3\"><p style=\"text-align: center;\"><strong>\u201e<\/strong><strong>Lvoveck\u00fd okres a<\/strong> <strong>M\u011bsto \u017dacl\u00e9\u0159\/ Powiat lw\u00f3wecki i Miasto \u017dacl\u00e9\u0159\u201c <\/strong><\/p>\n<p style=\"text-align: center;\"><strong>\u201e<\/strong><strong>Na kole \u010desko-polsk\u00fdm p\u0159\u00edhrani\u010d\u00edm \/ Rowerem przez czesko \u2013 polskie pogranicze<\/strong><strong>\u201c <\/strong><\/p>\n<p>Wydarzenia maj\u0105 charakter rekreacyjno \u2013 sportowy na polsko \u2013 czeskim pogranicza. Celem projektu jest \u00a0wzmocnienie wsp\u00f3\u0142pracy organizacji poprzez wsp\u00f3ln\u0105 organizacj\u0119 imprez sportowych. Ponadto dzi\u0119ki wzajemnym kontaktom, wsp\u00f3lnemu sp\u0119dzaniu czasu wolnego, zwi\u0119ksza si\u0119 wieloj\u0119zyczno\u015b\u0107 mieszka\u0144c\u00f3w euroregionu i prowadzi do przezwyci\u0119\u017cenia uprzedze\u0144 narodowo\u015bciowych. Wsp\u00f3lne rajdy rowerowe pozwol\u0105 na odnowienie kontakt\u00f3w i znajomo\u015bci ograniczonych przez pandemi\u0119 COVID oraz zwi\u0119ksz\u0105 wzajemne zaufanie .<\/p>\n<p><strong>Dzia\u0142ania Projektu<\/strong><\/p>\n<ol>\n<li>Rozpocz\u0119cie sezonu rowerowego w \u017dacl\u00e9\u0159u w maju 2025. Start przy muzeum w \u017dacl\u00e9\u0159u i meta w o\u015brodku narciarskim w Prkennym Dole. D\u0142ugo\u015b\u0107 trasy rajdu oko\u0142o 45 km. Wydarzenie rozpocznie si\u0119 o 10:00 i zako\u0144czy o 16:00 (6 godzin). Rajd rowerowy planowany jest na 250 rowerzyst\u00f3w, 80 Polak\u00f3w i 160 Czech\u00f3w.<\/li>\n<li>Rajd rowerowy \u201eSzlakiem ER-6\u201d w czerwcu 2025. Trasa rajdu rowerowego prowadzi mi\u0119dzynarodowym szlakiem rowerowym ER 6. Rajd rozpoczyna si\u0119 przy Muzeum Miejskim w \u017dacl\u00e9\u0159u godz. 10:00, a ko\u0144czy we Wleniu w powiecie lw\u00f3weckim. Trasa biegnie wzd\u0142u\u017c rzeki B\u00f3br. Wydarzenie rozpoczyna si\u0119 o godzinie 10:00 i ko\u0144czy o godzinie 18:00 (8 godzin). Rajd rowerowy planowany jest na 40 rowerzyst\u00f3w z Czech a 80 Polak\u00f3w.<\/li>\n<li>Zako\u0144czenie sezonu rowerowego z Powiatem Lw\u00f3weckim. Rajd b\u0119dzie sk\u0142ada\u0142 z 2 tur. W pierwszej kr\u00f3tszej ok. 30 km wezm\u0105 udzia\u0142 rodziny z dzie\u0107mi i osoby, kt\u00f3re mniej s\u0105 do\u015bwiadczone w je\u017adzie na rowerze, druga d\u0142u\u017csza ok. 60 km. Start rajdu w Parku Miejskim we Lw\u00f3wku \u015al\u0105skim a zako\u0144czenie przy boisku we Lw\u00f3wku \u015al\u0105skim. Start rajdu dla pierwszej tury godzina 11:00 a dla drugiej godzina 12:00 Zako\u0144czenie o godzinie 17:00 (6 godzin). Rajd jest planowany dla 200 uczestnik\u00f3w, 120 Polak\u00f3w i 80 Czech\u00f3w.<\/li>\n<\/ol>\n<ol start=\"4\">\n<li>Zako\u0144czenie sezonu rowerowego w \u017dacl\u00e9\u0159u w pa\u017adzierniku 2025. Start rajdu w miejscowo\u015bci Bobr, a meta w \u015bwietlicy przy placu zabaw w miejscowo\u015bci Bobr. D\u0142ugo\u015b\u0107 trasy wyniesie oko\u0142o 40 km i b\u0119dzie prowadzi\u0107 terenami gminy \u017dacl\u00e9\u0159. Wydarzenie rozpoczyna si\u0119 o godzinie 10:00 i ko\u0144czy o godzinie 16:00 (6 godzin). Rajd rowerowy planowany jest na 120 rowerzyst\u00f3w, 40 Polak\u00f3w i 80 Czech\u00f3w<\/li>\n<\/ol>\n<p><strong>Rezultaty projektu<\/strong><\/p>\n<p>Wzmocnienie wzajemnego zaufania i wsp\u00f3lnej to\u017csamo\u015bci mieszka\u0144c\u00f3w euroregionu, przezwyci\u0119\u017cenie uprzedze\u0144 narodowo\u015bciowych w\u015br\u00f3d mieszka\u0144c\u00f3w euroregionu. Ponadto Projekt pozytywnie wp\u0142ynie na zwi\u0119kszenie oferty wsp\u00f3lnych polsko-czeskich dzia\u0142a\u0144, wzmacnia wzajemne kontakty pomi\u0119dzy mieszka\u0144cami powiatu i miasta \u017baclerz. Projekt, wp\u0142ywa r\u00f3wnie\u017c na zacie\u015bnianie kontakt\u00f3w pomi\u0119dzy osobami zaanga\u017cowanymi w realizacj\u0119. Warto\u015bci\u0105 dodan\u0105 projektu b\u0119d\u0105 zawarte nowe znajomo\u015bci Polak\u00f3w i Czech\u00f3w. Trwa\u0142o\u015b\u0107 projektu to przede wszystkim nawi\u0105zane nowe znajomo\u015bci i wsp\u00f3lnie sp\u0119dzony czas, kt\u00f3ry pozwoli na poznanie czeskim uczestnikom kultury polskiego s\u0105siada. Dzia\u0142ania projektowe prze\u0142o\u017c\u0105 si\u0119 na dalsze kontakty pomi\u0119dzy Partnerami i uczestnikami, projekt b\u0119dzie mia\u0142 d\u0142ugofalowy wp\u0142yw na partner\u00f3w po obydwu stronach granicy oraz przyczyni si\u0119 do podniesienia jako\u015bci wsp\u00f3\u0142pracy na pograniczu, r\u00f3wnie\u017c przyczyni si\u0119 do nawi\u0105zania relacji mi\u0119dzy mieszka\u0144cami.<\/p>\n<\/div><\/div><\/div><div class=\"fusion-layout-column fusion_builder_column fusion-builder-column-3 fusion_builder_column_1_2 1_2 fusion-flex-column\" style=\"--awb-bg-size:cover;--awb-width-large:50%;--awb-margin-top-large:0px;--awb-spacing-right-large:3.84%;--awb-margin-bottom-large:20px;--awb-spacing-left-large:3.84%;--awb-width-medium:100%;--awb-order-medium:0;--awb-spacing-right-medium:1.92%;--awb-spacing-left-medium:1.92%;--awb-width-small:100%;--awb-order-small:0;--awb-spacing-right-small:1.92%;--awb-spacing-left-small:1.92%;\"><div class=\"fusion-column-wrapper fusion-column-has-shadow fusion-flex-justify-content-flex-start fusion-content-layout-column\"><div class=\"fusion-text fusion-text-4\"><p><img decoding=\"async\" class=\"alignnone wp-image-4809\" src=\"https:\/\/powiatlwowecki.pl\/wp-content\/uploads\/2023\/09\/grafika-300x75.png\" alt=\"\" width=\"552\" height=\"138\" srcset=\"https:\/\/powiatlwowecki.pl\/wp-content\/uploads\/2023\/09\/grafika-24x6.png 24w, https:\/\/powiatlwowecki.pl\/wp-content\/uploads\/2023\/09\/grafika-36x9.png 36w, https:\/\/powiatlwowecki.pl\/wp-content\/uploads\/2023\/09\/grafika-48x12.png 48w, https:\/\/powiatlwowecki.pl\/wp-content\/uploads\/2023\/09\/grafika-200x50.png 200w, https:\/\/powiatlwowecki.pl\/wp-content\/uploads\/2023\/09\/grafika-300x75.png 300w, https:\/\/powiatlwowecki.pl\/wp-content\/uploads\/2023\/09\/grafika-400x100.png 400w, https:\/\/powiatlwowecki.pl\/wp-content\/uploads\/2023\/09\/grafika-600x150.png 600w, https:\/\/powiatlwowecki.pl\/wp-content\/uploads\/2023\/09\/grafika-768x192.png 768w, https:\/\/powiatlwowecki.pl\/wp-content\/uploads\/2023\/09\/grafika-800x200.png 800w, https:\/\/powiatlwowecki.pl\/wp-content\/uploads\/2023\/09\/grafika-1024x256.png 1024w, https:\/\/powiatlwowecki.pl\/wp-content\/uploads\/2023\/09\/grafika-1200x300.png 1200w, https:\/\/powiatlwowecki.pl\/wp-content\/uploads\/2023\/09\/grafika-1536x384.png 1536w\" sizes=\"(max-width: 552px) 100vw, 552px\" \/><\/p>\n<\/div><\/div><\/div><div class=\"fusion-layout-column fusion_builder_column fusion-builder-column-4 fusion_builder_column_1_2 1_2 fusion-flex-column\" style=\"--awb-bg-size:cover;--awb-width-large:50%;--awb-margin-top-large:0px;--awb-spacing-right-large:3.84%;--awb-margin-bottom-large:20px;--awb-spacing-left-large:3.84%;--awb-width-medium:100%;--awb-order-medium:0;--awb-spacing-right-medium:1.92%;--awb-spacing-left-medium:1.92%;--awb-width-small:100%;--awb-order-small:0;--awb-spacing-right-small:1.92%;--awb-spacing-left-small:1.92%;\"><div class=\"fusion-column-wrapper fusion-column-has-shadow fusion-flex-justify-content-flex-start fusion-content-layout-column\"><div class=\"fusion-text fusion-text-5\"><p><img decoding=\"async\" class=\"alignnone wp-image-6939\" src=\"https:\/\/powiatlwowecki.pl\/wp-content\/uploads\/2024\/04\/Interreg-Czechy-Polska-300x69.png\" alt=\"\" width=\"691\" height=\"159\" srcset=\"https:\/\/powiatlwowecki.pl\/wp-content\/uploads\/2024\/04\/Interreg-Czechy-Polska-24x6.png 24w, https:\/\/powiatlwowecki.pl\/wp-content\/uploads\/2024\/04\/Interreg-Czechy-Polska-36x8.png 36w, https:\/\/powiatlwowecki.pl\/wp-content\/uploads\/2024\/04\/Interreg-Czechy-Polska-48x11.png 48w, https:\/\/powiatlwowecki.pl\/wp-content\/uploads\/2024\/04\/Interreg-Czechy-Polska-200x46.png 200w, https:\/\/powiatlwowecki.pl\/wp-content\/uploads\/2024\/04\/Interreg-Czechy-Polska-300x69.png 300w, https:\/\/powiatlwowecki.pl\/wp-content\/uploads\/2024\/04\/Interreg-Czechy-Polska-400x92.png 400w, https:\/\/powiatlwowecki.pl\/wp-content\/uploads\/2024\/04\/Interreg-Czechy-Polska-600x139.png 600w, https:\/\/powiatlwowecki.pl\/wp-content\/uploads\/2024\/04\/Interreg-Czechy-Polska-768x177.png 768w, https:\/\/powiatlwowecki.pl\/wp-content\/uploads\/2024\/04\/Interreg-Czechy-Polska-800x185.png 800w, https:\/\/powiatlwowecki.pl\/wp-content\/uploads\/2024\/04\/Interreg-Czechy-Polska-1024x236.png 1024w, https:\/\/powiatlwowecki.pl\/wp-content\/uploads\/2024\/04\/Interreg-Czechy-Polska-1200x277.png 1200w, https:\/\/powiatlwowecki.pl\/wp-content\/uploads\/2024\/04\/Interreg-Czechy-Polska-1536x355.png 1536w\" sizes=\"(max-width: 691px) 100vw, 691px\" \/><\/p>\n<\/div><\/div><\/div><\/div><\/div><\/p>\n","protected":false},"excerpt":{"rendered":"","protected":false},"author":8,"featured_media":0,"parent":0,"menu_order":0,"comment_status":"closed","ping_status":"closed","template":"","meta":{"_acf_changed":false,"footnotes":""},"class_list":["post-9622","page","type-page","status-publish","hentry"],"acf":false,"_links":{"self":[{"href":"https:\/\/powiatlwowecki.pl\/plci_json_endpoint\/wp\/v2\/pages\/9622","targetHints":{"allow":["GET"]}}],"collection":[{"href":"https:\/\/powiatlwowecki.pl\/plci_json_endpoint\/wp\/v2\/pages"}],"about":[{"href":"https:\/\/powiatlwowecki.pl\/plci_json_endpoint\/wp\/v2\/types\/page"}],"author":[{"embeddable":true,"href":"https:\/\/powiatlwowecki.pl\/plci_json_endpoint\/wp\/v2\/users\/8"}],"replies":[{"embeddable":true,"href":"https:\/\/powiatlwowecki.pl\/plci_json_endpoint\/wp\/v2\/comments?post=9622"}],"version-history":[{"count":5,"href":"https:\/\/powiatlwowecki.pl\/plci_json_endpoint\/wp\/v2\/pages\/9622\/revisions"}],"predecessor-version":[{"id":11678,"href":"https:\/\/powiatlwowecki.pl\/plci_json_endpoint\/wp\/v2\/pages\/9622\/revisions\/11678"}],"wp:attachment":[{"href":"https:\/\/powiatlwowecki.pl\/plci_json_endpoint\/wp\/v2\/media?parent=9622"}],"curies":[{"name":"wp","href":"https:\/\/api.w.org\/{rel}","templated":true}]}}