{"id":8657,"date":"2024-12-03T09:11:14","date_gmt":"2024-12-03T08:11:14","guid":{"rendered":"https:\/\/powiatlwowecki.pl\/?page_id=8657"},"modified":"2025-02-19T10:25:59","modified_gmt":"2025-02-19T09:25:59","slug":"akademia-zawodowcow","status":"publish","type":"page","link":"https:\/\/powiatlwowecki.pl\/akademia-zawodowcow\/","title":{"rendered":"Akademia Zawodowc\u00f3w"},"content":{"rendered":"<div class=\"fusion-fullwidth fullwidth-box fusion-builder-row-1 fusion-flex-container nonhundred-percent-fullwidth non-hundred-percent-height-scrolling\" style=\"--awb-border-radius-top-left:0px;--awb-border-radius-top-right:0px;--awb-border-radius-bottom-right:0px;--awb-border-radius-bottom-left:0px;--awb-flex-wrap:wrap;\" ><div class=\"fusion-builder-row fusion-row fusion-flex-align-items-flex-start fusion-flex-content-wrap\" style=\"max-width:1248px;margin-left: calc(-4% \/ 2 );margin-right: calc(-4% \/ 2 );\"><div class=\"fusion-layout-column fusion_builder_column fusion-builder-column-0 fusion_builder_column_1_1 1_1 fusion-flex-column\" style=\"--awb-bg-size:cover;--awb-width-large:100%;--awb-margin-top-large:0px;--awb-spacing-right-large:1.92%;--awb-margin-bottom-large:0px;--awb-spacing-left-large:1.92%;--awb-width-medium:100%;--awb-spacing-right-medium:1.92%;--awb-spacing-left-medium:1.92%;--awb-width-small:100%;--awb-spacing-right-small:1.92%;--awb-spacing-left-small:1.92%;\"><div class=\"fusion-column-wrapper fusion-flex-justify-content-flex-start fusion-content-layout-column\"><div class=\"fusion-text fusion-text-1\"><p style=\"text-align: center;\">\u00a0\u00a0\u00a0\u00a0\u00a0\u00a0\u00a0\u00a0\u00a0\u00a0\u00a0\u00a0\u00a0\u00a0\u00a0\u00a0\u00a0\u00a0\u00a0\u00a0\u00a0\u00a0\u00a0\u00a0\u00a0\u00a0\u00a0\u00a0\u00a0\u00a0\u00a0\u00a0\u00a0\u00a0\u00a0\u00a0\u00a0\u00a0\u00a0\u00a0\u00a0\u00a0\u00a0\u00a0\u00a0\u00a0\u00a0\u00a0\u00a0\u00a0\u00a0\u00a0\u00a0\u00a0\u00a0\u00a0\u00a0 Stowarzyszenie Dolno\u015bl\u0105ski Inkubator Przedsi\u0119biorczo\u015bci<\/p>\n<p style=\"text-align: center;\">w partnerstwie z Fundacj\u0105 Obrazy bez Granic, Miastem Jelenia G\u00f3ra, Powiatem Lw\u00f3weckim, Powiatem Karkonoskim, Powiatem Z\u0142otoryjskim oraz Gmin\u0105 Miejsk\u0105 Kowary realizuje projekt pn.<\/p>\n<p style=\"text-align: center;\"><strong>\u201eAkademia Zawodowc\u00f3w\u201d <\/strong><\/p>\n<p style=\"text-align: center;\"><strong><span style=\"font-size: 24pt;\"><a href=\"https:\/\/powiatlwowecki.pl\/wp-content\/uploads\/2024\/12\/Akademia-Zawodowcow_Regulamin-rekrutacji-i-uczestnictwa.pdf\">Regulamin uczestnictwa<\/a>\u00a0<\/span><\/strong><\/p>\n<p style=\"text-align: center;\"><strong>\u00a0<\/strong><\/p>\n<p style=\"text-align: center;\"><strong>nr FEDS.08.03-IZ.00-0005\/24 <\/strong><\/p>\n<p style=\"text-align: center;\"><strong>\u00a0<\/strong><\/p>\n<p style=\"text-align: center;\">Projekt wsp\u00f3\u0142finansowany jest przez Uni\u0119 Europejsk\u0105 w ramach programu Fundusze Europejskie dla Dolnego \u015al\u0105ska na lata 2021-2027<\/p>\n<p style=\"text-align: center;\">O\u015b Priorytetowa 8. Fundusze Europejskie dla edukacji na Dolnym \u015al\u0105sku<\/p>\n<p style=\"text-align: center;\">Dzia\u0142anie: 08.03 Dost\u0119p do edukacji<\/p>\n<p>Celem g\u0142\u00f3wnym projektu jest zwi\u0119kszenie szans na zatrudnienie absolwent\u00f3w plac\u00f3wek kszta\u0142cenia zawodowego poprzez podniesienie umiej\u0119tno\u015bci zawodowych 384 uczni\u00f3w i 40 nauczycieli, nauk\u0119 zawodu prowadzon\u0105<\/p>\n<p>w rzeczywistym \u015brodowisku pracy (sta\u017ce uczniowskie) oraz dostosowanie wyposa\u017cenia pracowni w szko\u0142ach <u>Projekt realizowany jest w okresie od 01.07.2024 r. do 31.12.2026 r. w:<\/u><\/p>\n<ol>\n<li>Bran\u017cowej Szko\u0142y I Stopnia z Zespo\u0142u Szk\u00f3\u0142 Og\u00f3lnokszta\u0142c\u0105cych w Kowarach<\/li>\n<li>Technikum z Zespo\u0142u Szk\u00f3\u0142 Zawodowych im. mjra Henryka Sucharskiego w Z\u0142otoryi<\/li>\n<li>Technikum z Zespo\u0142u Szk\u00f3\u0142 Ekonomiczno\u2013Technicznych im. Kombatant\u00f3w Ziemi Lw\u00f3weckiej w Rakowicach Wielkich<\/li>\n<li>Technikum z Zespo\u0142u Szk\u00f3\u0142 Og\u00f3lnokszta\u0142c\u0105cych i Zawodowych im. Jana Paw\u0142a II w Gryfowie \u015al\u0105skim<\/li>\n<li>Technikum z Zespo\u0142u Szk\u00f3\u0142 Og\u00f3lnokszta\u0142c\u0105cych i Zawodowych w Lw\u00f3wku \u015al\u0105skim<\/li>\n<li>Technikum im. Mariana Adama Rejewskiego z Zespo\u0142u Szk\u00f3\u0142 Technicznych i Licealnych w Piechowicach<\/li>\n<li>Technikum z Zespo\u0142u Szk\u00f3\u0142 Og\u00f3lnokszta\u0142c\u0105cych i Technicznych w Jeleniej G\u00f3rze<\/li>\n<li>Technikum z Zespo\u0142u Szk\u00f3\u0142 Rzemios\u0142 Artystycznych im. Stanis\u0142awa Wyspia\u0144skiego w Jeleniej G\u00f3rze<\/li>\n<li>Technikum z Zespo\u0142u Szk\u00f3\u0142 Technicznych \u201eMechanik\u201d w Jeleniej G\u00f3rze<\/li>\n<li>Technikum z Zespo\u0142u Szk\u00f3\u0142 Elektronicznych im. Obro\u0144c\u00f3w Poczty Polskiej w Jeleniej G\u00f3rze<\/li>\n<li>Technikum z Zespo\u0142u Szk\u00f3\u0142 Ekonomiczno-Turystycznych im. Unii Europejskiej w Jeleniej G\u00f3rze<\/li>\n<li>Technikum z Zespo\u0142u Szk\u00f3\u0142 Technicznych i Bran\u017cowych im. S. Staszica w Jeleniej G\u00f3rze<\/li>\n<li>Bran\u017cowej Szko\u0142y I Stopnia z Zespo\u0142u Szk\u00f3\u0142 Technicznych i Bran\u017cowych im. S. Staszica w Jeleniej G\u00f3rze<\/li>\n<\/ol>\n<p style=\"text-align: center;\"><u>W projekcie oferujemy:<\/u><\/p>\n<ul>\n<li>Sta\u017ce uczniowskie<\/li>\n<li>Projekty edukacyjne dla uczni\u00f3w \u00fc Wsparcie uczni\u00f3w w zakresie podnoszenia umiej\u0119tno\u015bci kluczowych, doradztwo edukacyjno-zawodowe \u00fc Wsparcie rozwoju nauczycieli<\/li>\n<li>Doposa\u017cenie jednostek w sprz\u0119t i \u015brodki dydaktyczne<\/li>\n<\/ul>\n<p style=\"text-align: center;\"><strong>UDZIA\u0141 W PROJEKCIE JEST BEZP\u0141ATNY <\/strong><\/p>\n<p style=\"text-align: center;\"><strong>\u00a0<\/strong><\/p>\n<p style=\"text-align: center;\"><u>Dodatkowe informacje:<\/u><\/p>\n<p style=\"text-align: center;\">Stowarzyszenie Dolno\u015bl\u0105ski Inkubator Przedsi\u0119biorczo\u015bci ul. Kolejowa 8 58-100 \u015awidnica<\/p>\n<p style=\"text-align: center;\">www. dolnoslaskiinkubator.pl e-mail: zawodowcy@dolnoslaskiinkubator.pl lub w sekretariacie ka\u017cdej szko\u0142y<\/p>\n<h1 style=\"text-align: center;\">Dofinansowanie projektu z UE: 7 035 209,60 PLN<img decoding=\"async\" class=\" wp-image-8661 aligncenter\" src=\"https:\/\/powiatlwowecki.pl\/wp-content\/uploads\/2024\/12\/Zrzut-ekranu-2024-12-03-090429-300x50.png\" alt=\"\" width=\"540\" height=\"90\" srcset=\"https:\/\/powiatlwowecki.pl\/wp-content\/uploads\/2024\/12\/Zrzut-ekranu-2024-12-03-090429-24x4.png 24w, https:\/\/powiatlwowecki.pl\/wp-content\/uploads\/2024\/12\/Zrzut-ekranu-2024-12-03-090429-36x6.png 36w, https:\/\/powiatlwowecki.pl\/wp-content\/uploads\/2024\/12\/Zrzut-ekranu-2024-12-03-090429-48x8.png 48w, https:\/\/powiatlwowecki.pl\/wp-content\/uploads\/2024\/12\/Zrzut-ekranu-2024-12-03-090429-200x34.png 200w, https:\/\/powiatlwowecki.pl\/wp-content\/uploads\/2024\/12\/Zrzut-ekranu-2024-12-03-090429-300x50.png 300w, https:\/\/powiatlwowecki.pl\/wp-content\/uploads\/2024\/12\/Zrzut-ekranu-2024-12-03-090429-400x67.png 400w, https:\/\/powiatlwowecki.pl\/wp-content\/uploads\/2024\/12\/Zrzut-ekranu-2024-12-03-090429-600x101.png 600w, https:\/\/powiatlwowecki.pl\/wp-content\/uploads\/2024\/12\/Zrzut-ekranu-2024-12-03-090429.png 752w\" sizes=\"(max-width: 540px) 100vw, 540px\" \/><\/h1>\n<\/div><div class=\"awb-gallery-wrapper awb-gallery-wrapper-1 button-span-no\" style=\"--more-btn-alignment:center;\"><div style=\"margin:-5px;--awb-bordersize:0px;\" class=\"fusion-gallery fusion-gallery-container fusion-grid-3 fusion-columns-total-2 fusion-gallery-layout-grid fusion-gallery-1\"><div style=\"padding:5px;\" class=\"fusion-grid-column fusion-gallery-column fusion-gallery-column-3 hover-type-none\"><div class=\"fusion-gallery-image\"><a href=\"https:\/\/powiatlwowecki.pl\/wp-content\/uploads\/2024\/12\/Akademia-Zawodowcow_plakat-1.png\" rel=\"noreferrer\" data-rel=\"iLightbox[gallery_image_1]\" class=\"fusion-lightbox\" target=\"_self\"><img decoding=\"async\" src=\"https:\/\/powiatlwowecki.pl\/wp-content\/uploads\/2024\/12\/Akademia-Zawodowcow_plakat-1.png\" width=\"905\" height=\"1280\" alt=\"\" title=\"Akademia Zawodowco\u0301w_plakat (1)\" aria-label=\"Akademia Zawodowco\u0301w_plakat (1)\" class=\"img-responsive wp-image-8658\" srcset=\"https:\/\/powiatlwowecki.pl\/wp-content\/uploads\/2024\/12\/Akademia-Zawodowcow_plakat-1-200x283.png 200w, https:\/\/powiatlwowecki.pl\/wp-content\/uploads\/2024\/12\/Akademia-Zawodowcow_plakat-1-400x566.png 400w, https:\/\/powiatlwowecki.pl\/wp-content\/uploads\/2024\/12\/Akademia-Zawodowcow_plakat-1-600x849.png 600w, https:\/\/powiatlwowecki.pl\/wp-content\/uploads\/2024\/12\/Akademia-Zawodowcow_plakat-1-800x1131.png 800w, https:\/\/powiatlwowecki.pl\/wp-content\/uploads\/2024\/12\/Akademia-Zawodowcow_plakat-1.png 905w\" sizes=\"(min-width: 2200px) 100vw, (min-width: 784px) 397px, (min-width: 712px) 595px, (min-width: 640px) 712px, \" \/><\/a><\/div><\/div><div style=\"padding:5px;\" class=\"fusion-grid-column fusion-gallery-column fusion-gallery-column-3 hover-type-none\"><div class=\"fusion-gallery-image\"><a href=\"https:\/\/powiatlwowecki.pl\/wp-content\/uploads\/2024\/12\/Akademia-Zawodowcow_PlakatA3-FEDDS.ai-2.png\" rel=\"noreferrer\" data-rel=\"iLightbox[gallery_image_1]\" class=\"fusion-lightbox\" target=\"_self\"><img decoding=\"async\" src=\"https:\/\/powiatlwowecki.pl\/wp-content\/uploads\/2024\/12\/Akademia-Zawodowcow_PlakatA3-FEDDS.ai-2.png\" width=\"1280\" height=\"905\" alt=\"\" title=\"Akademia Zawodowco\u0301w_PlakatA3-FEDDS.ai-2\" aria-label=\"Akademia Zawodowco\u0301w_PlakatA3-FEDDS.ai-2\" class=\"img-responsive wp-image-8659\" srcset=\"https:\/\/powiatlwowecki.pl\/wp-content\/uploads\/2024\/12\/Akademia-Zawodowcow_PlakatA3-FEDDS.ai-2-200x141.png 200w, https:\/\/powiatlwowecki.pl\/wp-content\/uploads\/2024\/12\/Akademia-Zawodowcow_PlakatA3-FEDDS.ai-2-400x283.png 400w, https:\/\/powiatlwowecki.pl\/wp-content\/uploads\/2024\/12\/Akademia-Zawodowcow_PlakatA3-FEDDS.ai-2-600x424.png 600w, https:\/\/powiatlwowecki.pl\/wp-content\/uploads\/2024\/12\/Akademia-Zawodowcow_PlakatA3-FEDDS.ai-2-800x566.png 800w, https:\/\/powiatlwowecki.pl\/wp-content\/uploads\/2024\/12\/Akademia-Zawodowcow_PlakatA3-FEDDS.ai-2-1200x848.png 1200w, https:\/\/powiatlwowecki.pl\/wp-content\/uploads\/2024\/12\/Akademia-Zawodowcow_PlakatA3-FEDDS.ai-2.png 1280w\" sizes=\"(min-width: 2200px) 100vw, (min-width: 784px) 397px, (min-width: 712px) 595px, (min-width: 640px) 712px, \" \/><\/a><\/div><\/div><\/div><\/div><div class=\"fusion-content-boxes content-boxes columns row fusion-columns-1 fusion-columns-total-1 fusion-content-boxes-1 content-boxes-icon-with-title content-left\" style=\"--awb-hover-accent-color:#f44336;--awb-circle-hover-accent-color:#f44336;--awb-item-margin-bottom:40px;\" data-animationOffset=\"top-into-view\"><div style=\"--awb-backgroundcolor:var(--awb-custom10);\" class=\"fusion-column content-box-column content-box-column content-box-column-1 col-lg-12 col-md-12 col-sm-12 fusion-content-box-hover content-box-column-last content-box-column-last-in-row\"><div class=\"col content-box-wrapper content-wrapper-background link-area-link-icon link-type-text content-icon-wrapper-yes icon-hover-animation-slide\" data-animationOffset=\"top-into-view\"><div class=\"heading icon-left\"><a class=\"heading-link\" style=\"float:left;\" href=\"https:\/\/powiatlwowecki.pl\/wp-content\/uploads\/2025\/02\/Projekty-edukacyjne_program.docx-2.pdf\" target=\"_self\"><h2 class=\"content-box-heading\" style=\"--h2_typography-font-size:24px;line-height:29px;\">PROGRAM KAMPANIA SPO\u0141ECZNA- BEZDOMNO\u015a\u0106 KOT\u00d3W<\/h2><\/a><\/div><div class=\"fusion-clearfix\"><\/div><div class=\"content-container\">\n<p>cel og\u00f3lny: Zwi\u0119kszenie \u015bwiadomo\u015bci m\u0142odzie\u017cy oraz lokalnej spo\u0142eczno\u015bci na temat problemu bezdomno\u015bci kot\u00f3w oraz rozwijanie u m\u0142odzie\u017cy kompetencji spo\u0142ecznych, umiej\u0119tno\u015bci planowania i realizacji kampanii spo\u0142ecznych <\/p>\n<\/div><div class=\"fusion-clearfix\"><\/div><a class=\" fusion-read-more\" style=\"float:left;\" href=\"https:\/\/powiatlwowecki.pl\/wp-content\/uploads\/2025\/02\/Projekty-edukacyjne_program.docx-2.pdf\" target=\"_self\">Pobierz <\/a><div class=\"fusion-clearfix\"><\/div><\/div><\/div><div class=\"fusion-clearfix\"><\/div><\/div><\/div><\/div><\/div><\/div>\n","protected":false},"excerpt":{"rendered":"","protected":false},"author":8,"featured_media":0,"parent":0,"menu_order":0,"comment_status":"closed","ping_status":"closed","template":"","meta":{"_acf_changed":false,"footnotes":""},"class_list":["post-8657","page","type-page","status-publish","hentry"],"acf":false,"_links":{"self":[{"href":"https:\/\/powiatlwowecki.pl\/plci_json_endpoint\/wp\/v2\/pages\/8657","targetHints":{"allow":["GET"]}}],"collection":[{"href":"https:\/\/powiatlwowecki.pl\/plci_json_endpoint\/wp\/v2\/pages"}],"about":[{"href":"https:\/\/powiatlwowecki.pl\/plci_json_endpoint\/wp\/v2\/types\/page"}],"author":[{"embeddable":true,"href":"https:\/\/powiatlwowecki.pl\/plci_json_endpoint\/wp\/v2\/users\/8"}],"replies":[{"embeddable":true,"href":"https:\/\/powiatlwowecki.pl\/plci_json_endpoint\/wp\/v2\/comments?post=8657"}],"version-history":[{"count":5,"href":"https:\/\/powiatlwowecki.pl\/plci_json_endpoint\/wp\/v2\/pages\/8657\/revisions"}],"predecessor-version":[{"id":9118,"href":"https:\/\/powiatlwowecki.pl\/plci_json_endpoint\/wp\/v2\/pages\/8657\/revisions\/9118"}],"wp:attachment":[{"href":"https:\/\/powiatlwowecki.pl\/plci_json_endpoint\/wp\/v2\/media?parent=8657"}],"curies":[{"name":"wp","href":"https:\/\/api.w.org\/{rel}","templated":true}]}}