{"id":4629,"date":"2023-06-14T12:51:04","date_gmt":"2023-06-14T10:51:04","guid":{"rendered":"https:\/\/powiatlwowecki.pl\/?page_id=4629"},"modified":"2023-06-15T08:57:35","modified_gmt":"2023-06-15T06:57:35","slug":"wydarzenia-kulturalne-2023-2","status":"publish","type":"page","link":"https:\/\/powiatlwowecki.pl\/wydarzenia-kulturalne-2023-2\/","title":{"rendered":"Wydarzenia kulturalne 2023"},"content":{"rendered":"<p><strong>Wydarzenia kulturalne 2023<\/strong><\/p>\n<p><strong>Gmina Lw\u00f3wek \u015al\u0105ski <\/strong><\/p>\n<p><strong><u>stycze\u0144<\/u><\/strong><\/p>\n<p>8 stycznia (niedziela) \u2013 \u015bpiewanie kol\u0119d (ko\u015bci\u00f3\u0142 Franciszkan\u00f3w)<\/p>\n<p>14 stycznia (sobota) \u2013 koncert zimowy uczestnik\u00f3w Centrum Muzycznego (LOK)<\/p>\n<p>14 stycznia (sobota) \u2013 przegl\u0105d kol\u0119d (Sala Mieszcza\u0144ska)<\/p>\n<p>20 stycznia (pi\u0105tek) \u2013 Wystawa w Galerii Klatka\/koncert<\/p>\n<p>21 stycznia (sobota) \u2013 koncert \u015bwi\u0105teczno-noworoczny (ko\u015bci\u00f3\u0142 Franciszkan\u00f3w)<\/p>\n<p>29 stycznia (niedziela) \u2013 fina\u0142 WO\u015aP (LOK, Sala Mieszcza\u0144ska)<strong>\u00a0\u00a0 <\/strong><\/p>\n<p><strong><u>luty<\/u><\/strong><\/p>\n<p>3 lutego (pi\u0105tek) \u2013 karnawa\u0142owe prezentacje taneczne (hala sportowa)<\/p>\n<p>13-24 lutego \u2013 ferie w LOK<\/p>\n<p>24 lutego (pi\u0105tek) &#8211; Wystawa w Galerii Klatka\/koncert<\/p>\n<p><strong><u>marzec<\/u><\/strong><\/p>\n<p>5 marca (niedziela) \u2013 koncert z okazji Dnia Kobiet (Sala Mieszcza\u0144ska)<\/p>\n<p>11 \u2013 12 marca (sobota\/niedziela) \u2013 obs\u0142uga stoiska promocyjnego LLA na gie\u0142dzie minera\u0142\u00f3w w Szczecinie<\/p>\n<p>24 marca (pi\u0105tek) \u2013 Wystawa w Galerii Klatka\/koncert<\/p>\n<p>25 marca (sobota) \u2013 Waldemar Malicki &#8211; recital fortepianowy (Pa\u0142ac Brun\u00f3w)<\/p>\n<p><strong><u>kwiecie\u0144<\/u><\/strong><\/p>\n<p>1-2 kwietnia (sobota, niedziela) \u2013 Jarmark Wielkanocny (rynek miejski)<\/p>\n<p>22 kwietnia (sobota) \u2013 koncert wiosenny przy fontannie<\/p>\n<p>28 kwietnia \u2013 otwarcie t\u0119\u017cni solankowej<\/p>\n<p><strong><u>maj<\/u><\/strong><\/p>\n<p>26 maja (pi\u0105tek) \u2013 Wystawa w galerii Klatka\/ koncert<\/p>\n<p>28 maja (niedziela) \u2013 Bezpieczny Dzie\u0144 Dziecka (parking UG i M)<\/p>\n<p><strong><u>czerwiec<\/u><\/strong><\/p>\n<p>10 czerwca (sobota) \u2013 Festiwal Piosenki Religijnej (wie\u015b Sobota)<\/p>\n<p>15 czerwca (czwartek) \u2013 wiosenne prezentacje taneczne\u00a0 (hala sportowa)<\/p>\n<p>17 czerwca (sobota) \u2013 koncert wiosenny uczestnik\u00f3w Centrum Muzycznego (LOK)<\/p>\n<p>17 czerwca (sobota) \u2013 Senioralia (wie\u015b Dworek)<\/p>\n<p>24 czerwca (sobota) \u2013 Piotr Paleczny &#8211; recital fortepianowy Sala Mieszcza\u0144ska w ratuszu<\/p>\n<p>25 czerwca \u2013 koncert przy fontannie na powitanie lata<\/p>\n<p><strong><u>lipiec<\/u><\/strong><\/p>\n<p>14-16 lipca \u2013 XXIV Lw\u00f3weckie Lato Agatowe<\/p>\n<p>21 lipca (pi\u0105tek) \u2013 podsumowanie LLA \u2013 (hala sportowa)<\/p>\n<p>30 lipca (niedziela) \u2013 spacer z muzyk\u0105 Chopina (park miejski)<\/p>\n<p><strong><u>sierpie\u0144<\/u><\/strong><\/p>\n<p>6 sierpnia (niedziela) \u2013 spacer z muzyk\u0105 Chopina (park miejski)<\/p>\n<p>13 sierpnia (niedziela) \u2013 spacer z muzyk\u0105 Chopina(park miejski)<\/p>\n<p>20 sierpnia (niedziela) \u2013 spacer z muzyk\u0105 Chopina (park miejski)<\/p>\n<p>27 sierpnia (niedziela) \u2013 spacer z muzyk\u0105 Chopina (park miejski)<\/p>\n<p><strong><u>wrzesie\u0144<\/u><\/strong><\/p>\n<p>2 wrze\u015bnia (sobota) \u2013 Do\u017cynki Gminne (Kotliska)<\/p>\n<p>22 wrze\u015bnia (pi\u0105tek) \u2013 Wystawa prac uczestnik\u00f3w warsztat\u00f3w ilustracji<\/p>\n<p>i komiksu\/koncert \u2013 Galeria Klatka<\/p>\n<p>23 wrze\u015bnia (sobota) \u2013 koncert przy fontannie na powitanie jesieni<\/p>\n<p><strong><u>\u00a0pa\u017adziernik<\/u><\/strong><\/p>\n<p>14 pa\u017adziernika (sobota) \u2013 Wybory Miss K\u00f3\u0142 Gospody\u0144 Wiejskich\u00a0 (hala sportowa)<\/p>\n<p>20 pa\u017adziernika (pi\u0105tek) \u2013 Wystawa w Galerii Klatka\/koncert<\/p>\n<p>28 &#8211; 29 pa\u017adziernika (sobota-niedziela) \u2013 Lw\u00f3wecki Sejmik Geologiczny<\/p>\n<p><strong><u>listopad<\/u><\/strong><\/p>\n<p>3 listopada (pi\u0105tek) \u2013 Przegl\u0105d zespo\u0142\u00f3w teatralnych os\u00f3b niepe\u0142nosprawnych<\/p>\n<p>(Pa\u0142ac Brun\u00f3w)<\/p>\n<p>24 listopada (pi\u0105tek) \u2013 Wystawa w Galerii Klatka\/koncert<\/p>\n<p><strong><u>grudzie\u0144<\/u><\/strong><\/p>\n<p>6 grudnia (\u015broda) \u2013 spotkanie z Miko\u0142ajem (sala ma\u0142ych form LOK)<\/p>\n<p>21-22 grudnia (czwartek, pi\u0105tek) \u2013 Jarmark\u00a0 \u015awi\u0105teczny (rynek miejski)<\/p>\n<p>&nbsp;<\/p>\n<p><strong>Wydarzenia kulturalne 2023<\/strong><\/p>\n<p><strong>Gmina Gryf\u00f3w \u015al\u0105ski<\/strong><\/p>\n<p><strong><u>marzec<\/u><\/strong><\/p>\n<p>31 marca (pi\u0105tek) \u2013 Jarmark Wielkanocny (Teren szko\u0142y i boiska przy Szkole Podstawowej nr 1)<\/p>\n<p><strong><u>kwiecie\u0144<\/u><\/strong><\/p>\n<p>1 kwietnia (sobota) \u2013 Mecz charytatywny (Boiska wielofunkcyjne przy SP nr 1)<\/p>\n<p>2 kwietnia (niedziela) \u2013 Jarmark Wielkanocny (Rynek\/ centrum miasta)<\/p>\n<p>21 kwietnia (pi\u0105tek) &#8211; Gaw\u0119da Historyczna (biblioteka publiczna )<\/p>\n<p><strong><u>maj<\/u><\/strong><\/p>\n<p>1 maja ( poniedzia\u0142ek) &#8211; Spektakl \u201e \u017bycie to interes\u201d wst\u0119p biletowany, (Miejsko-Gminny O\u015brodek Kultury),<\/p>\n<p>3 maja ( \u015broda) &#8211; Obchody \u015awi\u0119ta Konstytucji 3 Maja oraz wydarzenie rodzinne na gryfowskim rynku (Rynek\/ centrum miasta)<\/p>\n<p>3 maja ( \u015brodka)- Turniej Pi\u0142ki No\u017cnej w Uboczu o Puchar Burmistrza Gminy i Miasta<\/p>\n<p>11 maja (czwartek)- Benefis z okazji 50-lecia tw\u00f3rczo\u015bci El\u017cbiety \u015anie\u017ckowskiej- Bielak\u00a0\u00a0\u00a0\u00a0\u00a0\u00a0\u00a0\u00a0\u00a0\u00a0 (Klub Seniora)<\/p>\n<p>12 maja (pi\u0105tek)- Promocja ksi\u0105\u017cki &#8211; albumu &#8222;Polskie \u015blady w Solurze i Zuchwilu&#8221; Rados\u0142awa Paw\u0142owskiego, plus wystawa po\u015bwi\u0119cona Ko\u015bciuszce oraz s\u0142owo prof. Mariusza Olczaka dyrektora Archiwum Akt Nowych o zamku w Prosz\u00f3wce (Biblioteka Publiczna),<\/p>\n<p>14 maja (niedziela)- Spektakl poetycko-literacki \u201eBajki nie tylko dla doros\u0142ych\u201d, wst\u0119p biletowany (Miejsko-Gminny O\u015brodek Kultury)<\/p>\n<p>19 maja (pi\u0105tek)- Gaw\u0119da Historyczna (Biblioteka Publiczna),<\/p>\n<p>27 maja (sobota)- Festiwal Pie\u015bni Religijnej i Patriotycznej im. Roberta Mizgiera (Ubocze)<\/p>\n<p><strong><u>czerwiec<\/u><\/strong><\/p>\n<p>2 czerwca (pi\u0105tek) 10.00-12.00- Pokaz Pojazd\u00f3w Zabytkowych w ramach rajdu samochodowego Klubu CAAR (Rynek\/ centrum miasta)<\/p>\n<p>3-4 czerwca (sobota-niedziela)- Dzie\u0144 dziecka -turnieje pi\u0142ki no\u017cnej dla dzieci<\/p>\n<p>10 czerwca (sobota)-\u00a0 Turniej Ch\u0142opaki z podw\u00f3rka<\/p>\n<p>10 czerwca (sobota)-\u00a0 Dzie\u0144 dziecka (Rynek\/ centrum miasta)<\/p>\n<p>17 czerwca (sobota)-\u00a0 Bieg Wie\u017cozwierza\u00a0 (So\u0142ectwo Wie\u017ca)<\/p>\n<p>17 czerwca (sobota)-\u00a0 III LIS CUP Gryf\u00f3w \u015al\u0105ski\u00a0\u00a0\u00a0 zawody m\u00f3lkky<\/p>\n<p><strong><em>czerwiec<\/em><\/strong>&#8211; Otwarte Zawody W\u0119dkarskie z okazji Dnia Dziecka\u00a0\u00a0\u00a0\u00a0\u00a0\u00a0 (Jezioro Z\u0142otnickie<\/p>\n<p><strong><em>czerwiec<\/em><\/strong>&#8211; Zako\u0144czenie warsztat\u00f3w teatralnych (Miejsko-Gminny O\u015brodek Kultury)<\/p>\n<p>24 czerwca (sobota)-\u00a0 9:00\u00a0\u00a0\u00a0\u00a0 Gminne Zawody Sportowo \u2013 Po\u017carnicze \u2013 (Stadion miejski)<\/p>\n<p><strong><em>czerwiec<\/em><\/strong>&#8211; DUATHLON ( Bieg Gryfit\u00f3w i Rajd Rowerowy (rynek w Gryfowie \u015al\u0105skim- Jezioro Z\u0142otnickie i Le\u015bnia\u0144skie)<\/p>\n<p><strong><em>czerwiec-<\/em><\/strong> Rajd Turystyczny im. B\u0142ogos\u0142awionego Alojsa Andrickiego (miejsca zwi\u0105zane z osob\u0105 Alojsa Andrickiego) Organizator: Stowarzyszenie Rozwoju Wsi Rz\u0105siny<\/p>\n<p><strong><em>czerwiec<\/em><\/strong>&#8211; Wernisa\u017c wystawy malarstwa olejnego Grzegorza Lisickiego (Biblioteka Publiczna,<\/p>\n<p><strong><u>lipiec<\/u><\/strong><\/p>\n<p>2 lipca (niedziela)- \u015awi\u0119to Rodziny\u00a0 (plac przy \u015awietlicy Wiejskiej w M\u0142y\u0144sku)<\/p>\n<p><strong><em>lipiec<\/em><\/strong>&#8211; Turnieje i zawody na Orliku przy SP nr 2 oraz boiskach wielofunkcyjnych przy SP nr 1<\/p>\n<p>10-14 lipca (poniedzia\u0142ek-pi\u0105tek)- Wakacyjny plener artystyczny\u00a0\u00a0 (Miejsko-Gminny O\u015brodek Kultury)<\/p>\n<p>17-31 lipca &#8211; Wakacje w Bibliotece\u00a0\u00a0 (Biblioteka Publiczna),<\/p>\n<p><strong><u>sierpie\u0144<\/u><\/strong><\/p>\n<p><strong><em>sierpie\u0144<\/em><\/strong>&#8211; \u201eLato w mie\u015bcie z M-GOK\u201d (Miejsko-Gminny O\u015brodek Kultury)<\/p>\n<p>1-4 sierpnia (wtorek-pi\u0105tek)-\u00a0 Wakacje w Bibliotece Biblioteka Publiczna,<\/p>\n<p><strong><em>sierpie\u0144<\/em><\/strong>&#8211; Turnieje i zawody na Orliku przy SP nr 2 oraz boiskach wielofunkcyjnych przy SP nr 1<\/p>\n<p><strong><u>wrzesie\u0144<\/u><\/strong><\/p>\n<p>3 wrze\u015bnia (niedziela)- Narodowe Czytanie\u00a0 (Rynek\/ centrum miasta)<\/p>\n<p>10 wrze\u015bnia (niedziela) &#8211; Do\u017cynki Gminne (Rz\u0105siny)<\/p>\n<p><strong><em>wrzesie\u0144<\/em><\/strong> &#8211; Jacek Kardasiewicz &#8211; Teatry uliczne wystawa zdj\u0119\u0107 z lat 2021-2022 plus<\/p>\n<p>promocja albumu i prezentacja multimedialna (Biblioteka Publiczna)<\/p>\n<p><strong><em>wrzesie\u0144<\/em><\/strong>&#8211; V Piesze W\u0119dr\u00f3wki z Gryfowa do Prosz\u00f3wki\u00a0\u00a0\u00a0\u00a0\u00a0 (Trasa Gryf\u00f3w \u015al\u0105ski \u2013Prosz\u00f3wka, zako\u0144czenie na placu zabaw)<\/p>\n<p><strong>wrzesie\u0144<\/strong>&#8211; Turniej Tenisa Sto\u0142owego (sala sportowa przy SP nr2)<\/p>\n<p>22 wrze\u015bnia (pi\u0105tek)-\u00a0 Gaw\u0119da Historyczna\u00a0 (Biblioteka Publiczna)<\/p>\n<p><strong><u>pa\u017adziernik<\/u><\/strong><\/p>\n<p><strong><em>pa\u017adziernik<\/em><\/strong>&#8211; Wernisa\u017c tw\u00f3rczo\u015bci Grupy artystycznej\u00a0 Pi-Art z Jeleniej G\u00f3ry (Biblioteka Publiczna),<\/p>\n<p>20 pa\u017adziernika (pi\u0105tek)- Gaw\u0119da Historyczna (Biblioteka Publiczna)<\/p>\n<p><strong><u>listopad <\/u><\/strong><\/p>\n<p>11 listopada (sobota) &#8211; Obchody \u015awi\u0119ta Niepodleg\u0142o\u015bci (Rynek\/ centrum miasta)<\/p>\n<p>11 listopada (sobota)- V Niepodleg\u0142o\u015bciowy Bieg Gryfit\u00f3w (Rynek-Jezioro Z\u0142otnickie-Rynek)<\/p>\n<p>11 listopada (sobota)- Wieczornica patriotyczna (\u015awietlica wiejska w Rz\u0105sinach)<\/p>\n<p><strong><em>listopad<\/em><\/strong>&#8211; Wernisa\u017c wystawy rysunku Rafa\u0142a Strenta (Biblioteka Publiczna)<\/p>\n<p>17 listopada (pi\u0105tek)\u00a0\u00a0 Gaw\u0119da Historyczna\u00a0 (Biblioteka Publiczna),<\/p>\n<p><strong><u>grudzie\u0144<\/u><\/strong><\/p>\n<p><strong><em>grudzie\u0144<\/em><\/strong>&#8211; Wystawa rysunku Rafa\u0142a Strenta\u00a0 (Biblioteka Publiczna)<\/p>\n<p>6 grudnia (\u015broda)- Spotkanie pod choink\u0105 miejsk\u0105 z Miko\u0142ajem\/ wsp\u00f3lne ubieranie choinki (Rynek\/ centrum miasta)<\/p>\n<p><strong><em>grudzie\u0144<\/em><\/strong>&#8211; Motomiko\u0142ajki (Rynek\/ centrum miasta)<\/p>\n<p><strong><em>grudzie\u0144-<\/em><\/strong> Miko\u0142ajkowy Turniej Tenisa Sto\u0142owego \u00a0 (sala sportowa przy SP nr2)<\/p>\n<p><strong><em>grudzie\u0144<\/em><\/strong>&#8211; Jarmark Bo\u017conarodzeniowy (Rynek\/ centrum miasta)<\/p>\n<p>&nbsp;<\/p>\n<p><strong>Wydarzenia kulturalne 2023<\/strong><\/p>\n<p><strong>Gmina Lubomierz<\/strong><\/p>\n<p><strong><u>czerwiec<\/u><\/strong><\/p>\n<p>11 czerwca (niedziela) &#8211; Roz\u015bpiewany Dolny \u015al\u0105sk \u2013 koncert Janusza Cedro z recitalem (LCK w Lubomierzu.)<\/p>\n<p>17 czerwca (sobota)- Dzie\u0144 S\u0105siada w Radoniowie<\/p>\n<p>24 czerwca (sobota)- Wianki \u015awi\u0119toja\u0144skie w Mil\u0119cicach<\/p>\n<p><strong><u>sierpie\u0144<\/u><\/strong><\/p>\n<p>4-6 sierpnia (pi\u0105tek-niedziela)- XXVI Og\u00f3lnopolski Festiwal Film\u00f3w Komediowych<\/p>\n<p><strong><u>wrzesie\u0144<\/u><\/strong><\/p>\n<p>14 wrze\u015bnia (czwartek)- Dzie\u0144 \u015bw. Maternus<\/p>\n<p><strong><u>pa\u017adziernik<\/u><\/strong><\/p>\n<p>pa\u017adziernik \u2013 Lubomierska Jesie\u0144 (Park Bedentkty\u0144ski)<\/p>\n<p>pa\u017adziernik- \u015awi\u0119to Ziemniaka w Wojciechowie ( Wojciech\u00f3w)<\/p>\n<p><strong><u>grudzie\u0144 <\/u><\/strong><\/p>\n<p>grudzie\u0144- Lubomierskie Spotkania Bo\u017conarodzeniowe<\/p>\n<p><strong><em>\u00a0<\/em><\/strong><\/p>\n<p><strong>Wydarzenia kulturalne 2023<\/strong><\/p>\n<p><strong>Gmina Wle\u0144<\/strong><\/p>\n<p><strong><u>stycze\u0144<\/u><\/strong><\/p>\n<p>\u201e\u015awi\u0119to Szarlotki\u201d \u2013 Cykliczne wydarzenie o charakterze kulturalnym. Dla wszystkich mi\u0142o\u015bnik\u00f3w i smakoszy \u201eszarlotkowych\u201d smako\u0142yk\u00f3w.<\/p>\n<p><strong><u>luty<\/u><\/strong><\/p>\n<p>Ferie zimowe w OKSiT \u2013 Blok wydarze\u0144 kulturalnych, rekreacyjnych i sportowych dla dzieci i m\u0142odzie\u017cy podczas ferii zimowych.<\/p>\n<p><strong><u>kwiecie\u0144<\/u><\/strong><\/p>\n<p>Memoria\u0142 uliczny im. Micha\u0142a Fludra- Cykliczna impreza sportowa, kt\u00f3ra na sta\u0142e wpisa\u0142a si\u0119 w kalendarz polskich bieg\u00f3w.<\/p>\n<p><strong><u>czerwiec<\/u><\/strong><\/p>\n<p>Tygiel Tradycji we Wleniu- Cykliczna impreza kulturalna oraz sportowo-rekreacyjna- \u015awi\u0119to Miasta i Gminy Wle\u0144<\/p>\n<p><strong><u>lipiec\/sierpie\u0144<\/u><\/strong><\/p>\n<p>Lato na bruku- Cykl wydarze\u0144 plenerowych<\/p>\n<p>Wakacje z OKSiT- Blok wydarze\u0144 kulturalnych, rekreacyjnych i sportowych dla dzieci i m\u0142odzie\u017cy podczas wakacji.<\/p>\n<p><strong><u>wrzesie\u0144\/pa\u017adziernik<\/u><\/strong><\/p>\n<p>\u015awi\u0119to plon\u00f3w- Impreza cykliczna o charakterze kulturalnym oraz rekreacyjnym<\/p>\n<p><strong><u>pa\u017adziernik<\/u><\/strong><\/p>\n<p>Imieniny Jadwigi- Obchody Dni \u015awi\u0119tej Jadwigi \u015al\u0105skiej we Wleniu- patronki miasta<\/p>\n<p>&nbsp;<\/p>\n<p><strong>Wydarzenia kulturalne 2023<\/strong><\/p>\n<p><strong>Gmina Mirsk<\/strong><\/p>\n<p><strong><u>czerwiec<\/u><\/strong><\/p>\n<p>4 czerwca (niedziela)- Festyn &#8211; Dzie\u0144 Dziecka &#8211; stadion miejski w Mirsku,<\/p>\n<p><strong><u>wrzesie\u0144<\/u><\/strong><\/p>\n<p>9 wrze\u015bnia (niedziela)- Do\u017cynki Gminne &#8211; stadion miejski w Mirsku;<\/p>\n<p><strong><u>grudzie\u0144<\/u><\/strong><\/p>\n<p>17 grudnia- Jarmark \u015awi\u0105teczny\u00a0 &#8211; rynek miasta<\/p>\n<p><strong><em>\u00a0<\/em><\/strong><\/p>\n<p>&nbsp;<\/p>\n<p><strong>\u00a0<\/strong><\/p>\n","protected":false},"excerpt":{"rendered":"<p>Wydarzenia kulturalne 2023 Gmina Lw\u00f3wek \u015al\u0105ski stycze\u0144 8 stycznia (niedziela) \u2013 \u015bpiewanie kol\u0119d (ko\u015bci\u00f3\u0142 Franciszkan\u00f3w) 14 stycznia (sobota) \u2013 koncert zimowy uczestnik\u00f3w Centrum Muzycznego (LOK) 14 stycznia (sobota) \u2013 przegl\u0105d kol\u0119d (Sala Mieszcza\u0144ska) 20 stycznia  [&#8230;]<\/p>\n","protected":false},"author":4,"featured_media":0,"parent":0,"menu_order":0,"comment_status":"closed","ping_status":"closed","template":"","meta":{"_acf_changed":false,"footnotes":""},"class_list":["post-4629","page","type-page","status-publish","hentry"],"acf":false,"_links":{"self":[{"href":"https:\/\/powiatlwowecki.pl\/plci_json_endpoint\/wp\/v2\/pages\/4629","targetHints":{"allow":["GET"]}}],"collection":[{"href":"https:\/\/powiatlwowecki.pl\/plci_json_endpoint\/wp\/v2\/pages"}],"about":[{"href":"https:\/\/powiatlwowecki.pl\/plci_json_endpoint\/wp\/v2\/types\/page"}],"author":[{"embeddable":true,"href":"https:\/\/powiatlwowecki.pl\/plci_json_endpoint\/wp\/v2\/users\/4"}],"replies":[{"embeddable":true,"href":"https:\/\/powiatlwowecki.pl\/plci_json_endpoint\/wp\/v2\/comments?post=4629"}],"version-history":[{"count":1,"href":"https:\/\/powiatlwowecki.pl\/plci_json_endpoint\/wp\/v2\/pages\/4629\/revisions"}],"predecessor-version":[{"id":5817,"href":"https:\/\/powiatlwowecki.pl\/plci_json_endpoint\/wp\/v2\/pages\/4629\/revisions\/5817"}],"wp:attachment":[{"href":"https:\/\/powiatlwowecki.pl\/plci_json_endpoint\/wp\/v2\/media?parent=4629"}],"curies":[{"name":"wp","href":"https:\/\/api.w.org\/{rel}","templated":true}]}}