{"id":2604,"date":"2021-06-23T14:43:21","date_gmt":"2021-06-23T12:43:21","guid":{"rendered":"https:\/\/powiatlwowecki.pl\/?page_id=2604"},"modified":"2025-07-16T07:56:42","modified_gmt":"2025-07-16T05:56:42","slug":"telefony-pomocy-i-zaufania","status":"publish","type":"page","link":"https:\/\/powiatlwowecki.pl\/telefony-pomocy-i-zaufania\/","title":{"rendered":"Telefony pomocy i zaufania"},"content":{"rendered":"<div class=\"fusion-fullwidth fullwidth-box fusion-builder-row-1 nonhundred-percent-fullwidth non-hundred-percent-height-scrolling\" style=\"--awb-border-radius-top-left:0px;--awb-border-radius-top-right:0px;--awb-border-radius-bottom-right:0px;--awb-border-radius-bottom-left:0px;--awb-flex-wrap:wrap;\" ><div class=\"fusion-builder-row fusion-row\"><div class=\"fusion-layout-column fusion_builder_column fusion-builder-column-0 fusion_builder_column_1_1 1_1 fusion-one-full fusion-column-first fusion-column-last\" style=\"--awb-bg-size:cover;\"><div class=\"fusion-column-wrapper fusion-column-has-shadow fusion-flex-column-wrapper-legacy\"><div class=\"fusion-text fusion-text-1\"><p><img decoding=\"async\" class=\"alignnone wp-image-2605 \" src=\"https:\/\/powiatlwowecki.pl\/wp-content\/uploads\/2021\/06\/telefon-obrazek.jpg\" alt=\"\" width=\"541\" height=\"304\" srcset=\"https:\/\/powiatlwowecki.pl\/wp-content\/uploads\/2021\/06\/telefon-obrazek-24x13.jpg 24w, https:\/\/powiatlwowecki.pl\/wp-content\/uploads\/2021\/06\/telefon-obrazek-36x20.jpg 36w, https:\/\/powiatlwowecki.pl\/wp-content\/uploads\/2021\/06\/telefon-obrazek-48x27.jpg 48w, https:\/\/powiatlwowecki.pl\/wp-content\/uploads\/2021\/06\/telefon-obrazek-200x112.jpg 200w, https:\/\/powiatlwowecki.pl\/wp-content\/uploads\/2021\/06\/telefon-obrazek-300x169.jpg 300w, https:\/\/powiatlwowecki.pl\/wp-content\/uploads\/2021\/06\/telefon-obrazek-400x225.jpg 400w, https:\/\/powiatlwowecki.pl\/wp-content\/uploads\/2021\/06\/telefon-obrazek-600x337.jpg 600w, https:\/\/powiatlwowecki.pl\/wp-content\/uploads\/2021\/06\/telefon-obrazek-768x432.jpg 768w, https:\/\/powiatlwowecki.pl\/wp-content\/uploads\/2021\/06\/telefon-obrazek-800x450.jpg 800w, https:\/\/powiatlwowecki.pl\/wp-content\/uploads\/2021\/06\/telefon-obrazek.jpg 900w\" sizes=\"(max-width: 541px) 100vw, 541px\" \/><\/p>\n<p><strong>Skorzystaj z pomocy jednostek nieodp\u0142atnego poradnictwa!<\/strong><\/p>\n<ul>\n<li>Masz problem, ale nie wiesz jak go rozwi\u0105za\u0107?<\/li>\n<li>Potrzebujesz wsparcia, ale nie masz z kim porozmawia\u0107?<\/li>\n<li>Chcia\u0142by\u015b uzyska\u0107 pomoc w sprawach \u017cycia codziennego?<\/li>\n<\/ul>\n<p><strong>W sytuacjach nag\u0142ych dzwo\u0144 pod:<\/strong><\/p>\n<p><strong>112<\/strong> &#8211; europejski numer alarmowy<\/p>\n<p><strong>116 111<\/strong> &#8211; telefon zaufania dla dzieci i m\u0142odzie\u017cy<\/p>\n<p><strong>Poni\u017cej przedstawiamy tabel\u0119 z telefonami kontaktowymi do jednostek, w kt\u00f3rych za darmo mo\u017cesz uzyska\u0107 porad\u0119:<\/strong><\/p>\n<p><a href=\"https:\/\/bip.powiatlwowecki.pl\/wiadomosci\/8896\/wiadomosc\/831577\/lista_jednostek_nieodplatnego_poradnictwa_2024\">https:\/\/bip.powiatlwowecki.pl\/wiadomosci\/8896\/wiadomosc\/831577\/lista_jednostek_nieodplatnego_poradnictwa_2024<\/a><\/p>\n<\/div><div class=\"fusion-text fusion-text-2\"><p><strong>NIEODP\u0141ATNA POMOC PRAWNA i NIEODP\u0141ATNE PORADNICTWO OBYWATELSKIE<\/strong><\/p>\n<p><strong>Jak mo\u017cna zapisa\u0107 si\u0119 na nieodp\u0142atn\u0105 pomoc prawn\u0105?*<\/strong><\/p>\n<ul>\n<li>Zadzwo\u0144 do Starostwa Powiatowego w Lw\u00f3wku \u015al\u0105skim \u2013<strong> 75 782 36 50 (lub bezpo\u015brednio 75 782 28 22) <\/strong>\u2013 w celu um\u00f3wienia si\u0119 na porad\u0119 lub<\/li>\n<li>Um\u00f3w si\u0119 samodzielnie przez formularz na stronie <a href=\"https:\/\/np.ms.gov.pl\/dolno%C5%9Bl%C4%85skie\/lw%C3%B3wecki\"><strong>np.ms.gov.pl<\/strong><\/a><\/li>\n<\/ul>\n<p><strong>W Powiecie Lw\u00f3weckim otwarte zosta\u0142y dwa punkty:<\/strong><\/p>\n<ol>\n<li>punkt powierzony adwokatom i radcom prawnym z przeznaczeniem na udzielanie nieodp\u0142atnej pomocy prawnej,<\/li>\n<li>punkt powierzony organizacji pozarz\u0105dowej prowadz\u0105cej dzia\u0142alno\u015b\u0107 po\u017cytku publicznego z przeznaczeniem na udzielanie nieodp\u0142atnej pomocy prawnej oraz \u015bwiadczenie nieodp\u0142atnego poradnictwa obywatelskiego<\/li>\n<\/ol>\n<p>Punkty czynne s\u0105:<\/p>\n<\/div>\n<table width=\"100%\">\n<thead>\n<tr>\n<td><strong>Dzie\u0144 tygodnia<\/strong><\/td>\n<td><strong>Lokalizacja punktu<\/strong><\/td>\n<td><strong>Godziny urz\u0119dowania<\/strong><\/td>\n<td><strong>\u015awiadcz\u0105cy pomoc prawn\u0105<\/strong><\/td>\n<\/tr>\n<\/thead>\n<tbody>\n<tr>\n<td><strong>poniedzia\u0142ek<\/strong><\/td>\n<td>Lubomierz, Plac Wolno\u015bci 1<\/p>\n<p>(MOPS)<\/td>\n<td>9.00-13.00<\/td>\n<td>Radca Prawny<\/td>\n<\/tr>\n<tr>\n<td>poniedzia\u0142ek<\/td>\n<td>Gryf\u00f3w \u015al. Rynek 1 (wej\u015bcie od strony postoju taks\u00f3wek)<\/td>\n<td>14.00-18.00<\/td>\n<td>Organizacja pozarz\u0105dowa<\/p>\n<p>Stowarzyszenie Sursum Corda<\/td>\n<\/tr>\n<tr>\n<td><strong>wtorek<\/strong><\/td>\n<td>Mirsk, ul. Mickiewicza 35<\/td>\n<td>14.00-18.00<\/td>\n<td>Organizacja pozarz\u0105dowa<\/p>\n<p>Stowarzyszenie Sursum Corda<\/td>\n<\/tr>\n<tr>\n<td>wtorek<\/td>\n<td>Wle\u0144 ul. Ko\u015bciuszki 1a<\/td>\n<td>9.00-13.00<\/td>\n<td>Radca prawny<\/td>\n<\/tr>\n<tr>\n<td><strong>\u015broda<\/strong><\/td>\n<td>Mirsk, ul. Mickiewicza 35<\/td>\n<td>14.00-18.00<\/td>\n<td>Organizacja pozarz\u0105dowa<\/p>\n<p>Stowarzyszenie Sursum Corda<\/td>\n<\/tr>\n<tr>\n<td>\u015broda<\/td>\n<td>Lw\u00f3wek \u015al\u0105ski, ul. Szpitalna 4<\/td>\n<td>12.00-16.00<\/td>\n<td>Adwokat<\/td>\n<\/tr>\n<tr>\n<td><strong>czwartek<\/strong><\/td>\n<td>Mirsk, ul. Mickiewicza 35<\/td>\n<td>14.00-18.00<\/p>\n<p>nieodp\u0142atna pomoc prawna, z wyj\u0105tkiem pierwszego czwartku miesi\u0105ca, w kt\u00f3rym \u015bwiadczone b\u0119dzie <strong>nieodp\u0142atne poradnictwo obywatelskie<\/strong><\/td>\n<td>Organizacja pozarz\u0105dowa<\/p>\n<p>Stowarzyszenie Sursum Corda<\/td>\n<\/tr>\n<tr>\n<td>czwartek<\/td>\n<td>Lw\u00f3wek \u015al\u0105ski, ul. Szpitalna 4<\/td>\n<td>12.00-16.00<\/td>\n<td>Adwokat<\/td>\n<\/tr>\n<tr>\n<td><strong>pi\u0105tek<\/strong><\/td>\n<td>Gryf\u00f3w \u015al. Rynek 1 (wej\u015bcie od strony postoju taks\u00f3wek)<\/td>\n<td>14.00-18.00<\/td>\n<td>Organizacja pozarz\u0105dowa<\/p>\n<p>Stowarzyszenie Sursum Corda<\/td>\n<\/tr>\n<tr>\n<td>pi\u0105tek<\/td>\n<td>Lw\u00f3wek \u015al\u0105ski, ul. Szpitalna 4<\/td>\n<td>9.00-13.00<\/td>\n<td>Adwokat<\/td>\n<\/tr>\n<\/tbody>\n<\/table>\n<div class=\"fusion-clearfix\"><\/div><\/div><\/div><\/div><\/div>\n","protected":false},"excerpt":{"rendered":"","protected":false},"author":6,"featured_media":0,"parent":0,"menu_order":0,"comment_status":"closed","ping_status":"closed","template":"kafle.php","meta":{"_acf_changed":false,"footnotes":""},"class_list":["post-2604","page","type-page","status-publish","hentry"],"acf":false,"_links":{"self":[{"href":"https:\/\/powiatlwowecki.pl\/plci_json_endpoint\/wp\/v2\/pages\/2604","targetHints":{"allow":["GET"]}}],"collection":[{"href":"https:\/\/powiatlwowecki.pl\/plci_json_endpoint\/wp\/v2\/pages"}],"about":[{"href":"https:\/\/powiatlwowecki.pl\/plci_json_endpoint\/wp\/v2\/types\/page"}],"author":[{"embeddable":true,"href":"https:\/\/powiatlwowecki.pl\/plci_json_endpoint\/wp\/v2\/users\/6"}],"replies":[{"embeddable":true,"href":"https:\/\/powiatlwowecki.pl\/plci_json_endpoint\/wp\/v2\/comments?post=2604"}],"version-history":[{"count":3,"href":"https:\/\/powiatlwowecki.pl\/plci_json_endpoint\/wp\/v2\/pages\/2604\/revisions"}],"predecessor-version":[{"id":10336,"href":"https:\/\/powiatlwowecki.pl\/plci_json_endpoint\/wp\/v2\/pages\/2604\/revisions\/10336"}],"wp:attachment":[{"href":"https:\/\/powiatlwowecki.pl\/plci_json_endpoint\/wp\/v2\/media?parent=2604"}],"curies":[{"name":"wp","href":"https:\/\/api.w.org\/{rel}","templated":true}]}}