{"id":2565,"date":"2021-06-10T12:05:44","date_gmt":"2021-06-10T10:05:44","guid":{"rendered":"https:\/\/powiatlwowecki.pl\/?page_id=2565"},"modified":"2021-06-10T12:07:20","modified_gmt":"2021-06-10T10:07:20","slug":"strona-glowna-2","status":"publish","type":"page","link":"https:\/\/powiatlwowecki.pl\/strona-glowna-2\/","title":{"rendered":"Strona g\u0142\u00f3wna"},"content":{"rendered":"<p><div class=\"fusion-fullwidth fullwidth-box fusion-builder-row-1 hundred-percent-fullwidth non-hundred-percent-height-scrolling\" style=\"--awb-border-radius-top-left:0px;--awb-border-radius-top-right:0px;--awb-border-radius-bottom-right:0px;--awb-border-radius-bottom-left:0px;--awb-padding-top:40px;--awb-padding-bottom:20px;--awb-background-color:#f4f4f4;--awb-flex-wrap:wrap;\" ><div class=\"fusion-builder-row fusion-row\"><div class=\"fusion-layout-column fusion_builder_column fusion-builder-column-0 fusion_builder_column_1_1 1_1 fusion-one-full fusion-column-first fusion-column-last\" style=\"--awb-bg-size:cover;\"><div class=\"fusion-column-wrapper fusion-column-has-shadow fusion-flex-column-wrapper-legacy\"><div class=\"fusion-text fusion-text-1\"><h1 style=\"text-align: center;\"><span style=\"font-size: 36pt;\">Turystyka w powiecie<\/span><\/h1>\n<\/div>\t\t\t\t\t<div class=\"fusion-slider-container fusion-slider-sc-turystyka fusion-slider-81 full-width-slider\" style=\"height:600px; max-width:100%;\" data-id=\"81\" data-full_height=\"\">\n\t\t\t\t\t\t<style type=\"text\/css\">.fusion-slider-81 .flex-direction-nav a {width:63px;height:63px;line-height:63px;font-size:25px;}<\/style>\t\t\t\t\t\t<div class=\"fusion-slider-loading\">Loading...<\/div>\n\t\t\t\t\t\t<div class=\"tfs-slider flexslider main-flex full-width-slider\" data-slider_width=\"100%\" data-slider_height=\"600px\" data-full_screen=\"0\" data-parallax=\"0\" data-nav_arrows=\"1\" data-nav_box_width=\"63px\" data-nav_box_height=\"63px\" data-nav_arrow_size=\"25px\" data-autoplay=\"1\" data-loop=\"0\" data-orderby=\"date\" data-order=\"DESC\" data-animation=\"slide\" data-slideshow_speed=\"7000\" data-animation_speed=\"600\" data-typo_sensitivity=\"1\" data-typo_factor=\"1.5\" style=\"max-width:100%;\">\n\t\t\t\t\t\t\t<ul class=\"slides\">\n\t\t\t\t\t\t\t\t\t\t\t\t\t\t\t\t\t<li data-mute=\"yes\" data-loop=\"yes\" data-autoplay=\"yes\">\n\t\t\t\t\t\t\t\t\t\t<div class=\"slide-content-container slide-content-center\" style=\"display: none;\">\n\t\t\t\t\t\t\t\t\t\t\t<div class=\"slide-content\" style=\"\">\n\t\t\t\t\t\t\t\t\t\t\t\t\t\t\t\t\t\t\t\t\t\t\t\t\t\t\t\t\t\t\t\t\t\t\t\t\t\t\t\t\t\t\t\t\t\t\t<\/div>\n\t\t\t\t\t\t\t\t\t\t<\/div>\n\t\t\t\t\t\t\t\t\t\t\t\t\t\t\t\t\t\t\t\t\t\t\t\t\t\t\t\t\t\t\t\t\t\t\t\t\t\t\t\t<div class=\"background background-image\" style=\"background-image: url(https:\/\/powiatlwowecki.pl\/wp-content\/uploads\/2021\/04\/slide-turystyka.png);max-width:100%;height:600px;filter: progid:DXImageTransform.Microsoft.AlphaImageLoader(src='https:\/\/powiatlwowecki.pl\/wp-content\/uploads\/2021\/04\/slide-turystyka.png', sizingMethod='scale');\" data-imgwidth=\"2880\">\n\t\t\t\t\t\t\t\t\t\t\t\t\t\t\t\t\t\t\t\t\t\t\t\t\t\t\t\t\t\t\t\t\t\t\t\t\t\t\t\t\t\t\t\t\t\t\t\t\t\t\t\t\t\t\t\t\t<div style=\"position: absolute; top: 0; left: 0; z-index: -99; width: 100%; height: 100%\" data-youtube-video-id=\"2DNO-MvDkOQ\" data-video-aspect-ratio=\"16:9\">\n\t\t\t\t\t\t\t\t\t\t\t\t\t<div id=\"video-2DNO-MvDkOQ-inner\">\n\t\t\t\t\t\t\t\t\t\t\t\t\t\t<iframe height=\"100%\" width=\"100%\" src=\"https:\/\/www.youtube.com\/embed\/2DNO-MvDkOQ?wmode=transparent&amp;modestbranding=1&amp;showinfo=0&amp;autohide=1&amp;enablejsapi=1&amp;rel=0&amp;vq=hd720&amp;&amp;autoplay=1&amp;muted=1&amp;loop=1&amp;playlist=2DNO-MvDkOQ&amp;controls=0\" data-fusion-no-placeholder><\/iframe>\n\t\t\t\t\t\t\t\t\t\t\t\t\t<\/div>\n\t\t\t\t\t\t\t\t\t\t\t\t<\/div>\n\t\t\t\t\t\t\t\t\t\t\t\t\t\t\t\t\t\t\t\t\t\t\t\t\t\t\t\t\t\t\t\t<\/div>\n\t\t\t\t\t\t\t\t\t<\/li>\n\t\t\t\t\t\t\t\t\t\t\t\t\t\t\t\t\t\t\t\t\t\t\t<\/ul>\n\t\t\t\t\t\t<\/div>\n\t\t\t\t\t<\/div>\n\t\t\t\t\t\t\t\t<div class=\"fusion-clearfix\"><\/div><\/div><\/div><\/div><\/div><div class=\"fusion-fullwidth fullwidth-box fusion-builder-row-2 nonhundred-percent-fullwidth non-hundred-percent-height-scrolling\" style=\"--awb-border-radius-top-left:0px;--awb-border-radius-top-right:0px;--awb-border-radius-bottom-right:0px;--awb-border-radius-bottom-left:0px;--awb-padding-top:40px;--awb-padding-bottom:20px;--awb-background-color:#f4f4f4;--awb-flex-wrap:wrap;\" ><div class=\"fusion-builder-row fusion-row\"><div class=\"fusion-layout-column fusion_builder_column fusion-builder-column-1 fusion_builder_column_1_1 1_1 fusion-one-full fusion-column-first fusion-column-last\" style=\"--awb-bg-size:cover;\"><div class=\"fusion-column-wrapper fusion-column-has-shadow fusion-flex-column-wrapper-legacy\"><div class=\"fusion-tabs fusion-tabs-1 clean nav-is-justified tabs-custom-1 horizontal-tabs horizontal-tabs icon-position-left mobile-mode-accordion\" style=\"--awb-title-border-radius-top-left:0px;--awb-title-border-radius-top-right:0px;--awb-title-border-radius-bottom-right:0px;--awb-title-border-radius-bottom-left:0px;--awb-inactive-color:#f4f4f4;--awb-background-color:#9dd600;--awb-border-color:rgba(255,255,255,0);--awb-active-border-color:#000000;\"><div class=\"nav\"><ul class=\"nav-tabs nav-justified\" role=\"tablist\"><li class=\"active\" role=\"presentation\"><a class=\"tab-link\" data-toggle=\"tab\" role=\"tab\" aria-controls=\"tab-53fc1a372f3f25a01f0\" aria-selected=\"true\" id=\"fusion-tab-trasyrowerowe\" href=\"#tab-53fc1a372f3f25a01f0\"><h4 class=\"fusion-tab-heading\"><i class=\"fontawesome-icon fa-biking fas\" aria-hidden=\"true\" style=\"font-size:64px;\"><\/i>Trasy rowerowe<\/h4><\/a><\/li><li role=\"presentation\"><a class=\"tab-link\" data-toggle=\"tab\" role=\"tab\" aria-controls=\"tab-8dccc927545d9d55a42\" aria-selected=\"false\" tabindex=\"-1\" id=\"fusion-tab-ciekawostki\" href=\"#tab-8dccc927545d9d55a42\"><h4 class=\"fusion-tab-heading\"><i class=\"fontawesome-icon fa-lightbulb fas\" aria-hidden=\"true\" style=\"font-size:64px;\"><\/i>Ciekawostki<\/h4><\/a><\/li><li role=\"presentation\"><a class=\"tab-link\" data-toggle=\"tab\" role=\"tab\" aria-controls=\"tab-fb79f405a7743f1bb06\" aria-selected=\"false\" tabindex=\"-1\" id=\"fusion-tab-noclegi\" href=\"#tab-fb79f405a7743f1bb06\"><h4 class=\"fusion-tab-heading\"><i class=\"fontawesome-icon fa-bed fas\" aria-hidden=\"true\" style=\"font-size:64px;\"><\/i>Noclegi<\/h4><\/a><\/li><li role=\"presentation\"><a class=\"tab-link\" data-toggle=\"tab\" role=\"tab\" aria-controls=\"tab-1e267cf67801d143e98\" aria-selected=\"false\" tabindex=\"-1\" id=\"fusion-tab-informacjaturystyczna\" href=\"#tab-1e267cf67801d143e98\"><h4 class=\"fusion-tab-heading\"><i class=\"fontawesome-icon fa-info fas\" aria-hidden=\"true\" style=\"font-size:64px;\"><\/i>Informacja turystyczna<\/h4><\/a><\/li><\/ul><\/div><div class=\"tab-content\"><div class=\"nav fusion-mobile-tab-nav\"><ul class=\"nav-tabs nav-justified\" role=\"tablist\"><li class=\"active\" role=\"presentation\"><a class=\"tab-link\" data-toggle=\"tab\" role=\"tab\" aria-controls=\"tab-53fc1a372f3f25a01f0\" aria-selected=\"true\" id=\"mobile-fusion-tab-trasyrowerowe\" href=\"#tab-53fc1a372f3f25a01f0\"><h4 class=\"fusion-tab-heading\"><i class=\"fontawesome-icon fa-biking fas\" aria-hidden=\"true\" style=\"font-size:64px;\"><\/i>Trasy rowerowe<\/h4><\/a><\/li><\/ul><\/div><div class=\"tab-pane fade fusion-clearfix in active\" role=\"tabpanel\" tabindex=\"0\" aria-labelledby=\"fusion-tab-trasyrowerowe\" id=\"tab-53fc1a372f3f25a01f0\">Na terenie Powiatu Lw\u00f3weckiego krzy\u017cuje si\u0119 pi\u0119\u0107 z dziesi\u0119ciu wytyczonych <strong>Euroregionalnych Magistrali Rowerowych oznaczanych symbolem ER<\/strong>. To wyj\u0105tkowy k\u0105sek dla rowerzyst\u00f3w, zar\u00f3wno amator\u00f3w rowerowych spacer\u00f3w jak te\u017c wyczynowc\u00f3w. Wszystko to uzupe\u0142nione o liczne trasy rowerowe w poszczeg\u00f3lnych gminach pozwala na ich wielorakie \u0142\u0105czenie w d\u0142u\u017csze trasy wielodniowe jak i popo\u0142udniowe spacery. Zach\u0119camy do skorzystania z bogatej oferty tras, na kt\u00f3rych ka\u017cdy rowerzysta znajdzie moc wra\u017ce\u0144 i niezapomnianych widok\u00f3w.<\/p>\n<p><span style=\"font-size: 14pt;\"><strong>Serdecznie zapraszamy do interaktywnej mapy szlak\u00f3w rowerowych:<\/strong><\/span> <a href=\"http:\/\/szlakirowerowe.powiatlwowecki.pl\/\" target=\"_blank\" rel=\"noopener\"><span style=\"color: #299999;\"><strong><span style=\"font-size: 18pt;\"><span style=\"font-size: 24pt;\">\u2265\u2265<\/span> <img decoding=\"async\" class=\"alignnone wp-image-2076\" src=\"https:\/\/powiatlwowecki.pl\/wp-content\/uploads\/2021\/01\/cyclist.png\" alt=\"\" width=\"47\" height=\"47\" srcset=\"https:\/\/powiatlwowecki.pl\/wp-content\/uploads\/2021\/01\/cyclist-24x24.png 24w, https:\/\/powiatlwowecki.pl\/wp-content\/uploads\/2021\/01\/cyclist-36x36.png 36w, https:\/\/powiatlwowecki.pl\/wp-content\/uploads\/2021\/01\/cyclist-48x48.png 48w, https:\/\/powiatlwowecki.pl\/wp-content\/uploads\/2021\/01\/cyclist-66x66.png 66w, https:\/\/powiatlwowecki.pl\/wp-content\/uploads\/2021\/01\/cyclist-150x150.png 150w, https:\/\/powiatlwowecki.pl\/wp-content\/uploads\/2021\/01\/cyclist-200x200.png 200w, https:\/\/powiatlwowecki.pl\/wp-content\/uploads\/2021\/01\/cyclist-300x300.png 300w, https:\/\/powiatlwowecki.pl\/wp-content\/uploads\/2021\/01\/cyclist-400x400.png 400w, https:\/\/powiatlwowecki.pl\/wp-content\/uploads\/2021\/01\/cyclist.png 512w\" sizes=\"(max-width: 47px) 100vw, 47px\" \/> <span style=\"font-size: 24pt;\">\u2265\u2265<\/span><\/span><\/strong><\/span><\/a><\/p>\n<p><a href=\"https:\/\/powiatlwowecki.pl\/wp-content\/uploads\/2021\/01\/Petla-powiatu-lwoweckiego-1024x822.jpg\"><img decoding=\"async\" class=\"wp-image-2075 aligncenter\" src=\"https:\/\/powiatlwowecki.pl\/wp-content\/uploads\/2021\/01\/Petla-powiatu-lwoweckiego-1024x822.jpg\" alt=\"\" width=\"806\" height=\"647\" srcset=\"https:\/\/powiatlwowecki.pl\/wp-content\/uploads\/2021\/01\/Petla-powiatu-lwoweckiego-24x19.jpg 24w, https:\/\/powiatlwowecki.pl\/wp-content\/uploads\/2021\/01\/Petla-powiatu-lwoweckiego-36x29.jpg 36w, https:\/\/powiatlwowecki.pl\/wp-content\/uploads\/2021\/01\/Petla-powiatu-lwoweckiego-48x39.jpg 48w, https:\/\/powiatlwowecki.pl\/wp-content\/uploads\/2021\/01\/Petla-powiatu-lwoweckiego-177x142.jpg 177w, https:\/\/powiatlwowecki.pl\/wp-content\/uploads\/2021\/01\/Petla-powiatu-lwoweckiego-200x161.jpg 200w, https:\/\/powiatlwowecki.pl\/wp-content\/uploads\/2021\/01\/Petla-powiatu-lwoweckiego-300x241.jpg 300w, https:\/\/powiatlwowecki.pl\/wp-content\/uploads\/2021\/01\/Petla-powiatu-lwoweckiego-400x321.jpg 400w, https:\/\/powiatlwowecki.pl\/wp-content\/uploads\/2021\/01\/Petla-powiatu-lwoweckiego-600x482.jpg 600w, https:\/\/powiatlwowecki.pl\/wp-content\/uploads\/2021\/01\/Petla-powiatu-lwoweckiego-768x616.jpg 768w, https:\/\/powiatlwowecki.pl\/wp-content\/uploads\/2021\/01\/Petla-powiatu-lwoweckiego-800x642.jpg 800w, https:\/\/powiatlwowecki.pl\/wp-content\/uploads\/2021\/01\/Petla-powiatu-lwoweckiego-1024x822.jpg 1024w, https:\/\/powiatlwowecki.pl\/wp-content\/uploads\/2021\/01\/Petla-powiatu-lwoweckiego-1200x963.jpg 1200w, https:\/\/powiatlwowecki.pl\/wp-content\/uploads\/2021\/01\/Petla-powiatu-lwoweckiego-1536x1233.jpg 1536w\" sizes=\"(max-width: 806px) 100vw, 806px\" \/> \/a&gt;<\/div><div class=\"nav fusion-mobile-tab-nav\"><ul class=\"nav-tabs nav-justified\" role=\"tablist\"><li role=\"presentation\"><a class=\"tab-link\" data-toggle=\"tab\" role=\"tab\" aria-controls=\"tab-8dccc927545d9d55a42\" aria-selected=\"false\" tabindex=\"-1\" id=\"mobile-fusion-tab-ciekawostki\" href=\"#tab-8dccc927545d9d55a42\"><h4 class=\"fusion-tab-heading\"><i class=\"fontawesome-icon fa-lightbulb fas\" aria-hidden=\"true\" style=\"font-size:64px;\"><\/i>Ciekawostki<\/h4><\/a><\/li><\/ul><\/div><div class=\"tab-pane fade fusion-clearfix\" role=\"tabpanel\" tabindex=\"0\" aria-labelledby=\"fusion-tab-ciekawostki\" id=\"tab-8dccc927545d9d55a42\"><\/a><a href=\"https:\/\/powiatlwowecki.pl\/ciekawostki-powiatu-lwoweckiego\/\"><img decoding=\"async\" class=\"alignnone wp-image-2420 size-large\" src=\"https:\/\/powiatlwowecki.pl\/wp-content\/uploads\/2021\/04\/Ciekawostki-baner-1024x213.png\" alt=\"baner b\u0119d\u0105cy linkiem do strony ciekawostek\" width=\"1024\" height=\"213\" srcset=\"https:\/\/powiatlwowecki.pl\/wp-content\/uploads\/2021\/04\/Ciekawostki-baner-24x5.png 24w, https:\/\/powiatlwowecki.pl\/wp-content\/uploads\/2021\/04\/Ciekawostki-baner-36x8.png 36w, https:\/\/powiatlwowecki.pl\/wp-content\/uploads\/2021\/04\/Ciekawostki-baner-48x10.png 48w, https:\/\/powiatlwowecki.pl\/wp-content\/uploads\/2021\/04\/Ciekawostki-baner-200x42.png 200w, https:\/\/powiatlwowecki.pl\/wp-content\/uploads\/2021\/04\/Ciekawostki-baner-300x63.png 300w, https:\/\/powiatlwowecki.pl\/wp-content\/uploads\/2021\/04\/Ciekawostki-baner-400x83.png 400w, https:\/\/powiatlwowecki.pl\/wp-content\/uploads\/2021\/04\/Ciekawostki-baner-600x125.png 600w, https:\/\/powiatlwowecki.pl\/wp-content\/uploads\/2021\/04\/Ciekawostki-baner-768x160.png 768w, https:\/\/powiatlwowecki.pl\/wp-content\/uploads\/2021\/04\/Ciekawostki-baner-800x167.png 800w, https:\/\/powiatlwowecki.pl\/wp-content\/uploads\/2021\/04\/Ciekawostki-baner-1024x213.png 1024w, https:\/\/powiatlwowecki.pl\/wp-content\/uploads\/2021\/04\/Ciekawostki-baner-1200x250.png 1200w, https:\/\/powiatlwowecki.pl\/wp-content\/uploads\/2021\/04\/Ciekawostki-baner-1536x320.png 1536w\" sizes=\"(max-width: 1024px) 100vw, 1024px\" \/><\/a><\/p>\n<p>Fot. Agnieszka Wolska &#8222;Zielone widoki&#8221;<\/div><div class=\"nav fusion-mobile-tab-nav\"><ul class=\"nav-tabs nav-justified\" role=\"tablist\"><li role=\"presentation\"><a class=\"tab-link\" data-toggle=\"tab\" role=\"tab\" aria-controls=\"tab-fb79f405a7743f1bb06\" aria-selected=\"false\" tabindex=\"-1\" id=\"mobile-fusion-tab-noclegi\" href=\"#tab-fb79f405a7743f1bb06\"><h4 class=\"fusion-tab-heading\"><i class=\"fontawesome-icon fa-bed fas\" aria-hidden=\"true\" style=\"font-size:64px;\"><\/i>Noclegi<\/h4><\/a><\/li><\/ul><\/div><div class=\"tab-pane fade fusion-clearfix\" role=\"tabpanel\" tabindex=\"0\" aria-labelledby=\"fusion-tab-noclegi\" id=\"tab-fb79f405a7743f1bb06\">\n<p><img decoding=\"async\" class=\"alignnone size-medium wp-image-1197\" src=\"https:\/\/powiatlwowecki.pl\/wp-content\/uploads\/2020\/10\/Wlen-rynek1-300x200.jpg\" alt=\"\" width=\"300\" height=\"200\" srcset=\"https:\/\/powiatlwowecki.pl\/wp-content\/uploads\/2020\/10\/Wlen-rynek1-24x16.jpg 24w, https:\/\/powiatlwowecki.pl\/wp-content\/uploads\/2020\/10\/Wlen-rynek1-36x24.jpg 36w, https:\/\/powiatlwowecki.pl\/wp-content\/uploads\/2020\/10\/Wlen-rynek1-48x32.jpg 48w, https:\/\/powiatlwowecki.pl\/wp-content\/uploads\/2020\/10\/Wlen-rynek1-200x133.jpg 200w, https:\/\/powiatlwowecki.pl\/wp-content\/uploads\/2020\/10\/Wlen-rynek1-300x200.jpg 300w, https:\/\/powiatlwowecki.pl\/wp-content\/uploads\/2020\/10\/Wlen-rynek1-400x267.jpg 400w, https:\/\/powiatlwowecki.pl\/wp-content\/uploads\/2020\/10\/Wlen-rynek1-600x400.jpg 600w, https:\/\/powiatlwowecki.pl\/wp-content\/uploads\/2020\/10\/Wlen-rynek1-768x512.jpg 768w, https:\/\/powiatlwowecki.pl\/wp-content\/uploads\/2020\/10\/Wlen-rynek1-800x533.jpg 800w, https:\/\/powiatlwowecki.pl\/wp-content\/uploads\/2020\/10\/Wlen-rynek1-1024x683.jpg 1024w, https:\/\/powiatlwowecki.pl\/wp-content\/uploads\/2020\/10\/Wlen-rynek1-1200x800.jpg 1200w, https:\/\/powiatlwowecki.pl\/wp-content\/uploads\/2020\/10\/Wlen-rynek1-1536x1024.jpg 1536w, https:\/\/powiatlwowecki.pl\/wp-content\/uploads\/2020\/10\/Wlen-rynek1.jpg 1920w\" sizes=\"(max-width: 300px) 100vw, 300px\" \/><\/p>\n<\/div><div class=\"nav fusion-mobile-tab-nav\"><ul class=\"nav-tabs nav-justified\" role=\"tablist\"><li role=\"presentation\"><a class=\"tab-link\" data-toggle=\"tab\" role=\"tab\" aria-controls=\"tab-1e267cf67801d143e98\" aria-selected=\"false\" tabindex=\"-1\" id=\"mobile-fusion-tab-informacjaturystyczna\" href=\"#tab-1e267cf67801d143e98\"><h4 class=\"fusion-tab-heading\"><i class=\"fontawesome-icon fa-info fas\" aria-hidden=\"true\" style=\"font-size:64px;\"><\/i>Informacja turystyczna<\/h4><\/a><\/li><\/ul><\/div><div class=\"tab-pane fade fusion-clearfix\" role=\"tabpanel\" tabindex=\"0\" aria-labelledby=\"fusion-tab-informacjaturystyczna\" id=\"tab-1e267cf67801d143e98\">\n<p><span style=\"font-size: 18pt;\"><strong>PUNKTY INFORMACJI TURYSTYCZNEJ W POWIECIE LW\u00d3WECKIM<\/strong><\/span><\/p>\n<ul>\n<li><span style=\"color: #008000;\"><strong>Punkt Informacji Turystycznej w Lw\u00f3wku \u015al\u0105skim<\/strong><\/span><\/li>\n<\/ul>\n<p>Tel: +48 <span class=\"d2edcug0 hpfvmrgz qv66sw1b c1et5uql lr9zc1uh a8c37x1j keod5gw0 nxhoafnm aigsh9s9 d3f4x2em fe6kdd0r mau55g9w c8b282yb iv3no6db jq4qci2q a3bd9o3v knj5qynh oo9gr5id hzawbc8m\" dir=\"auto\"><span class=\"d2edcug0 hpfvmrgz qv66sw1b c1et5uql lr9zc1uh jq4qci2q a3bd9o3v knj5qynh oo9gr5id\">511 416 660<\/span><\/span><\/p>\n<p>E-mail: <span class=\"d2edcug0 hpfvmrgz qv66sw1b c1et5uql lr9zc1uh a8c37x1j keod5gw0 nxhoafnm aigsh9s9 d3f4x2em fe6kdd0r mau55g9w c8b282yb iv3no6db jq4qci2q a3bd9o3v knj5qynh oo9gr5id hzawbc8m\" dir=\"auto\"><span class=\"d2edcug0 hpfvmrgz qv66sw1b c1et5uql lr9zc1uh jq4qci2q a3bd9o3v knj5qynh py34i1dx\"><a class=\"oajrlxb2 g5ia77u1 qu0x051f esr5mh6w e9989ue4 r7d6kgcz rq0escxv nhd2j8a9 nc684nl6 p7hjln8o kvgmc6g5 cxmmr5t8 oygrvhab hcukyx3x jb3vyjys rz4wbd8a qt6c0cv9 a8nywdso i1ao9s8h esuyzwwr f1sip0of lzcic4wl py34i1dx gpro0wi8\" tabindex=\"0\" role=\"link\" href=\"mailto:it@bibliotekalwowecka.pl\" target=\"_blank\" rel=\"noopener\">it@bibliotekalwowecka.pl<\/a><\/span><\/span><\/p>\n<p>Strona internetowa: <a href=\"https:\/\/www.facebook.com\/informacja.turystyczna.lwowek.slaski\/\" target=\"_blank\" rel=\"noopener\">Punkt Informacji Turystycznej w Lw\u00f3wku \u015al\u0105skim [w nowym oknie]<\/a><\/p>\n<p>Adres: Plac Wolno\u015bci, Lw\u00f3wek \u015al\u0105ski <a href=\"https:\/\/www.google.com\/maps\/dir\/\/51.1107702,15.5869174\/@51.1109007,15.5835716,15.75z\" target=\"_blank\" rel=\"noopener\">na mapie Google [w nowym oknie]<\/a><\/p>\n<ul>\n<li><span style=\"color: #008000;\"><strong>Centrum Informacji Turystycznej w Gryfowie \u015al\u0105skim<\/strong><\/span><\/li>\n<\/ul>\n<p>Tel: <span title=\"Telefon stacjonarny\">+48 757 812 944<\/span><\/p>\n<p>E-mail: <span title=\"Email\"><a href=\"mailto:it@gryfow.pl\">it@gryfow.pl<\/a><\/span><\/p>\n<p>Adres: Rynek G\u0142\u00f3wny 33, Gryf\u00f3w \u015al\u0105ski <a href=\"https:\/\/www.google.pl\/maps\/place\/Rynek+33,+59-620+Gryf\u00f3w+\u015al\u0105ski\/@51.0279981,15.4128916,17z\/data=!4m5!3m4!1s0x470f2a4687cb1239:0x62125432c2c9cf6d!8m2!3d51.0279953!4d15.4150803\" target=\"_blank\" rel=\"noopener\">na mapie Google [w nowym oknie]<\/a><\/p>\n<ul>\n<li><span style=\"color: #008000;\"><strong>Centrum Informacji Turystycznej w Mirsku<\/strong><\/span><\/li>\n<\/ul>\n<p>Tel: +48 756 470 468<\/p>\n<p>E-mail: <a href=\"mailto:it@mirsk.pl\">it@mirsk.pl<\/a><\/p>\n<p>Adres: Plac Wolnos\u0107i 39, Mirsk <a href=\"https:\/\/www.google.com\/maps\/place\/plac+Wolno%C5%9Bci+39,+59-630+Mirsk\/@50.9700424,15.3810834,17z\/data=!3m1!4b1!4m5!3m4!1s0x470ed5b7153ae75d:0xa0e2a3252aa6f7cf!8m2!3d50.9700424!4d15.3832721?hl=pl-PL\" target=\"_blank\" rel=\"noopener\">na mapie Google [w nowym oknie]<\/a><\/p>\n<ul>\n<li><span style=\"color: #008000;\"><strong>Punkt Informacji Turystycznej we Wleniu<br \/>\n<\/strong><\/span><\/li>\n<\/ul>\n<p>Tel: +48 514 865 763<\/p>\n<p>E-mail: <a href=\"mailto:it@wlen.pl\">it@wlen.pl<\/a><\/p>\n<p>Strona internetowa: <a href=\"https:\/\/oksit.wlen.pl\/\" target=\"_blank\" rel=\"noopener\">O\u015brodek Kultury, Sportu i Turystyki [w nowym oknie]<\/a><\/p>\n<p>Adres: ul. <span class=\"LrzXr\">Chopina 2<\/span>, Wle\u0144 <a href=\"https:\/\/www.google.com\/maps\/place\/Chopina+2,+59-610+Wle%C5%84\/@51.0168724,15.6742826,17.5z\/data=!4m13!1m7!3m6!1s0x470f26c54bd1138b:0xd5136d1bd6b0005f!2sChopina+2,+59-610+Wle%C5%84!3b1!8m2!3d51.01738!4d15.674972!3m4!1s0x470f26c54bd1138b:0xd5136d1bd6b0005f!8m2!3d51.01738!4d15.674972?hl=pl-PL\" target=\"_blank\" rel=\"noopener\">na mapie Google [w nowym oknie]<\/a><\/p>\n<ul>\n<li><strong><span style=\"color: #008000;\">Punkt Informacji Turystycznej w Lubomierzu<\/span><br \/>\n<\/strong><\/li>\n<\/ul>\n<p>Tel: +48 757 352 872<\/p>\n<p>E-mail: <a href=\"mailto:lubomierzlck@wp.pl\" target=\"_blank\" rel=\"noopener\"><span class=\"elementor-icon-list-text\">lubomierzlck@wp.pl<\/span> <\/a><\/p>\n<p>Strona internetowa: <a href=\"https:\/\/www.lck.org.pl\/punkt-informacji-turystycznej\/\" target=\"_blank\" rel=\"noopener\">Punkt Informacji Turystycznej w Lubomierzu [w nowym oknie]<\/a><\/p>\n<p>Adres:\u00a0ul. Wac\u0142awa Kowalskiego 1, Lubomierz <a href=\"https:\/\/www.google.com\/maps\/place\/Kowalskiego+1,+59-623+Lubomierz\/@51.0130463,15.5080142,17z\/data=!3m1!4b1!4m5!3m4!1s0x470f284ea8ef4ba3:0x933d4d8a1f813ab7!8m2!3d51.0130463!4d15.5102029?hl=pl-PL\" target=\"_blank\" rel=\"noopener\">na mapie Google [w nowym oknie]<\/a><\/p>\n<\/div><\/div><\/div><div class=\"fusion-clearfix\"><\/div><\/div><\/div><\/div><\/div><\/p>\n","protected":false},"excerpt":{"rendered":"","protected":false},"author":5,"featured_media":0,"parent":0,"menu_order":0,"comment_status":"closed","ping_status":"closed","template":"100-width.php","meta":{"_acf_changed":false,"footnotes":""},"class_list":["post-2565","page","type-page","status-publish","hentry"],"acf":false,"_links":{"self":[{"href":"https:\/\/powiatlwowecki.pl\/plci_json_endpoint\/wp\/v2\/pages\/2565","targetHints":{"allow":["GET"]}}],"collection":[{"href":"https:\/\/powiatlwowecki.pl\/plci_json_endpoint\/wp\/v2\/pages"}],"about":[{"href":"https:\/\/powiatlwowecki.pl\/plci_json_endpoint\/wp\/v2\/types\/page"}],"author":[{"embeddable":true,"href":"https:\/\/powiatlwowecki.pl\/plci_json_endpoint\/wp\/v2\/users\/5"}],"replies":[{"embeddable":true,"href":"https:\/\/powiatlwowecki.pl\/plci_json_endpoint\/wp\/v2\/comments?post=2565"}],"version-history":[{"count":0,"href":"https:\/\/powiatlwowecki.pl\/plci_json_endpoint\/wp\/v2\/pages\/2565\/revisions"}],"wp:attachment":[{"href":"https:\/\/powiatlwowecki.pl\/plci_json_endpoint\/wp\/v2\/media?parent=2565"}],"curies":[{"name":"wp","href":"https:\/\/api.w.org\/{rel}","templated":true}]}}