{"id":2021,"date":"2021-01-04T13:37:47","date_gmt":"2021-01-04T12:37:47","guid":{"rendered":"https:\/\/powiatlwowecki.pl\/?page_id=2021"},"modified":"2021-01-04T13:40:40","modified_gmt":"2021-01-04T12:40:40","slug":"zasluzony-dla-powiatu-lwoweckiego","status":"publish","type":"page","link":"https:\/\/powiatlwowecki.pl\/zasluzony-dla-powiatu-lwoweckiego\/","title":{"rendered":"Zas\u0142u\u017cony dla Powiatu Lw\u00f3weckiego"},"content":{"rendered":"<div class=\"fusion-fullwidth fullwidth-box fusion-builder-row-1 nonhundred-percent-fullwidth non-hundred-percent-height-scrolling\" style=\"--awb-border-radius-top-left:0px;--awb-border-radius-top-right:0px;--awb-border-radius-bottom-right:0px;--awb-border-radius-bottom-left:0px;--awb-flex-wrap:wrap;\" ><div class=\"fusion-builder-row fusion-row\"><div class=\"fusion-layout-column fusion_builder_column fusion-builder-column-0 fusion_builder_column_1_1 1_1 fusion-one-full fusion-column-first fusion-column-last\" style=\"--awb-bg-size:cover;--awb-margin-bottom:0px;\"><div class=\"fusion-column-wrapper fusion-flex-column-wrapper-legacy\"><div class=\"fusion-text fusion-text-1\"><div align=\"center\"><b>Uchwa\u0142a Nr XXVII\/4\/13<\/b><\/div>\n<div align=\"center\"><b>\u00a0<\/b><\/div>\n<div align=\"center\"><b>Rady Powiatu Lw\u00f3weckiego <\/b><\/div>\n<div align=\"center\"><b>z dnia 22 lutego 2013 roku<\/b><\/div>\n<div><\/div>\n<div><\/div>\n<div><b>w sprawie\u00a0ustanowienia tytu\u0142u \u201eZas\u0142u\u017cony dla Powiatu Lw\u00f3weckiego\u201d. <\/b><\/div>\n<div><\/div>\n<div>Na podstawie art. 4 ust. 1 pkt. \u00a021 i art. 12 pk11 \u00a0oraz art.17 ust.1 ustawy z dnia 5 czerwca 1998 roku o samorz\u0105dzie powiatowym ( Dz. U. z 2001r. Nr 142, poz. 1592 z p\u00f3\u017aniejszymi zmianami ) oraz art.13 pkt 2 ustawy z dnia\u00a020 lipca\u00a02000 r. o og\u0142aszaniu akt\u00f3w normatywnych\u00a0i niekt\u00f3rych akt\u00f3w prawnych ( Dz.U. z 2011 r. Nr 197, poz. 1172 ze zmianami)<\/div>\n<div><\/div>\n<div><\/div>\n<div>uchwala\u00a0si\u0119\u00a0co\u00a0nast\u0119puje\u00a0:<\/div>\n<div><\/div>\n<div>\u00a7 1. Ustanawia si\u0119 \u00a0Tytu\u0142 Honorowy \u201eZas\u0142u\u017cony dla Powiatu Lw\u00f3weckiego\u201d, przyznawany przez Rad\u0119 Powiatu Lw\u00f3weckiego, jako wyraz szczeg\u00f3lnego uznania i wyr\u00f3\u017cnienia za wybitne zas\u0142ugi dla rozwoju Powiatu Lw\u00f3weckiego i rozs\u0142awiania jego imienia.<\/div>\n<div><\/div>\n<div>\u00a7 2. Ustala si\u0119 Regulamin nadawania \u00a0Tytu\u0142u Honorowego \u201eZas\u0142u\u017cony dla Powiatu Lw\u00f3weckiego\u201d stanowi\u0105cy za\u0142\u0105cznik nr 1 do niniejszej uchwa\u0142y.<\/div>\n<div><\/div>\n<div>\u00a7 3.Wykonanie uchwa\u0142y powierza si\u0119 Przewodnicz\u0105cemu Rady Powiatu Lw\u00f3weckiego oraz Zarz\u0105dowi Powiatu Lw\u00f3weckiego .<\/div>\n<div><\/div>\n<div>\n<div>\n<p>\u00a7 5. Uchwa\u0142a wchodzi w \u017cycie \u00a0w terminie 14 dni od daty opublikowania\u00a0w Dzienniku Urz\u0119dowym Wojew\u00f3dztwa Dolno\u015bl\u0105skiego.<\/p>\n<\/div>\n<div align=\"center\"><b>REGULAMIN<br \/>\nNADAWANIA TYTU\u0141U \u2013 \u201eZAS\u0141U\u017bONY DLA POWIATU LW\u00d3WECKIEGO\u201d<\/b><\/div>\n<div>\u00a0\u00a0\u00a0\u00a0\u00a0\u00a0\u00a0\u00a0\u00a0\u00a0\u00a0\u00a0\u00a0\u00a0\u00a0\u00a0\u00a0\u00a0\u00a0\u00a0\u00a0\u00a0\u00a0\u00a0\u00a0\u00a0\u00a0\u00a0\u00a0\u00a0\u00a0\u00a0\u00a0\u00a0\u00a0\u00a0\u00a0\u00a0\u00a0\u00a0\u00a0\u00a0\u00a0\u00a0\u00a0\u00a0\u00a0\u00a0\u00a0\u00a0\u00a0\u00a0\u00a0\u00a0\u00a0\u00a0\u00a0\u00a0\u00a0\u00a0\u00a0\u00a0\u00a0\u00a0\u00a0\u00a0\u00a0\u00a0\u00a0\u00a0 \u00a71.<\/div>\n<div>1.\u00a0\u00a0\u00a0\u00a0\u00a0 Tytu\u0142 zostaje ustanowiony jako wyraz szczeg\u00f3lnego uznania i wyr\u00f3\u017cnienia za wybitne zas\u0142ugi dla rozwoju Powiatu Lw\u00f3weckiego i rozs\u0142awiania jego imienia .<\/div>\n<div>2.\u00a0\u00a0\u00a0\u00a0\u00a0 Tytu\u0142, nadaje si\u0119 osobom fizycznym-obywatelom polskim\u00a0i cudzoziemcom, osobom prawnym oraz organizacjom spo\u0142ecznym, stowarzyszeniom, fundacjom, instytucjom oraz innym podmiotom &#8211; w tym podmiotom gospodarczym, kt\u00f3re w spos\u00f3b widoczny<br \/>\ni niepodwa\u017calny przyczyni\u0142y si\u0119 do rozwoju Powiatu Lw\u00f3weckiego.<\/div>\n<div>3.\u00a0\u00a0\u00a0\u00a0\u00a0 \u00a0Tytu\u0142, przyznawany jest za realizacj\u0119 dzia\u0142a\u0144 o charakterze ponadgminnym.<\/div>\n<div>4.\u00a0\u00a0\u00a0\u00a0\u00a0 W szczeg\u00f3lnie uzasadnionych przypadkach tytu\u0142 mo\u017ce zosta\u0107 przyznany po\u015bmiertnie.<\/div>\n<div>\u00a0\u00a0\u00a0\u00a0\u00a0\u00a0\u00a0\u00a0\u00a0\u00a0\u00a0\u00a0\u00a0\u00a0\u00a0\u00a0\u00a0\u00a0\u00a0\u00a0\u00a0\u00a0\u00a0\u00a0\u00a0\u00a0\u00a0\u00a0\u00a0\u00a0\u00a0\u00a0\u00a0\u00a0\u00a0\u00a0\u00a0\u00a0\u00a0\u00a0\u00a0\u00a0\u00a0\u00a0\u00a0\u00a0\u00a0\u00a0\u00a0\u00a0\u00a0\u00a0\u00a0\u00a0\u00a0\u00a0\u00a0\u00a0\u00a0\u00a0\u00a0\u00a0\u00a0\u00a0\u00a0\u00a0\u00a0\u00a0\u00a0\u00a0 \u00a72.<\/div>\n<div>Tytu\u0142 nadaje Rada Powiatu Lw\u00f3weckiego w formie uchwa\u0142y, na wniosek Przewodnicz\u0105cego Rady Powiatu Lw\u00f3weckiego.<\/div>\n<div><\/div>\n<div>\u00a0\u00a0\u00a0\u00a0\u00a0\u00a0\u00a0\u00a0\u00a0\u00a0\u00a0\u00a0\u00a0\u00a0\u00a0\u00a0\u00a0\u00a0\u00a0\u00a0\u00a0\u00a0\u00a0\u00a0\u00a0\u00a0\u00a0\u00a0\u00a0\u00a0\u00a0\u00a0\u00a0\u00a0\u00a0\u00a0\u00a0\u00a0\u00a0\u00a0\u00a0\u00a0\u00a0\u00a0\u00a0\u00a0\u00a0\u00a0\u00a0\u00a0\u00a0\u00a0\u00a0\u00a0\u00a0\u00a0\u00a0\u00a0\u00a0\u00a0\u00a0\u00a0\u00a0\u00a0\u00a0\u00a0\u00a0\u00a0\u00a0\u00a0 \u00a73.<\/div>\n<div>\u00a0Z wnioskiem do Kapitu\u0142y o nadanie Tytu\u0142u dla podmiot\u00f3w wskazanych w \u00a71 ust. 2 mog\u0105 wyst\u0105pi\u0107:<\/div>\n<div>\u00a0\u00a0\u00a0\u00a0 1) Przewodnicz\u0105cy Rady Powiatu Lw\u00f3weckiego.<\/div>\n<div>2) Starosta Lw\u00f3wecki,<\/div>\n<div>3) Komisje sta\u0142e Rady Powiatu Lw\u00f3weckiego,<\/div>\n<div>4) 5 radnych Rady Powiatu Lw\u00f3weckiego,<\/div>\n<div>5) organy administracji rz\u0105dowej i samorz\u0105dowej z terenu Powiatu Lw\u00f3weckiego,<\/div>\n<div>6) organizacje spo\u0142eczne, stowarzyszenia, fundacje, instytucje i inne podmioty \u2013 w tym \u00a0\u00a0\u00a0podmioty gospodarcze &#8211; o zasi\u0119gu co najmniej powiatowym,<\/div>\n<div>7) co najmniej 100 \u00a0mieszka\u0144c\u00f3w Powiatu Lw\u00f3weckiego.<\/div>\n<div><\/div>\n<div>\u00a0\u00a0\u00a0\u00a0\u00a0\u00a0\u00a0\u00a0\u00a0\u00a0\u00a0\u00a0\u00a0\u00a0\u00a0\u00a0\u00a0\u00a0\u00a0\u00a0\u00a0\u00a0\u00a0\u00a0\u00a0\u00a0\u00a0\u00a0\u00a0\u00a0\u00a0\u00a0\u00a0\u00a0\u00a0\u00a0\u00a0\u00a0\u00a0\u00a0\u00a0\u00a0\u00a0\u00a0\u00a0\u00a0\u00a0\u00a0\u00a0\u00a0\u00a0\u00a0\u00a0\u00a0\u00a0\u00a0\u00a0\u00a0 \u00a0\u00a0\u00a0\u00a0\u00a0\u00a0\u00a0\u00a74.<\/div>\n<div>Podmioty wskazane w \u00a73 obowi\u0105zane s\u0105 poinformowa\u0107 kandydata o zamiarze nadania tytu\u0142u oraz uzyska\u0107 jego pisemn\u0105 zgod\u0119.<\/div>\n<div><\/div>\n<div>\u00a0\u00a0\u00a0\u00a0\u00a0\u00a0\u00a0\u00a0\u00a0\u00a0\u00a0\u00a0\u00a0\u00a0\u00a0\u00a0\u00a0\u00a0\u00a0\u00a0\u00a0\u00a0\u00a0\u00a0\u00a0\u00a0\u00a0\u00a0\u00a0\u00a0\u00a0\u00a0\u00a0\u00a0\u00a0\u00a0\u00a0\u00a0\u00a0\u00a0\u00a0\u00a0\u00a0\u00a0\u00a0\u00a0\u00a0\u00a0\u00a0\u00a0\u00a0\u00a0\u00a0\u00a0\u00a0\u00a0\u00a0\u00a0\u00a0\u00a0\u00a0\u00a0\u00a0\u00a0\u00a0\u00a0\u00a0\u00a0\u00a0\u00a0 \u00a75.<\/div>\n<div>1.\u00a0\u00a0\u00a0\u00a0\u00a0 Wniosek o nadanie Tytu\u0142u nale\u017cy sporz\u0105dzi\u0107 na jednym z formularzy, okre\u015blonych \u00a0\u00a0\u00a0\u00a0\u00a0\u00a0\u00a0\u00a0\u00a0\u00a0\u00a0\u00a0\u00a0\u00a0\u00a0\u00a0\u00a0\u00a0\u00a0\u00a0\u00a0\u00a0w za\u0142\u0105czniku Nr 1 lub Nr 2 do niniejszego\u00a0Regulaminu.<\/div>\n<div>2.\u00a0\u00a0\u00a0\u00a0\u00a0 Wype\u0142niony wniosek nale\u017cy z\u0142o\u017cy\u0107 do ko\u0144ca pa\u017adziernika ka\u017cdego roku kalendarzowego \u00a0w zamkni\u0119tej kopercie do Biura Rady Powiatu Lw\u00f3weckiego.<\/div>\n<div><\/div>\n<div>\u00a0\u00a0\u00a0\u00a0\u00a0\u00a0\u00a0\u00a0\u00a0\u00a0\u00a0\u00a0\u00a0\u00a0\u00a0\u00a0\u00a0\u00a0\u00a0\u00a0\u00a0\u00a0\u00a0\u00a0\u00a0\u00a0\u00a0\u00a0\u00a0\u00a0\u00a0\u00a0\u00a0\u00a0\u00a0\u00a0\u00a0\u00a0\u00a0\u00a0 \u00a0\u00a0\u00a0\u00a0\u00a0\u00a0\u00a0\u00a0\u00a0\u00a0\u00a0\u00a0\u00a0\u00a0\u00a0\u00a0\u00a0\u00a0\u00a0\u00a0\u00a0\u00a0\u00a0\u00a0\u00a0\u00a0\u00a0\u00a0\u00a0\u00a0\u00a76.<\/div>\n<div>W danym roku kalendarzowym przyznaje si\u0119 maksymalnie pi\u0119\u0107 Tytu\u0142\u00f3w.<\/div>\n<div><\/div>\n<div>\u00a0\u00a0\u00a0\u00a0\u00a0\u00a0\u00a0\u00a0\u00a0\u00a0\u00a0\u00a0\u00a0\u00a0\u00a0\u00a0\u00a0\u00a0\u00a0\u00a0\u00a0\u00a0\u00a0\u00a0\u00a0\u00a0\u00a0\u00a0\u00a0\u00a0\u00a0\u00a0\u00a0\u00a0\u00a0\u00a0\u00a0\u00a0\u00a0\u00a0 \u00a0\u00a0\u00a0\u00a0\u00a0\u00a0\u00a0\u00a0\u00a0\u00a0\u00a0\u00a0\u00a0\u00a0\u00a0\u00a0\u00a0\u00a0\u00a0\u00a0\u00a0\u00a0\u00a0\u00a0\u00a0\u00a0\u00a0\u00a0\u00a0\u00a0\u00a77.<\/div>\n<div>1.\u00a0\u00a0\u00a0\u00a0\u00a0 Z\u0142o\u017cone wnioski o nadanie Tytu\u0142u podlegaj\u0105 ocenie przez Kapitu\u0142\u0119 Tytu\u0142u.<\/div>\n<div>2.\u00a0\u00a0\u00a0\u00a0\u00a0 W sk\u0142ad Kapitu\u0142y Tytu\u0142u wchodz\u0105:<\/div>\n<div>\u00a0\u00a0\u00a0 \u00a01) Przewodnicz\u0105cy Rady Powiatu Lw\u00f3weckiego \u2013 Przewodnicz\u0105cy Kapitu\u0142y,<\/div>\n<div>\u00a0\u00a0\u00a0\u00a0 2) Starosta Powiatu Lw\u00f3weckiego lub upowa\u017cniony przez niego cz\u0142onek Zarz\u0105du Powiatu \u00a0\u00a0\u00a0\u00a0\u00a0\u00a0\u00a0\u00a0\u00a0\u00a0Lw\u00f3weckiego,<\/div>\n<div>\u00a0\u00a0\u00a0\u00a0 3) Przewodnicz\u0105cy sta\u0142ych Komisji Rady Powiatu Lw\u00f3weckiego,<\/div>\n<div>3.\u00a0\u00a0\u00a0\u00a0\u00a0 W pracach\u00a0Kapitu\u0142y z g\u0142osem\u00a0doradczym, na zaproszenie Przewodnicz\u0105cego Kapitu\u0142y, mog\u0105 uczestniczy\u0107 osoby fizyczne lub przedstawiciel organizacji spo\u0142ecznych, stowarzysze\u0144, fundacji lub innych podmiot\u00f3w, kt\u00f3rym przyznano Tytu\u0142, w poprzednim roku kalendarzowym,<\/div>\n<div>4.\u00a0\u00a0\u00a0\u00a0\u00a0 Kapitu\u0142a Tytu\u0142u dzia\u0142a w oparciu o Regulamin pracy Kapitu\u0142y Tytu\u0142u, stanowi\u0105cy\u00a0za\u0142\u0105cznik Nr \u00a03 do niniejszego Regulaminu.<\/div>\n<div>5.\u00a0\u00a0\u00a0\u00a0\u00a0 Przewodnicz\u0105cy Kapitu\u0142y Tytu\u0142u ocenione wnioski wraz z uzasadnieniem i projektem uchwa\u0142y o nadanie Tytu\u0142u przedstawia Radzie Powiatu Lw\u00f3weckiego.<\/div>\n<div><\/div>\n<div><\/div>\n<div>\u00a0\u00a0\u00a0\u00a0\u00a0\u00a0\u00a0\u00a0\u00a0\u00a0\u00a0\u00a0\u00a0\u00a0\u00a0\u00a0\u00a0\u00a0\u00a0\u00a0\u00a0\u00a0\u00a0\u00a0\u00a0\u00a0\u00a0\u00a0\u00a0\u00a0\u00a0\u00a0\u00a0\u00a0\u00a0\u00a0\u00a0\u00a0\u00a0\u00a0\u00a0\u00a0\u00a0\u00a0\u00a0\u00a0\u00a0\u00a0\u00a0\u00a0\u00a0\u00a0\u00a0\u00a0\u00a0\u00a0\u00a0\u00a0\u00a0\u00a0\u00a0\u00a0\u00a0\u00a0\u00a0\u00a0 \u00a0\u00a0\u00a0\u00a0\u00a78.<\/div>\n<div>Wr\u0119czenie Tytu\u0142u\u00a0odbywa si\u0119 w spos\u00f3b uroczysty na sesji Rady Powiatu Lw\u00f3weckiego\u00a0\u00a0\u00a0\u00a0\u00a0\u00a0\u00a0\u00a0\u00a0\u00a0\u00a0\u00a0\u00a0\u00a0\u00a0 \u00a0w terminie i miejscu ustalonym przez Przewodnicz\u0105cego Rady.<\/div>\n<div><\/div>\n<div>\u00a0\u00a0\u00a0\u00a0\u00a0\u00a0\u00a0\u00a0\u00a0\u00a0\u00a0\u00a0\u00a0\u00a0\u00a0\u00a0\u00a0\u00a0\u00a0\u00a0\u00a0\u00a0\u00a0\u00a0\u00a0\u00a0\u00a0\u00a0\u00a0\u00a0\u00a0\u00a0\u00a0\u00a0\u00a0\u00a0\u00a0\u00a0\u00a0\u00a0\u00a0\u00a0\u00a0\u00a0\u00a0\u00a0\u00a0\u00a0\u00a0\u00a0\u00a0\u00a0\u00a0\u00a0\u00a0\u00a0\u00a0\u00a0\u00a0\u00a0\u00a0\u00a0\u00a0\u00a0\u00a0\u00a0\u00a0\u00a0\u00a0\u00a0 \u00a79.<\/div>\n<div>Wr\u0119czenia Tytu\u0142u w imieniu Rady dokonuje Przewodnicz\u0105cy Rady Powiatu Lw\u00f3weckiego lub upowa\u017cniony przez niego Wiceprzewodnicz\u0105cy oraz Starosta Lw\u00f3wecki lub Wicestarosta.<\/div>\n<div><\/div>\n<div>\u00a0\u00a0\u00a0\u00a0\u00a0\u00a0\u00a0\u00a0\u00a0\u00a0\u00a0\u00a0\u00a0\u00a0\u00a0\u00a0\u00a0\u00a0\u00a0\u00a0\u00a0\u00a0\u00a0\u00a0\u00a0\u00a0\u00a0\u00a0\u00a0\u00a0\u00a0\u00a0\u00a0\u00a0\u00a0\u00a0\u00a0\u00a0\u00a0\u00a0\u00a0\u00a0\u00a0\u00a0\u00a0\u00a0\u00a0\u00a0\u00a0\u00a0\u00a0\u00a0\u00a0\u00a0\u00a0\u00a0\u00a0\u00a0\u00a0\u00a0\u00a0\u00a0\u00a0\u00a0\u00a0\u00a0\u00a0\u00a0\u00a0\u00a0 \u00a710.<\/div>\n<div>1.\u00a0\u00a0\u00a0\u00a0\u00a0 Nadanie Tytu\u0142u \u0142\u0105czy si\u0119 z\u00a0\u00a0 \u00a0wr\u0119czeniem laureatowi aktu nadania Tytu\u0142u.<\/div>\n<div>2.\u00a0\u00a0\u00a0\u00a0\u00a0 \u00a0Wz\u00f3r \u00a0aktu nadania Tytu\u0142u stanowi za\u0142\u0105cznik Nr\u00a04 do niniejszego Regulaminu.<\/div>\n<div><\/div>\n<div>\u00a0\u00a0\u00a0\u00a0\u00a0\u00a0\u00a0\u00a0\u00a0\u00a0\u00a0\u00a0\u00a0\u00a0\u00a0\u00a0\u00a0\u00a0\u00a0\u00a0\u00a0\u00a0\u00a0\u00a0\u00a0\u00a0\u00a0\u00a0\u00a0\u00a0\u00a0\u00a0\u00a0\u00a0\u00a0\u00a0\u00a0\u00a0\u00a0\u00a0\u00a0\u00a0\u00a0\u00a0\u00a0\u00a0\u00a0\u00a0\u00a0\u00a0\u00a0\u00a0\u00a0\u00a0\u00a0\u00a0\u00a0\u00a0 \u00a0\u00a0\u00a0\u00a0\u00a0\u00a0\u00a0\u00a0\u00a0\u00a0 \u00a711.<\/div>\n<div>Uhonorowanym tytu\u0142em \u201eZas\u0142u\u017cony dla Powiatu Lw\u00f3weckiego\u201d osobom fizycznym przys\u0142uguj\u0105 nast\u0119puj\u0105ce przywileje:<\/div>\n<div>1)\u00a0\u00a0\u00a0\u00a0\u00a0 u\u017cywania tytu\u0142u \u201eZas\u0142u\u017cony dla Powiatu Lw\u00f3weckiego\u201d.<\/div>\n<div>2)\u00a0\u00a0\u00a0\u00a0\u00a0 uczestniczenia na prawach Honorowego Go\u015bcia we wszystkich sesjach Rady Powiatu oraz w innych uroczysto\u015bciach organizowanych przez Powiat Lw\u00f3wecki.<\/div>\n<div><\/div>\n<div>\u00a0\u00a0\u00a0\u00a0\u00a0\u00a0\u00a0\u00a0\u00a0\u00a0\u00a0 \u00a0\u00a0\u00a0\u00a0\u00a0\u00a0\u00a0\u00a0\u00a0\u00a0\u00a0\u00a0\u00a0\u00a0\u00a0\u00a0\u00a0\u00a0\u00a0\u00a0\u00a0\u00a0\u00a0\u00a0\u00a0\u00a0\u00a0\u00a0\u00a0\u00a0\u00a0\u00a0\u00a0\u00a0\u00a0\u00a0\u00a0\u00a0\u00a0\u00a0\u00a0\u00a0\u00a0\u00a0\u00a0\u00a0\u00a0\u00a0\u00a0\u00a0\u00a0\u00a0\u00a0\u00a0\u00a0\u00a0\u00a0\u00a0\u00a712.<\/div>\n<div>Uhonorowanym tytu\u0142em \u201eZas\u0142u\u017cony dla Powiatu Lw\u00f3weckiego\u201d organizacjom spo\u0142ecznym, stowarzyszeniom, fundacjom oraz innym podmiotom \u2013 w tym podmiotom gospodarczym \u2013 przys\u0142uguje prawo wpisu do \u201eKsi\u0119gi Zas\u0142u\u017cony dla Powiatu Lw\u00f3weckiego\u201d.<\/div>\n<div><\/div>\n<div>\u00a0\u00a0\u00a0\u00a0\u00a0\u00a0\u00a0\u00a0\u00a0\u00a0\u00a0\u00a0\u00a0\u00a0\u00a0\u00a0\u00a0\u00a0\u00a0\u00a0\u00a0\u00a0\u00a0\u00a0\u00a0\u00a0\u00a0\u00a0\u00a0\u00a0\u00a0\u00a0\u00a0\u00a0\u00a0\u00a0\u00a0\u00a0\u00a0\u00a0\u00a0\u00a0\u00a0\u00a0\u00a0\u00a0 \u00a0\u00a0\u00a0\u00a0\u00a0\u00a0\u00a0\u00a0\u00a0\u00a0\u00a0 \u00a0\u00a0\u00a0\u00a0\u00a0\u00a0\u00a0\u00a0\u00a0\u00a0\u00a0 \u00a713.<\/div>\n<div>Tytu\u0142 mo\u017ce by\u0107 przyznany tej samej osobie fizycznej lub organizacji spo\u0142ecznej, stowarzyszeniu, fundacji i innemu podmiotowi &#8211; w tym podmiotowi gospodarczemu &#8211; tylko jeden raz.<\/div>\n<div><\/div>\n<div>\u00a0\u00a0\u00a0\u00a0\u00a0\u00a0\u00a0\u00a0\u00a0\u00a0\u00a0\u00a0\u00a0\u00a0\u00a0\u00a0\u00a0\u00a0\u00a0\u00a0\u00a0\u00a0\u00a0\u00a0\u00a0\u00a0\u00a0\u00a0\u00a0\u00a0\u00a0\u00a0\u00a0\u00a0\u00a0\u00a0\u00a0\u00a0\u00a0\u00a0\u00a0\u00a0\u00a0\u00a0\u00a0\u00a0\u00a0\u00a0\u00a0\u00a0\u00a0\u00a0\u00a0\u00a0\u00a0\u00a0\u00a0\u00a0\u00a0\u00a0\u00a0\u00a0\u00a0\u00a0\u00a0\u00a0\u00a0\u00a0\u00a0\u00a0 \u00a714.<\/div>\n<div>Pozbawienie podmiotu wymienionego w \u00a71 ust. 2 przez Rad\u0119 Powiatu Lw\u00f3weckiego Tytu\u0142u \u201eZas\u0142u\u017cony dla Powiatu Lw\u00f3weckiego\u201d mo\u017ce nast\u0105pi\u0107 na wniosek Kapitu\u0142y Tytu\u0142u:<\/div>\n<div>1) w razie stwierdzenia, \u017ce wyr\u00f3\u017cniony Tytu\u0142em dopu\u015bci\u0142 si\u0119 czynu, wskutek kt\u00f3rego sta\u0142 si\u0119<\/div>\n<div>\u00a0\u00a0\u00a0 niegodny Tytu\u0142u,<\/div>\n<div>2) w przypadku prawomocnego skazania osoby fizycznej wyr\u00f3\u017cnionej Tytu\u0142em na dodatkow\u0105 kar\u0119 pozbawienia praw publicznych.<\/div>\n<div><\/div>\n<div>\u00a0\u00a0\u00a0\u00a0\u00a0\u00a0\u00a0\u00a0\u00a0\u00a0\u00a0\u00a0\u00a0\u00a0\u00a0\u00a0\u00a0\u00a0\u00a0\u00a0\u00a0\u00a0\u00a0\u00a0\u00a0\u00a0\u00a0\u00a0\u00a0\u00a0\u00a0\u00a0\u00a0\u00a0\u00a0\u00a0\u00a0\u00a0\u00a0\u00a0\u00a0\u00a0\u00a0\u00a0\u00a0\u00a0\u00a0\u00a0\u00a0\u00a0\u00a0\u00a0\u00a0\u00a0\u00a0\u00a0\u00a0\u00a0\u00a0\u00a0\u00a0\u00a0\u00a0\u00a0\u00a0\u00a0\u00a0\u00a0\u00a0\u00a0 \u00a715.<\/div>\n<div>Obs\u0142ug\u0119 techniczn\u0105 Kapitu\u0142y Tytu\u0142u oraz ewidencj\u0119 nadanych Tytu\u0142\u00f3w prowadzi Biuro Rady Powiatu Lw\u00f3weckiego.<\/div>\n<div><\/div>\n<div>\n<p><strong>R E G U L A M I N P R A C Y\u00a0 K A P I T U \u0141 Y<\/strong><\/p>\n<p>&nbsp;<\/p>\n<\/div>\n<div>\n<p>\u00a0\u00a0\u00a0\u00a0\u00a0\u00a0 Kapitu\u0142a stoi na stra\u017cy powagi i godno\u015bci zaszczytnego tytu\u0142u \u201eZas\u0142u\u017cony dla Powiatu Lw\u00f3weckiego\u201d, kt\u00f3ry nadawany jest w dow\u00f3d szczeg\u00f3lnego uznania i wyr\u00f3\u017cnienia za wybitne zas\u0142ugi dla rozwoju Powiatu Lw\u00f3weckiego i rozs\u0142awiania jego imienia.<br \/>\n1. W sk\u0142ad Kapitu\u0142y wchodz\u0105 osoby wymienione w \u00a7 7 ust. 2 Regulaminu Nadawania Tytu\u0142u.<br \/>\n2. Cz\u0142onkowie Kapitu\u0142y uczestnicz\u0105 w jej pracach spo\u0142ecznie.<br \/>\n3. Na pierwszym posiedzeniu cz\u0142onkowie Kapitu\u0142y dokonuj\u0105 spo\u015br\u00f3d siebie wyboru Zast\u0119pcy Przewodnicz\u0105cego i Sekretarza Kapitu\u0142y.<br \/>\n4. Posiedzenia Kapitu\u0142y zwo\u0142uje i przewodniczy im Przewodnicz\u0105cy Kapitu\u0142y, a w razie jego nieobecno\u015bci Zast\u0119pca Przewodnicz\u0105cego.<br \/>\n5. Ka\u017cdy z cz\u0142onk\u00f3w Kapitu\u0142y informowany jest o terminie i miejscu posiedzenia mailem, telefonicznie, listownie lub w inny spos\u00f3b, co najmniej na 7 dni przed planowanym spotkaniem.<br \/>\n6. Dla wa\u017cno\u015bci podejmowanych rozstrzygni\u0119\u0107 konieczna jest obecno\u015b\u0107 co najmniej po\u0142owy sk\u0142adu Kapitu\u0142y, w tym Przewodnicz\u0105cego lub jego Zast\u0119pcy.<br \/>\n7. Rozstrzygni\u0119cia i ustalenia Kapitu\u0142y zapadaj\u0105 zwyk\u0142\u0105 wi\u0119kszo\u015bci\u0105 g\u0142os\u00f3w w g\u0142osowaniu jawnym.<br \/>\n8. Do zada\u0144 Kapitu\u0142y nale\u017cy:<br \/>\n1) analiza wniosk\u00f3w pod wzgl\u0119dem formalnym i merytorycznym,<br \/>\n2) w przypadku gdy wniosek zosta\u0142 z\u0142o\u017cony z uchybieniem przepis\u00f3w obowi\u0105zuj\u0105cego Regulaminu nadawania tytu\u0142u, Kapitu\u0142a wyst\u0119puje do wnioskodawcy o jego uzupe\u0142nienie,,<br \/>\n3) przedk\u0142adanie zaopiniowanych wniosk\u00f3w wraz z uzasadnieniem Radzie Powiatu Lw\u00f3weckiego,<br \/>\n4) wyst\u0119powanie do Rady Powiatu o pozbawienie Tytu\u0142u w razie stwierdzenia, \u017ce Osoba &#8211; Podmiot uhonorowany tytu\u0142em dopu\u015bci\u0142y si\u0119 czynu, wskutek kt\u00f3rego stali si\u0119 niegodnym tytu\u0142u.<br \/>\n9. Z posiedze\u0144 Kapitu\u0142y sporz\u0105dza si\u0119 protok\u00f3\u0142, kt\u00f3ry podpisuje prowadz\u0105cy obrady i Sekretarz Kapitu\u0142y.<\/p>\n<hr \/>\n<p><strong>Uchwa\u0142a Nr XXIX\/39\/20<\/strong><\/p>\n<p><strong>Rady Powiatu Lw\u00f3weckiego <\/strong><\/p>\n<p><strong>z dnia 25 wrze\u015bnia 2020r.<\/strong><\/p>\n<p>w sprawie zmiany \u00a0Uchwa\u0142y Nr XXVII\/4\/13 Rady Powiatu Lw\u00f3weckiego \u00a0z dnia 22 lutego 2013 roku w sprawie\u00a0 ustanowienia tytu\u0142u \u201eZas\u0142u\u017cony dla Powiatu Lw\u00f3weckiego\u201d.<\/p>\n<p>Na podstawie art. 4 ust. 1 pkt. 1 ustawy z dnia 5 czerwca 1998 roku o samorz\u0105dzie powiatowym ( Dz. U. 2020.920 t.j) Rada Powiatu Lw\u00f3weckiego uchwala:<\/p>\n<p>\u00a7 1. W\u00a0 Regulaminie nadawania tytu\u0142u \u2013 \u201eZas\u0142u\u017cony dla Powiatu Lw\u00f3weckiego\u201d stanowi\u0105cego za\u0142\u0105cznik do Uchwa\u0142y Nr XXVII\/4\/13 Rady Powiatu Lw\u00f3weckiego\u00a0 z dnia 22 lutego 2013 r. \u00a0wprowadza si\u0119 nast\u0119puj\u0105ce zmiany:<\/p>\n<p>1) zmienia si\u0119 \u00a7 5 w ten spos\u00f3b, \u017ce po ust. 1 dodaje si\u0119 ust. 1a w nast\u0119puj\u0105cym brzmieniu:<\/p>\n<p>\u201eW przypadku z\u0142o\u017cenia wniosku okre\u015blonego w za\u0142\u0105czniku nr 1 niezb\u0119dne jest z\u0142o\u017cenie r\u00f3wnie\u017c o\u015bwiadcze\u0144 kandydat\u00f3w zgodnie z za\u0142\u0105cznikiem\u00a0 nr 2a do Regulaminu.\u201d,<\/p>\n<p>2) dodaje si\u0119 za\u0142\u0105cznik 2a w brzmieniu stanowi\u0105cym za\u0142\u0105cznik do niniejszej uchwa\u0142y,<\/p>\n<p>3)\u00a0zmienia si\u0119 punkt 7\u00a0 Regulaminu Pracy Kapitu\u0142y stanowi\u0105cego za\u0142\u0105cznik nr 3 do Regulaminu Nadawania Tytu\u0142u\u00a0 \u201eZas\u0142u\u017cony dla Powiatu Lw\u00f3weckiego\u201d, w ten spos\u00f3b, \u017ce otrzymuje brzmienie :<\/p>\n<p>\u201eRozstrzygni\u0119cia i ustalenia Kapitu\u0142y\u00a0\u00a0 zapadaj\u0105 zwyk\u0142\u0105 wi\u0119kszo\u015bci\u0105 g\u0142os\u00f3w w g\u0142osowaniu jawnym \u00a0za wyj\u0105tkiem wydawania opinii w przedmiocie z\u0142o\u017conych wniosk\u00f3w, kt\u00f3re rozstrzygane s\u0105 w glosowaniu tajnym, zwyk\u0142\u0105 wi\u0119kszo\u015bci\u0105 g\u0142os\u00f3w.\u201d.<\/p>\n<p>\u00a7 2.Wykonanie uchwa\u0142y powierza si\u0119\u00a0 Zarz\u0105dowi Powiatu Lw\u00f3weckiego .<\/p>\n<p>\u00a7 3. Uchwa\u0142a wchodzi w \u017cycie\u00a0 w terminie 14 dni od daty opublikowania\u00a0 w Dzienniku Urz\u0119dowym Wojew\u00f3dztwa Dolno\u015bl\u0105skiego.<\/p>\n<p>&nbsp;<\/p>\n<p>Uzasadnienie<\/p>\n<p>Zmiana \u00a0Regulaminu nadawania tytu\u0142u \u201eZas\u0142u\u017cony dla Powiatu Lw\u00f3weckiego\u201d podyktowana jest konieczno\u015bci\u0105 dostosowania procedur zwi\u0105zanych ze zg\u0142aszaniem kandydat\u00f3w do obowi\u0105zuj\u0105cych wymog\u00f3w stawianych przez obowi\u0105zuj\u0105ce\u00a0 przepisy o przetwarzaniu i ochronie danych osobowych os\u00f3b fizycznych. Zmian\u0105 obj\u0119to r\u00f3wnie\u017c form\u0119 g\u0142osowania \u00a0cz\u0142onk\u00f3w Kapitu\u0142y nad opiniowaniem wniosk\u00f3w poprzez przyj\u0119cie g\u0142osowania tajnego w tym zakresie.<\/p>\n<p>Za\u0142\u0105cznik Nr 2a do Regulaminu Nadawania Tytu\u0142u<\/p>\n<p>\u201eZas\u0142u\u017cony dla Powiatu Lw\u00f3weckiego\u201d<\/p>\n<p>O\u015bwiadczenie o wyra\u017ceniu zgody na przetwarzanie danych osobowych<\/p>\n<p>Ja, ni\u017cej podpisana\/y<\/p>\n<p>&#8230;&#8230;&#8230;&#8230;&#8230;&#8230;&#8230;&#8230;&#8230;&#8230;&#8230;&#8230;&#8230;&#8230;&#8230;&#8230;&#8230;&#8230;&#8230;&#8230;&#8230;&#8230;&#8230;&#8230;&#8230;&#8230;&#8230;&#8230;&#8230;&#8230;&#8230;&#8230;&#8230;&#8230;&#8230;&#8230;..<\/p>\n<p>(imi\u0119 i nazwisko)<\/p>\n<p>zamieszka\u0142a\/y<\/p>\n<p>&#8230;&#8230;&#8230;&#8230;&#8230;&#8230;&#8230;&#8230;&#8230;&#8230;&#8230;&#8230;&#8230;&#8230;&#8230;&#8230;&#8230;&#8230;&#8230;.<\/p>\n<p>(kod, miejscowo\u015b\u0107, ulica, nr domu, nr mieszkania)<\/p>\n<p>zgodnie z art. 6 ust.1 lit. a Rozporz\u0105dzenia Parlamentu Europejskiego i Rady (UE) 2016\/679\u00a0z dnia 27 kwietnia 2016r. w sprawie ochrony os\u00f3b fizycznych w zwi\u0105zku z przetwarzaniem danych osobowych i w sprawie swobodnego przep\u0142ywu takich danych oraz uchylenia dyrektywy 95\/46 WE (og\u00f3lne rozporz\u0105dzenie o ochronie danych ( Dz. U. UE. L. 119\/1 z 04. 2016) wyra\u017cam zgod\u0119 na przetwarzanie moich danych osobowych podanych \u00a0we wniosku, celem rozpatrzenia wniosku o nadanie tytu\u0142u honorowego &#8222;Zas\u0142u\u017cony dla Powiatu Lw\u00f3weckiego&#8221;<\/p>\n<p>&#8230;&#8230;&#8230;&#8230;&#8230;&#8230;&#8230;&#8230;&#8230;&#8230;&#8230;&#8230;&#8230;&#8230;&#8230;&#8230;&#8230;&#8230;&#8230;.<\/p>\n<p>(czytelny podpis)<\/p>\n<p>W przypadku nadania mi przez Rad\u0119 Powiatu\u00a0 tytu\u0142u honorowego &#8222;Zas\u0142u\u017cony dla Powiatu Lw\u00f3weckiego&#8221; wyra\u017cam zgod\u0119 na publikowanie moich danych osobowych takich jak: imi\u0119 i nazwisko, osi\u0105gni\u0119\u0107 oraz danych wizerunkowych utrwalonych przez Starostwo Powiatowe w Lw\u00f3wku \u015al\u0105skim \u00a0poprzez ich umieszczenie w publikacjach, biuletynie informacji publicznej, na stronie internetowej urz\u0119du.<\/p>\n<p>&#8230;&#8230;&#8230;&#8230;&#8230;&#8230;&#8230;&#8230;&#8230;&#8230;&#8230;&#8230;&#8230;&#8230;&#8230;&#8230;&#8230;&#8230;&#8230;.<\/p>\n<p>(czytelny podpis)<\/p>\n<p>Zosta\u0142am\/em poinformowana\/y, \u017ce zgodnie z art. 13 Rozporz\u0105dzenia Parlamentu Europejskiego i Rady (UE) 2016\/679 z dnia 27 kwietnia 2016r. w sprawie ochrony os\u00f3b fizycznych w zwi\u0105zku z przetwarzaniem danych osobowych i w sprawie swobodnego przep\u0142ywu takich danych oraz uchylenia dyrektywy 95\/46 WE (og\u00f3lne rozporz\u0105dzenie o ochronie danych ( Dz. U. UE. L. 119\/1 z 04. 2016):<\/p>\n<p>1. Administratorem danych osobowych jest Starosta Lw\u00f3wecki (dalej: Administrator).<br \/>\nKontakt z Administratorem: Starostwo Powiatowe, ul. Szpitalna 4, 59-600 Lw\u00f3wek \u015al\u0105ski lub elektronicznie e-mail: <a href=\"mailto:sekretariat@powiatlwowecki.pl\">sekretariat@powiatlwowecki.pl<\/a><\/p>\n<p>2. Administrator wyznaczy\u0142 Inspektora Ochrony Danych. Kontakt z Inspektorem: Magdalena Strzelecka, Starostwo Powiatowe ul. Szpitalna 4, 59-600 Lw\u00f3wek \u015al\u0105ski z dopiskiem: \u201eInspektor Ochrony Danych\u201d lub elektronicznie e-mail: <a href=\"mailto:rodo@powiatlwowecki.pl\">rodo@powiatlwowecki.pl<\/a><\/p>\n<p>3. Pani\/Pana dane osobowe s\u0105 przetwarzane przez Administratora na podstawie art. 6 ust 1. lit. a RODO, tj. udzielonej zgody\u00a0 w celu rozpatrzenia wniosku o nadanie tytu\u0142u honorowego &#8222;Zas\u0142u\u017cony dla Powiatu Lw\u00f3weckiego\u201d.<\/p>\n<p>4. Odbiorcami Pani\/Pana danych osobowych przetwarzanych w celu, o kt\u00f3rym mowa pkt 3, mog\u0105 by\u0107 organy w\u0142adzy publicznej oraz podmioty wykonuj\u0105ce zadania publiczne lub dzia\u0142aj\u0105ce na zlecenie organ\u00f3w w\u0142adzy publicznej, w zakresie, kt\u00f3ry wynika z przepis\u00f3w prawa oraz inne podmioty, kt\u00f3re na podstawie stosownych um\u00f3w przetwarzaj\u0105 dane osobowe, \u00a0dla kt\u00f3rych Administratorem jest Starosta Lw\u00f3wecki.<\/p>\n<p>5. Pani\/Pana dane osobowe s\u0105 przetwarzane przez Administratora przez okres niezb\u0119dny do realizacji celu okre\u015blonego w pkt. 3,\u00a0 a po tym czasie przechowywane zgodnie z przepisami prawa (Rozporz\u0105dzenie Prezesa Rady Ministr\u00f3w z dnia 18 stycznia 2011 r. w sprawie instrukcji kancelaryjnej, jednolitych rzeczowych wykaz\u00f3w akt oraz instrukcji w sprawie organizacji i zakresu dzia\u0142ania archiw\u00f3w).<\/p>\n<p>6. Ma Pani\/Pan prawo do wniesienia skargi do Prezesa Urz\u0119du Ochrony Danych Osobowych, ul. Stawki 2, 00-193 Warszawa, gdy uzna, i\u017c przetwarzanie dotycz\u0105cych go danych osobowych narusza przepisy RODO.<\/p>\n<p>7. Podanie przez Pani\u0105\/Pana danych osobowych jest warunkiem realizacji celu, o kt\u00f3rym mowa<br \/>\nw pkt. 3, a ich niepodanie uniemo\u017cliwia jego realizacj\u0119.<\/p>\n<p>8. Ma Pani\/Pan prawo do: dost\u0119pu do danych osobowych, \u017c\u0105dania sprostowania (poprawiania) danych osobowych \u2013 w przypadku gdy dane s\u0105 nieprawid\u0142owe lub niekompletne, \u017c\u0105dania ich usuni\u0119cia lub ograniczenia ich przetwarzania, przenoszenia danych osobowych oraz sprzeciwu wobec ich\u00a0 przetwarzania.<\/p>\n<p>9. Ma Pani\/Pan prawo do cofni\u0119cia zgody na przetwarzanie danych osobowych w dowolnym momencie. Wycofanie zgody nie ma wp\u0142ywu na zgodno\u015b\u0107 z prawem przetwarzania, kt\u00f3rego dokonano na podstawie zgody przed jej cofni\u0119ciem.<\/p>\n<p>10. Dane osobowe nie b\u0119d\u0105 podlega\u0142y zautomatyzowanemu podejmowaniu decyzji, w tym profilowaniu.<\/p>\n<p>11. Szczeg\u00f3\u0142owe informacje o celu przetwarzania danych osobowych, podstawie prawnej,<br \/>\nodbiorcach i okresie przechowywania udziela pracownik merytoryczny lub Inspektor Ochrony Danych Osobowych.<\/p>\n<p>&#8230;&#8230;&#8230;&#8230;&#8230;&#8230;&#8230;&#8230;&#8230;&#8230;&#8230;&#8230;&#8230;&#8230;&#8230;&#8230;&#8230;&#8230;&#8230;.<\/p>\n<p>(czytelny podpis)<\/p>\n<\/div>\n<\/div>\n<\/div><ul style=\"--awb-line-height:27.2px;--awb-icon-width:27.2px;--awb-icon-height:27.2px;--awb-icon-margin:11.2px;--awb-content-margin:38.4px;--awb-circlecolor:#65bc7b;--awb-circle-yes-font-size:14.08px;\" class=\"fusion-checklist fusion-checklist-1 fusion-checklist-default type-icons\"><li class=\"fusion-li-item\" style=\"\"><span class=\"icon-wrapper circle-yes\"><i class=\"fusion-li-icon fa-arrow-alt-circle-down fas\" aria-hidden=\"true\"><\/i><\/span><div class=\"fusion-li-item-content\">\n<p><a href=\"https:\/\/powiatlwowecki.pl\/wp-content\/uploads\/2021\/01\/Wniosek-o-przyznanie-tytulu-osoba-fizyczna.docx\" target=\"_blank\" rel=\"noopener\"><span style=\"color: #808000;\"><strong>Wniosek o przyznanie tytu\u0142u &#8211; osoba fizyczna<\/strong><\/span><\/a><\/p>\n<\/div><\/li><li class=\"fusion-li-item\" style=\"\"><span class=\"icon-wrapper circle-yes\"><i class=\"fusion-li-icon fa-arrow-alt-circle-down fas\" aria-hidden=\"true\"><\/i><\/span><div class=\"fusion-li-item-content\">\n<p><a href=\"https:\/\/powiatlwowecki.pl\/wp-content\/uploads\/2021\/01\/Oswiadczenie-o-wyrazeniu-zgody-na-przetwarzanie-danych-osobowych.docx\" target=\"_blank\" rel=\"noopener\"><span style=\"color: #808000;\"><strong>O\u015bwiadczenie o wyra\u017ceniu zgody na przetwarzanie danych osobowych<\/strong><\/span><\/a><\/p>\n<\/div><\/li><\/ul><div class=\"fusion-clearfix\"><\/div><\/div><\/div><\/div><\/div>\n","protected":false},"excerpt":{"rendered":"","protected":false},"author":5,"featured_media":0,"parent":0,"menu_order":0,"comment_status":"closed","ping_status":"closed","template":"","meta":{"_acf_changed":false,"footnotes":""},"class_list":["post-2021","page","type-page","status-publish","hentry"],"acf":false,"_links":{"self":[{"href":"https:\/\/powiatlwowecki.pl\/plci_json_endpoint\/wp\/v2\/pages\/2021","targetHints":{"allow":["GET"]}}],"collection":[{"href":"https:\/\/powiatlwowecki.pl\/plci_json_endpoint\/wp\/v2\/pages"}],"about":[{"href":"https:\/\/powiatlwowecki.pl\/plci_json_endpoint\/wp\/v2\/types\/page"}],"author":[{"embeddable":true,"href":"https:\/\/powiatlwowecki.pl\/plci_json_endpoint\/wp\/v2\/users\/5"}],"replies":[{"embeddable":true,"href":"https:\/\/powiatlwowecki.pl\/plci_json_endpoint\/wp\/v2\/comments?post=2021"}],"version-history":[{"count":0,"href":"https:\/\/powiatlwowecki.pl\/plci_json_endpoint\/wp\/v2\/pages\/2021\/revisions"}],"wp:attachment":[{"href":"https:\/\/powiatlwowecki.pl\/plci_json_endpoint\/wp\/v2\/media?parent=2021"}],"curies":[{"name":"wp","href":"https:\/\/api.w.org\/{rel}","templated":true}]}}