{"id":1748,"date":"2020-11-12T14:56:49","date_gmt":"2020-11-12T13:56:49","guid":{"rendered":"https:\/\/powiatlwowecki.pl\/?page_id=1748"},"modified":"2026-04-20T12:11:07","modified_gmt":"2026-04-20T10:11:07","slug":"dostepnosc","status":"publish","type":"page","link":"https:\/\/powiatlwowecki.pl\/portal-mieszkanca\/obsluga-osob-z-niepelnosprawnosciami\/dostepnosc\/","title":{"rendered":"Dost\u0119pno\u015b\u0107"},"content":{"rendered":"<p><div class=\"fusion-fullwidth fullwidth-box fusion-builder-row-1 nonhundred-percent-fullwidth non-hundred-percent-height-scrolling\" style=\"--awb-border-radius-top-left:0px;--awb-border-radius-top-right:0px;--awb-border-radius-bottom-right:0px;--awb-border-radius-bottom-left:0px;--awb-flex-wrap:wrap;\" ><div class=\"fusion-builder-row fusion-row\"><div class=\"fusion-layout-column fusion_builder_column fusion-builder-column-0 fusion_builder_column_1_1 1_1 fusion-one-full fusion-column-first fusion-column-last\" style=\"--awb-bg-size:cover;\"><div class=\"fusion-column-wrapper fusion-column-has-shadow fusion-flex-column-wrapper-legacy\"><div class=\"fusion-clearfix\"><\/div><\/div><\/div><\/div><\/div><div class=\"fusion-fullwidth fullwidth-box fusion-builder-row-2 nonhundred-percent-fullwidth non-hundred-percent-height-scrolling\" style=\"--awb-border-radius-top-left:0px;--awb-border-radius-top-right:0px;--awb-border-radius-bottom-right:0px;--awb-border-radius-bottom-left:0px;--awb-flex-wrap:wrap;\" ><div class=\"fusion-builder-row fusion-row\"><div class=\"fusion-layout-column fusion_builder_column fusion-builder-column-1 fusion_builder_column_1_4 1_4 fusion-one-fourth fusion-column-first\" style=\"--awb-bg-size:cover;width:25%;width:calc(25% - ( ( 4% + 4% ) * 0.25 ) );margin-right: 4%;\"><div class=\"fusion-column-wrapper fusion-column-has-shadow fusion-flex-column-wrapper-legacy\"><div class=\"fusion-image-element in-legacy-container\" style=\"--awb-caption-title-font-family:var(--h2_typography-font-family);--awb-caption-title-font-weight:var(--h2_typography-font-weight);--awb-caption-title-font-style:var(--h2_typography-font-style);--awb-caption-title-size:var(--h2_typography-font-size);--awb-caption-title-transform:var(--h2_typography-text-transform);--awb-caption-title-line-height:var(--h2_typography-line-height);--awb-caption-title-letter-spacing:var(--h2_typography-letter-spacing);\"><span class=\" fusion-imageframe imageframe-none imageframe-1 hover-type-none\"><a class=\"fusion-no-lightbox\" href=\"https:\/\/powiatlwowecki.pl\/czym-zajmuje-sie-starostwo-powiatowe-we-lwowku-slaskim\/\" target=\"_self\" aria-label=\"ETR\"><img decoding=\"async\" width=\"697\" height=\"697\" alt=\"Informacja w tek\u015bcie \u0142atwym do czytania - ETR\" src=\"https:\/\/powiatlwowecki.pl\/wp-content\/uploads\/2022\/01\/ETR.png\" class=\"img-responsive wp-image-3028\" srcset=\"https:\/\/powiatlwowecki.pl\/wp-content\/uploads\/2022\/01\/ETR-200x200.png 200w, https:\/\/powiatlwowecki.pl\/wp-content\/uploads\/2022\/01\/ETR-400x400.png 400w, https:\/\/powiatlwowecki.pl\/wp-content\/uploads\/2022\/01\/ETR-600x600.png 600w, https:\/\/powiatlwowecki.pl\/wp-content\/uploads\/2022\/01\/ETR.png 697w\" sizes=\"(max-width: 800px) 100vw, 400px\" \/><\/a><\/span><\/div><div class=\"fusion-text fusion-text-1\"><h2 class=\"predef\"><a href=\"https:\/\/powiatlwowecki.pl\/czym-zajmuje-sie-starostwo-powiatowe-we-lwowku-slaskim\/\"><span style=\"font-size: 14pt;\">Informacja w tek\u015bcie \u0142atwym do czytania\u2013 ETR<\/span><\/a><\/h2>\n<\/div><div class=\"fusion-section-separator section-separator triangle fusion-section-separator-1\" style=\"--awb-border-top:1px solid rgba(255,255,255,0);--awb-spacer-height:1px;--awb-svg-margin-left:0;--awb-svg-margin-right:0;--awb-icon-color:#ffffff;\"><div class=\"fusion-section-separator-svg\"><div class=\"divider-candy-arrow top\" style=\"bottom:0px;border-bottom-color: rgba(0,0,0,0);\"><\/div><div class=\"divider-candy top\" style=\"top:-21px;border-bottom:1px solid rgba(255,255,255,0);border-left:1px solid rgba(255,255,255,0);\"><\/div><\/div><div class=\"fusion-section-separator-spacer\"><div class=\"fusion-section-separator-spacer-height\"><\/div><\/div><\/div><div class=\"fusion-content-boxes content-boxes columns row fusion-columns-1 fusion-columns-total-1 fusion-content-boxes-1 content-boxes-icon-with-title content-left\" style=\"--awb-hover-accent-color:#f44336;--awb-circle-hover-accent-color:#f44336;--awb-item-margin-bottom:40px;\" data-animationOffset=\"top-into-view\"><div style=\"--awb-backgroundcolor:rgba(255,235,59,0.95);\" class=\"fusion-column content-box-column content-box-column content-box-column-1 col-lg-12 col-md-12 col-sm-12 fusion-content-box-hover content-box-column-last content-box-column-last-in-row\"><div class=\"col content-box-wrapper content-wrapper-background link-area-link-icon link-type-text content-icon-wrapper-yes icon-hover-animation-slide\" data-animationOffset=\"top-into-view\"><div class=\"heading icon-left\"><a class=\"heading-link\" style=\"float:left;\" href=\" https:\/\/powiatlwowecki.pl\/deklaracja-dostepnosci\/\" target=\"_blank\" rel=\"noopener noreferrer\"><h2 class=\"content-box-heading\" style=\"--h2_typography-font-size:24px;line-height:29px;\">Deklaracja dost\u0119pno\u015bci<\/h2><\/a><\/div><div class=\"fusion-clearfix\"><\/div><a class=\" fusion-read-more\" style=\"float:left;\" href=\" https:\/\/powiatlwowecki.pl\/deklaracja-dostepnosci\/\" target=\"_blank\" rel=\"noopener noreferrer\">w nowym oknie<\/a><div class=\"fusion-clearfix\"><\/div><\/div><\/div><div class=\"fusion-clearfix\"><\/div><\/div><div class=\"fusion-content-boxes content-boxes columns row fusion-columns-1 fusion-columns-total-1 fusion-content-boxes-2 content-boxes-icon-with-title content-left\" style=\"--awb-hover-accent-color:#f44336;--awb-circle-hover-accent-color:#f44336;--awb-item-margin-bottom:40px;\" data-animationOffset=\"top-into-view\"><div style=\"--awb-backgroundcolor:rgba(255,235,59,0.95);\" class=\"fusion-column content-box-column content-box-column content-box-column-1 col-lg-12 col-md-12 col-sm-12 fusion-content-box-hover content-box-column-last content-box-column-last-in-row\"><div class=\"col content-box-wrapper content-wrapper-background link-area-link-icon link-type-text content-icon-wrapper-yes icon-hover-animation-slide\" data-animationOffset=\"top-into-view\"><div class=\"heading icon-left\"><a class=\"heading-link\" style=\"float:left;\" href=\"https:\/\/powiatlwowecki.pl\/wp-content\/uploads\/2025\/07\/Plan-dzialania-na-rzecz-poprawy-zapewnienia-dostepnosci.pdf\" target=\"_self\"><h2 class=\"content-box-heading\" style=\"--h2_typography-font-size:24px;line-height:29px;\">Plan dzia\u0142ania na rzecz poprawy zapewnienia dost\u0119pno\u015bci<\/h2><\/a><\/div><div class=\"fusion-clearfix\"><\/div><a class=\" fusion-read-more\" style=\"float:left;\" href=\"https:\/\/powiatlwowecki.pl\/wp-content\/uploads\/2025\/07\/Plan-dzialania-na-rzecz-poprawy-zapewnienia-dostepnosci.pdf\" target=\"_self\">do pobrania .pdf 377 KB<\/a><div class=\"fusion-clearfix\"><\/div><\/div><\/div><div class=\"fusion-clearfix\"><\/div><\/div><div class=\"fusion-content-boxes content-boxes columns row fusion-columns-1 fusion-columns-total-1 fusion-content-boxes-3 content-boxes-icon-with-title content-left\" style=\"--awb-hover-accent-color:#f44336;--awb-circle-hover-accent-color:#f44336;--awb-item-margin-bottom:40px;\" data-animationOffset=\"top-into-view\"><div style=\"--awb-backgroundcolor:rgba(255,235,59,0.95);\" class=\"fusion-column content-box-column content-box-column content-box-column-1 col-lg-12 col-md-12 col-sm-12 fusion-content-box-hover content-box-column-last content-box-column-last-in-row\"><div class=\"col content-box-wrapper content-wrapper-background link-area-link-icon link-type-text content-icon-wrapper-yes icon-hover-animation-slide\" data-animationOffset=\"top-into-view\"><div class=\"heading icon-left\"><a class=\"heading-link\" style=\"float:left;\" href=\"https:\/\/powiatlwowecki.pl\/wp-content\/uploads\/2025\/08\/Standardy_Dostepnosci_w_Samorzadzie.pdf\" target=\"_self\"><h2 class=\"content-box-heading\" style=\"--h2_typography-font-size:24px;line-height:29px;\">Standardy Dost\u0119pno\u015bci w Samorz\u0105dzie <\/h2><\/a><\/div><div class=\"fusion-clearfix\"><\/div><a class=\" fusion-read-more\" style=\"float:left;\" href=\"https:\/\/powiatlwowecki.pl\/wp-content\/uploads\/2025\/08\/Standardy_Dostepnosci_w_Samorzadzie.pdf\" target=\"_self\">do pobrania .pdf 46,3 MB<\/a><div class=\"fusion-clearfix\"><\/div><\/div><\/div><div class=\"fusion-clearfix\"><\/div><\/div><div class=\"fusion-clearfix\"><\/div><\/div><\/div><div class=\"fusion-layout-column fusion_builder_column fusion-builder-column-2 fusion_builder_column_1_2 1_2 fusion-one-half\" style=\"--awb-bg-size:cover;width:50%;width:calc(50% - ( ( 4% + 4% ) * 0.5 ) );margin-right: 4%;\"><div class=\"fusion-column-wrapper fusion-column-has-shadow fusion-flex-column-wrapper-legacy\"><div class=\"fusion-text fusion-text-2\"><p data-wahfont=\"16\"><strong>Starostwo Powiatowe, ul. Szpitalna 4, 59-600 Lw\u00f3wek \u015al\u0105ski.<\/strong><\/p>\n<p data-wahfont=\"16\">Do budynku prowadz\u0105 trzy wej\u015bcia. G\u0142\u00f3wne od strony ul. Szpitalnej<span style=\"color: #ff0000;\" data-wahfont=\"16\"><strong> (A)<\/strong><\/span>, drugie od strony p\u00f3\u0142nocnej (od strony parkingu og\u00f3lnodost\u0119pnego z ty\u0142u za budynkiem) prowadz\u0105ce bezpo\u015brednio do Wydzia\u0142u Komunikacji <span style=\"color: #ff0000;\" data-wahfont=\"16\"><strong>(B)<\/strong><\/span>. Oba prowadz\u0105 do g\u0142\u00f3wnej siedziby Urz\u0119du. Punkt informacyjny zlokalizowany jest bezpo\u015brednio w hallu g\u0142\u00f3wnego wej\u015bcia.<\/p>\n<p data-wahfont=\"16\">Osobne wej\u015bcie prowadzi do Powiatowego Zespo\u0142u ds. Orzekania o Niepe\u0142nosprawno\u015bci <strong><span style=\"color: #ff0000;\" data-wahfont=\"16\">(C)<\/span><\/strong>, gdzie jest r\u00f3wnie\u017c podjazd dla w\u00f3zk\u00f3w inwalidzkich oraz jedno miejsce parkingowe dla os\u00f3b niepe\u0142nosprawnych. Dodatkowe miejsca postojowe w tym dla os\u00f3b niepe\u0142nosprawnych (2 miejsca) znajduj\u0105 si\u0119 od strony p\u00f3\u0142nocnej.<\/p>\n<p data-wahfont=\"16\"><img decoding=\"async\" class=\"size-full wp-image-3032 aligncenter\" src=\"https:\/\/powiatlwowecki.pl\/wp-content\/uploads\/2022\/01\/DOJSCIE-DO-SP.png\" alt=\"Plan doj\u015bcia do Urz\u0119du - mapka\" width=\"940\" height=\"788\" srcset=\"https:\/\/powiatlwowecki.pl\/wp-content\/uploads\/2022\/01\/DOJSCIE-DO-SP-24x20.png 24w, https:\/\/powiatlwowecki.pl\/wp-content\/uploads\/2022\/01\/DOJSCIE-DO-SP-36x30.png 36w, https:\/\/powiatlwowecki.pl\/wp-content\/uploads\/2022\/01\/DOJSCIE-DO-SP-48x40.png 48w, https:\/\/powiatlwowecki.pl\/wp-content\/uploads\/2022\/01\/DOJSCIE-DO-SP-200x168.png 200w, https:\/\/powiatlwowecki.pl\/wp-content\/uploads\/2022\/01\/DOJSCIE-DO-SP-300x251.png 300w, https:\/\/powiatlwowecki.pl\/wp-content\/uploads\/2022\/01\/DOJSCIE-DO-SP-400x335.png 400w, https:\/\/powiatlwowecki.pl\/wp-content\/uploads\/2022\/01\/DOJSCIE-DO-SP-600x503.png 600w, https:\/\/powiatlwowecki.pl\/wp-content\/uploads\/2022\/01\/DOJSCIE-DO-SP-768x644.png 768w, https:\/\/powiatlwowecki.pl\/wp-content\/uploads\/2022\/01\/DOJSCIE-DO-SP-800x671.png 800w, https:\/\/powiatlwowecki.pl\/wp-content\/uploads\/2022\/01\/DOJSCIE-DO-SP.png 940w\" sizes=\"(max-width: 940px) 100vw, 940px\" \/><\/p>\n<p data-wahfont=\"16\">Siedziba urz\u0119du Starostwa Powiatowego w Lw\u00f3wku \u015alaskim przy ul. Szpitalnej 4, 59-600 Lw\u00f3wek \u015al\u0105ski nie posiada windy. W obecnej postaci jedynie parter jest dost\u0119pny.<\/p>\n<p data-wahfont=\"16\">Ze wzgl\u0119du na brak windy brak jest mo\u017cliwo\u015bci swobodnego i autonomicznego poruszania si\u0119 w obr\u0119bie budynku. Komunikacj\u0119 pionow\u0105 zapewniaj\u0105 dwie klatki schodowe.<\/p>\n<p data-wahfont=\"16\"><strong>Osoby niepe\u0142nosprawne b\u0119d\u0105 obs\u0142ugiwane w pomieszczeniach parterowych budynku po wcze\u015bniejszym um\u00f3wieniu si\u0119 (<a href=\"https:\/\/powiatlwowecki.pl\/kontakt\/\" data-wahfont=\"16\">telefonicznie<\/a>, <a href=\"mailto:koordynator.dostepnosci@powiatlwowecki.pl\" data-wahfont=\"16\">email<\/a>, <a href=\"https:\/\/bip.powiatlwowecki.pl\/cms\/10300\/elektroniczna_skrzynka_podawcza\" data-wahfont=\"16\">epuap<\/a>).<\/strong><\/p>\n<p data-wahfont=\"16\"><strong>Kontakt do Koordynatora ds. dost\u0119pno\u015bci:<\/strong> Patrycja Ciupi\u0144ska, e-mail: p.ciupinska@powiatlwowecki.pl l, tel: 75 782 36 53<\/p>\n<p data-wahfont=\"16\">Osoby z psem asystuj\u0105cym maj\u0105 zapewniony wst\u0119p do budynku.<\/p>\n<p data-wahfont=\"16\">W budynku dost\u0119pna jest p\u0119tla indukcyjnych dla os\u00f3b niedos\u0142ysz\u0105cych. Brak oznacze\u0144 dla os\u00f3b niedowidz\u0105cych i niewidomych. <strong>W punkcie informacyjnym mo\u017cna zwr\u00f3ci\u0107 si\u0119 o bezpo\u015bredni\u0105 pomoc lub asyst\u0119 (tak\u017ce pod numerem telefonu 75 782 36 53).<\/strong><\/p>\n<p data-wahfont=\"16\">W przypadku potrzeby <strong>skorzystania z t\u0142umacza j\u0119zyka migowego<\/strong> lub innych \u015brodk\u00f3w wspieraj\u0105cych, o kt\u00f3rych mowa w art. 3 pkt 5 ustawy z dnia 19 sierpnia 2011 r. o j\u0119zyku migowym i innych \u015brodkach komunikowania si\u0119 (Dz. U. z 2017 r. poz. 1824) nale\u017cy zg\u0142osi\u0107 tak\u0105 potrzeb\u0119 do koordynatora dost\u0119pno\u015bci &#8211; adres e-mail: <a href=\"mailto:p.ciupinska@powiatlwowecki.pl\" data-wahfont=\"16\">p.ciupinska@powiatlwowecki.pl<\/a> lub telefonicznie: 75 782 36 53 lub przez skrzynk\u0119 podawcz\u0105 <a href=\"https:\/\/bip.powiatlwowecki.pl\/cms\/10300\/elektroniczna_skrzynka_podawcza\" data-wahfont=\"16\">e-puap.<\/a><\/p>\n<\/div><div class=\"fusion-clearfix\"><\/div><\/div><\/div><div class=\"fusion-layout-column fusion_builder_column fusion-builder-column-3 fusion_builder_column_1_4 1_4 fusion-one-fourth fusion-column-last\" style=\"--awb-bg-size:cover;width:25%;width:calc(25% - ( ( 4% + 4% ) * 0.25 ) );\"><div class=\"fusion-column-wrapper fusion-column-has-shadow fusion-flex-column-wrapper-legacy\"><div class=\"fusion-person person fusion-person-left fusion-person-1 fusion-person-icon-top\" style=\"--awb-pic-style-color:#000000;--awb-pic-borderradius:0px;--awb-margin-top:0px;--awb-margin-right:0px;--awb-margin-bottom:0px;--awb-margin-left:0px;\"><div class=\"person-desc\" style=\"background-color:rgba(3,169,244,0.56);padding:40px;margin-top:0;\"><div class=\"person-author\"><div class=\"person-author-wrapper\"><span class=\"person-name\">Patrycja Ciupi\u0144ska<\/span><span class=\"person-title\">Koordynator do spraw dost\u0119pno\u015bci<\/span><\/div><div class=\"fusion-social-networks boxed-icons\"><div class=\"fusion-social-networks-wrapper\"><a class=\"fusion-social-network-icon fusion-tooltip fusion-mail awb-icon-mail\" aria-label=\"fusion-mail\" href=\"mailto:k&#111;&#111;&#114;dynator&#046;dos&#116;e&#112;&#110;&#111;&#115;&#099;i&#064;p&#111;&#119;&#105;&#097;t&#108;w&#111;w&#101;c&#107;i&#046;pl\" target=\"_self\" style=\"color:#ffffff;background-color:#000000;border-color:var(--awb-color3);border-radius:8px;font-size:16px;padding:8px;\" data-placement=\"top\" data-title=\"Mail\" title=\"Mail\" data-toggle=\"tooltip\"><\/a><\/div><\/div><\/div><div class=\"person-content fusion-clearfix\">tel: 75 782 36 53<\/div><\/div><\/div><div class=\"fusion-section-separator section-separator triangle fusion-section-separator-2\" style=\"--awb-border-top:1px solid rgba(255,255,255,0);--awb-spacer-height:1px;--awb-svg-margin-left:0;--awb-svg-margin-right:0;--awb-icon-color:#ffffff;\"><div class=\"fusion-section-separator-svg\"><div class=\"divider-candy-arrow top\" style=\"bottom:0px;border-bottom-color: rgba(0,0,0,0);\"><\/div><div class=\"divider-candy top\" style=\"top:-21px;border-bottom:1px solid rgba(255,255,255,0);border-left:1px solid rgba(255,255,255,0);\"><\/div><\/div><div class=\"fusion-section-separator-spacer\"><div class=\"fusion-section-separator-spacer-height\"><\/div><\/div><\/div><div class=\"fusion-content-boxes content-boxes columns row fusion-columns-1 fusion-columns-total-3 fusion-content-boxes-4 content-boxes-icon-on-side content-left\" style=\"--awb-hover-accent-color:#f44336;--awb-circle-hover-accent-color:#f44336;--awb-item-margin-bottom:40px;\" data-animationOffset=\"top-into-view\"><div style=\"--awb-backgroundcolor:rgba(255,193,7,0.84);\" class=\"fusion-column content-box-column content-box-column content-box-column-1 col-lg-12 col-md-12 col-sm-12 fusion-content-box-hover content-box-column-last-in-row\"><div class=\"col content-box-wrapper content-wrapper-background link-area-link-icon link-type-text content-icon-wrapper-yes icon-hover-animation-slide\" data-animationOffset=\"top-into-view\"><div class=\"heading icon-left\"><a class=\"heading-link\" href=\"https:\/\/powiatlwowecki.pl\/zapewnienie-dostepnosci-osobom-ze-szczegolnymi-potrzebami\/\" target=\"_self\"><h2 class=\"content-box-heading\" style=\"--h2_typography-font-size:24px;line-height:29px;\">Zapewnienie dost\u0119pno\u015bci osobom ze szczeg\u00f3lnymi potrzebami<\/h2><\/a><\/div><\/div><\/div><div style=\"--awb-backgroundcolor:rgba(255,235,59,0.77);\" class=\"fusion-column content-box-column content-box-column content-box-column-2 col-lg-12 col-md-12 col-sm-12 fusion-content-box-hover content-box-column-last-in-row\"><div class=\"col content-box-wrapper content-wrapper-background link-area-link-icon link-type-text content-icon-wrapper-yes icon-hover-animation-slide\" data-animationOffset=\"top-into-view\"><div class=\"heading icon-left\"><a class=\"heading-link\" href=\"https:\/\/powiatlwowecki.pl\/wp-content\/uploads\/2025\/03\/deklaracja-dostepnosci.pdf\" target=\"_blank\" rel=\"noopener noreferrer\"><h2 class=\"content-box-heading\" style=\"--h2_typography-font-size:24px;line-height:29px;\">Raport dost\u0119pno\u015bci 2025<\/h2><\/a><\/div><div class=\"fusion-clearfix\"><\/div><a class=\" fusion-read-more\" style=\"margin-left:20px;\" href=\"https:\/\/powiatlwowecki.pl\/wp-content\/uploads\/2025\/03\/deklaracja-dostepnosci.pdf\" target=\"_blank\" rel=\"noopener noreferrer\">- do pobrania (PDF, 152 KB)<\/a><div class=\"fusion-clearfix\"><\/div><\/div><\/div><div style=\"--awb-backgroundcolor:rgba(255,235,59,0.56);\" class=\"fusion-column content-box-column content-box-column content-box-column-3 col-lg-12 col-md-12 col-sm-12 fusion-content-box-hover content-box-column-last content-box-column-last-in-row\"><div class=\"col content-box-wrapper content-wrapper-background link-area-link-icon link-type-text content-icon-wrapper-yes icon-hover-animation-slide\" data-animationOffset=\"top-into-view\"><div class=\"heading icon-left\"><a class=\"heading-link\" href=\"https:\/\/powiatlwowecki.pl\/3030-2\/\" target=\"_self\"><h2 class=\"content-box-heading\" style=\"--h2_typography-font-size:24px;line-height:29px;\">Dost\u0119pno\u015b\u0107 architektoniczna<\/h2><\/a><\/div><\/div><\/div><div class=\"fusion-clearfix\"><\/div><\/div><div class=\"fusion-clearfix\"><\/div><\/div><\/div><div class=\"fusion-layout-column fusion_builder_column fusion-builder-column-4 fusion_builder_column_1_4 1_4 fusion-one-fourth fusion-column-first\" style=\"--awb-bg-size:cover;width:25%;width:calc(25% - ( ( 4% ) * 0.25 ) );margin-right: 4%;\"><div class=\"fusion-column-wrapper fusion-column-has-shadow fusion-flex-column-wrapper-legacy\"><div class=\"fusion-clearfix\"><\/div><\/div><\/div><\/div><\/div><div class=\"fusion-fullwidth fullwidth-box fusion-builder-row-3 nonhundred-percent-fullwidth non-hundred-percent-height-scrolling\" style=\"--awb-border-radius-top-left:0px;--awb-border-radius-top-right:0px;--awb-border-radius-bottom-right:0px;--awb-border-radius-bottom-left:0px;--awb-flex-wrap:wrap;\" ><div class=\"fusion-builder-row fusion-row\"><\/div><\/div><\/p>\n","protected":false},"excerpt":{"rendered":"","protected":false},"author":4,"featured_media":0,"parent":1269,"menu_order":0,"comment_status":"closed","ping_status":"closed","template":"","meta":{"_acf_changed":false,"footnotes":""},"class_list":["post-1748","page","type-page","status-publish","hentry"],"acf":false,"_links":{"self":[{"href":"https:\/\/powiatlwowecki.pl\/plci_json_endpoint\/wp\/v2\/pages\/1748","targetHints":{"allow":["GET"]}}],"collection":[{"href":"https:\/\/powiatlwowecki.pl\/plci_json_endpoint\/wp\/v2\/pages"}],"about":[{"href":"https:\/\/powiatlwowecki.pl\/plci_json_endpoint\/wp\/v2\/types\/page"}],"author":[{"embeddable":true,"href":"https:\/\/powiatlwowecki.pl\/plci_json_endpoint\/wp\/v2\/users\/4"}],"replies":[{"embeddable":true,"href":"https:\/\/powiatlwowecki.pl\/plci_json_endpoint\/wp\/v2\/comments?post=1748"}],"version-history":[{"count":6,"href":"https:\/\/powiatlwowecki.pl\/plci_json_endpoint\/wp\/v2\/pages\/1748\/revisions"}],"predecessor-version":[{"id":12698,"href":"https:\/\/powiatlwowecki.pl\/plci_json_endpoint\/wp\/v2\/pages\/1748\/revisions\/12698"}],"up":[{"embeddable":true,"href":"https:\/\/powiatlwowecki.pl\/plci_json_endpoint\/wp\/v2\/pages\/1269"}],"wp:attachment":[{"href":"https:\/\/powiatlwowecki.pl\/plci_json_endpoint\/wp\/v2\/media?parent=1748"}],"curies":[{"name":"wp","href":"https:\/\/api.w.org\/{rel}","templated":true}]}}