{"id":1669,"date":"2020-11-12T12:07:42","date_gmt":"2020-11-12T11:07:42","guid":{"rendered":"https:\/\/powiatlwowecki.pl\/?page_id=1669"},"modified":"2026-02-13T11:08:06","modified_gmt":"2026-02-13T10:08:06","slug":"wydzial-komunikacji-i-drog-powiatowych","status":"publish","type":"page","link":"https:\/\/powiatlwowecki.pl\/wydzialy\/wydzial-komunikacji-i-drog-powiatowych\/","title":{"rendered":"Wydzia\u0142 Komunikacji i Dr\u00f3g Powiatowych"},"content":{"rendered":"<p><div class=\"fusion-fullwidth fullwidth-box fusion-builder-row-1 nonhundred-percent-fullwidth non-hundred-percent-height-scrolling\" style=\"--awb-border-radius-top-left:0px;--awb-border-radius-top-right:0px;--awb-border-radius-bottom-right:0px;--awb-border-radius-bottom-left:0px;--awb-flex-wrap:wrap;\" ><div class=\"fusion-builder-row fusion-row\"><div class=\"fusion-layout-column fusion_builder_column fusion-builder-column-0 fusion_builder_column_1_1 1_1 fusion-one-full fusion-column-first fusion-column-last\" style=\"--awb-bg-size:cover;\"><div class=\"fusion-column-wrapper fusion-column-has-shadow fusion-flex-column-wrapper-legacy\"><div class=\"fusion-text fusion-text-1\"><h2 style=\"text-align: center;\"><strong>WYDZIA\u0141 KOMUNIKACJI I DR\u00d3G POWIATOWYCH<\/strong><\/h2>\n<p style=\"text-align: center;\"><strong><span style=\"color: #ff0000;\"><u>W PRZYPADKU PRZEREJESTROWANIA POJAZDU<\/u>: DO URZ\u0118DU NALE\u017bY PRZYNIE\u015a\u0106 TABLICE REJESTRACYJNE (NAWET JE\u017bELI S\u0104 BIA\u0141E I WYDANE WCZE\u015aNIEJ W STAROSTWIE POWIATOWYM W LW\u00d3WKU \u015aL\u0104SKIM)<\/span><\/strong><\/p>\n<\/div><div class=\"fusion-clearfix\"><\/div><\/div><\/div><div class=\"fusion-layout-column fusion_builder_column fusion-builder-column-1 fusion_builder_column_1_3 1_3 fusion-one-third fusion-column-first\" style=\"--awb-bg-size:cover;width:33.333333333333%;width:calc(33.333333333333% - ( ( 4% + 4% ) * 0.33333333333333 ) );margin-right: 4%;\"><div class=\"fusion-column-wrapper fusion-column-has-shadow fusion-flex-column-wrapper-legacy\"><div class=\"fusion-text fusion-text-2\"><h2 style=\"text-align: center;\"><span style=\"font-size: 18pt;\"><span style=\"color: #000000;\">INSTRUKCJA &#8211; SYSTEM KOLEJKOWY<\/span><br \/>\n<\/span><\/h2>\n<p><span style=\"font-size: 12pt; color: #000000;\">1.Po przyj\u015bciu do Wydzia\u0142u nale\u017cy pobra\u0107 bilet z biletomatu odpowiedni dla kategorii sprawy, kt\u00f3r\u0105 b\u0119dziecie chcieli Pa\u0144stwo za\u0142atwi\u0107:<\/span><\/p>\n<ul>\n<li><span style=\"color: #008080; font-size: 12pt;\">Potwierdzenie wizyty um\u00f3wionej przez internet<\/span><\/li>\n<li><span style=\"color: #993300; font-size: 12pt;\">rejestracja pojazdu<\/span><\/li>\n<li><span style=\"color: #008000; font-size: 12pt;\">prawa jazdy<\/span><\/li>\n<\/ul>\n<p><span style=\"color: #000000;\">2. Biletomat wydaje bilety w ilo\u015bci umo\u017cliwiaj\u0105cej sprawn\u0105 obs\u0142ug\u0119 oraz dostosowan\u0105 do ilo\u015bci pracownik\u00f3w obs\u0142uguj\u0105cych dan\u0105 kategori\u0119 spraw, a tak\u017ce godzin urz\u0119dowania, dlatego bardzo prosimy o przybycie do urz\u0119du odpowiednio wcze\u015bniej.<\/span><\/p>\n<p><span style=\"color: #000000;\">3. Do ka\u017cdej za\u0142atwianej sprawy nale\u017cy pobra\u0107 osobny bilet.<\/span><\/p>\n<p><span style=\"color: #000000;\">4. Strona, na kt\u00f3rej\u00a0 mo\u017cecie Pa\u0144stwo zarezerwowa\u0107 wizyt\u0119 przez internet, b\u0105d\u017a sprawdzi\u0107 ilu w danym momencie jest oczekuj\u0105cych znajduje si\u0119 pod adresem:<\/span> <span style=\"color: #0000ff;\"><a style=\"color: #0000ff;\" href=\"https:\/\/bezkolejki.eu\/splwowekslaski\">https:\/\/bezkolejki.eu\/splwowekslaski<\/a><\/span><\/p>\n<\/div><div class=\"fusion-clearfix\"><\/div><\/div><\/div><div class=\"fusion-layout-column fusion_builder_column fusion-builder-column-2 fusion_builder_column_1_3 1_3 fusion-one-third\" style=\"--awb-bg-size:cover;width:33.333333333333%;width:calc(33.333333333333% - ( ( 4% + 4% ) * 0.33333333333333 ) );margin-right: 4%;\"><div class=\"fusion-column-wrapper fusion-column-has-shadow fusion-flex-column-wrapper-legacy\"><div class=\"fusion-text fusion-text-3\"><h2 style=\"text-align: center;\">INSTRUKCJA REZERWACJI KOLEJKI ONLINE<\/h2>\n<ol>\n<li><span style=\"color: #000000;\">Prosz\u0119 wybra\u0107 dat\u0119, godzin\u0119, poda\u0107 imi\u0119 i nazwisko, a nast\u0119pnie wpisa\u0107 adres mailowy, na kt\u00f3ry przyjdzie wiadomo\u015b\u0107. Rezerwacj\u0119 nale\u017cy zaakceptowa\u0107. Po zaakceptowaniu otrzymaj\u0105 Pa\u0144stwo kod, kt\u00f3ry b\u0119dzie potrzebny w czasie wizyty w Urz\u0119dzie.<\/span><\/li>\n<li><span style=\"color: #000000;\">W wyznaczonym dniu, nie wcze\u015bniej ni\u017c 15 minut przed terminem um\u00f3wionej wizyty prosz\u0119 pobra\u0107 bilet z biletomatu znajduj\u0105cego si\u0119 w Urz\u0119dzie &#8211; opcja <em>&#8222;Potwierdzenie wizyty um\u00f3wionej przez internet&#8221;<\/em>, wpisuj\u0105c kod liczbowy, kt\u00f3ry otrzymali Pa\u0144stwo w wiadomo\u015bci mailowej.<\/span><\/li>\n<li><span style=\"color: #000000;\">W przypadku gdy nie b\u0119d\u0105 Pa\u0144stwo mogli przyj\u015b\u0107 do nas w um\u00f3wionym terminie prosimy o anulowanie wizyty w spos\u00f3b wskazany w wiadomo\u015bci mailowej.<\/span><\/li>\n<li><span style=\"color: #000000;\">Do ka\u017cdej za\u0142atwianej sprawy nale\u017cy pobra\u0107 osobny bilet.<\/span><\/li>\n<\/ol>\n<\/div><div class=\"fusion-content-boxes content-boxes columns row fusion-columns-1 fusion-columns-total-1 fusion-content-boxes-1 content-boxes-icon-on-top content-left\" style=\"--awb-hover-accent-color:#f44336;--awb-circle-hover-accent-color:#f44336;--awb-item-margin-bottom:40px;\" data-animationOffset=\"top-into-view\"><div style=\"--awb-backgroundcolor:rgba(244,67,54,0.72);\" class=\"fusion-column content-box-column content-box-column content-box-column-1 col-lg-12 col-md-12 col-sm-12 fusion-content-box-hover content-box-column-last content-box-column-last-in-row\"><div class=\"col content-box-wrapper content-wrapper-background link-area-box link-type-text content-icon-wrapper-yes icon-hover-animation-slide fusion-animated\" data-link=\"https:\/\/bezkolejki.eu\/splwowekslaski\" data-link-target=\"_blank\" data-animationType=\"zoomIn\" data-animationDuration=\"0.3\" data-animationOffset=\"top-into-view\"><div class=\"heading icon-left\"><a class=\"heading-link\" href=\"https:\/\/bezkolejki.eu\/splwowekslaski\" target=\"_blank\" rel=\"noopener noreferrer\"><h2 class=\"content-box-heading\" style=\"--h2_typography-font-size:24px;line-height:29px;\">Um\u00f3w wizyt\u0119<\/h2><\/a><\/div><div class=\"fusion-clearfix\"><\/div><div class=\"content-container\">\n<p style=\"text-align: center;\">w Wydziale Komunikacji<\/p>\n<\/div><\/div><\/div><div class=\"fusion-clearfix\"><\/div><\/div><div class=\"fusion-clearfix\"><\/div><\/div><\/div><div class=\"fusion-layout-column fusion_builder_column fusion-builder-column-3 fusion_builder_column_1_3 1_3 fusion-one-third fusion-column-last\" style=\"--awb-bg-color:#ffffff;--awb-bg-color-hover:#ffffff;--awb-bg-size:cover;width:33.333333333333%;width:calc(33.333333333333% - ( ( 4% + 4% ) * 0.33333333333333 ) );\"><div class=\"fusion-column-wrapper fusion-column-has-shadow fusion-flex-column-wrapper-legacy\"><div class=\"fusion-text fusion-text-4\"><h2>Us\u0142ugi online (epuap):<\/h2>\n<h4>Pojazdy:<\/h4>\n<p><a class=\"accordion-link\" href=\"http:\/\/www.gov.pl\/web\/gov\/zglos-zbycie-lub-nabycie-pojazdu-na-przyklad-sprzedaz-kupno-darowizne\"><strong><span style=\"color: #3366ff;\">Zg\u0142o\u015b zbycie lub nabycie pojazdu, na przyk\u0142ad sprzeda\u017c, kupno, darowizn\u0119\u00a0<\/span><\/strong><\/a> <label class=\"online-label\"> (us\u0142uga online)<\/label><\/p>\n<p><a href=\"https:\/\/info-car.pl\/new\/rejestracja-pojazdu\/sprawdz-status-dowodu-rejestracyjnego\"><strong><span style=\"color: #3366ff;\">Sprawd\u017a status wykonania dowodu rejestracyjnego<\/span><\/strong><\/a> (us\u0142uga online)<\/p>\n<p><a class=\"accordion-link\" href=\"https:\/\/www.gov.pl\/web\/mobywatel\/mpojazd\"><span style=\"color: #3366ff;\"><strong>mPojazd\u00a0<\/strong><\/span><\/a> <label class=\"online-label\"> (us\u0142uga online)<\/label><\/p>\n<p><a class=\"accordion-link\" href=\"https:\/\/www.gov.pl\/web\/gov\/sprawdz-autobus\"><span style=\"color: #3366ff;\"><strong>Sprawd\u017a autobus<\/strong><\/span>\u00a0<\/a> <label class=\"online-label\"> (us\u0142uga online)<\/label><\/p>\n<p><a class=\"accordion-link\" href=\"https:\/\/historiapojazdu.gov.pl\/\"><span style=\"color: #3366ff;\"><strong>Sprawd\u017a histori\u0119 pojazdu<\/strong><\/span>\u00a0<\/a> <label class=\"online-label\"> (us\u0142uga online)<\/label><\/p>\n<p><a class=\"accordion-link\" href=\"https:\/\/www.gov.pl\/web\/gov\/sprawdz-swoj-pojazd\"><span style=\"color: #3366ff;\"><strong>Sprawd\u017a sw\u00f3j pojazd<\/strong><\/span>\u00a0<\/a> <label class=\"online-label\"> (us\u0142uga online)<\/label><\/p>\n<h4>Prawo jazdy:<\/h4>\n<p><a href=\"https:\/\/info-car.pl\/new\/prawo-jazdy\/sprawdz-status-prawa-jazdy\"><span style=\"color: #3366ff;\"><strong>Sprawd\u017a status wykonania prawa jazdy<\/strong><\/span><\/a> (us\u0142uga online)<\/p>\n<p><a href=\"https:\/\/www.gov.pl\/web\/gov\/sprawdz-swoje-punkty-karne\"><strong><span style=\"color: #3366ff;\">Sprawd\u017a swoje punkty karne<\/span><\/strong><\/a> (us\u0142uga online)<\/p>\n<p><a class=\"accordion-link\" href=\"https:\/\/www.gov.pl\/web\/gov\/skorzystaj-z-dofinansowania-do-uzyskania-prawa-jazdy\"><span style=\"color: #3366ff;\"><strong>Skorzystaj z dofinansowania do uzyskania prawa jazdy<\/strong><\/span><\/a> <label class=\"online-label\"> (us\u0142uga online)<\/label><\/p>\n<p><a class=\"accordion-link\" href=\"https:\/\/www.gov.pl\/web\/gov\/sprawdz-uprawnienia-kierowcy\"><span style=\"color: #3366ff;\"><strong>Sprawd\u017a uprawnienia kierowcy<\/strong><\/span><\/a> <label class=\"online-label\"> (us\u0142uga online)<\/label><\/p>\n<p><a class=\"accordion-link\" href=\"https:\/\/www.gov.pl\/web\/gov\/zglos-rozbieznosc-w-danych-prawa-jazdy\"><span style=\"color: #3366ff;\"><strong>Zg\u0142o\u015b rozbie\u017cno\u015b\u0107 w danych prawa jazdy<\/strong><\/span><\/a> <label class=\"online-label\"> (us\u0142uga online)<\/label><\/p>\n<h4>Transport drogowy:<\/h4>\n<h4><a href=\"https:\/\/powiatlwowecki.pl\/chcesz-sprawdzic-swoje-naruszenia-w-kreptd-sprawdz-jak\/\"><span style=\"color: #3366ff;\">Przedsi\u0119biorco sprawd\u017a swoje naruszenie w KREPTD<\/span><\/a><\/h4>\n<\/div><div class=\"fusion-clearfix\"><\/div><\/div><\/div><\/div><\/div><div class=\"fusion-fullwidth fullwidth-box fusion-builder-row-2 nonhundred-percent-fullwidth non-hundred-percent-height-scrolling\" style=\"--awb-border-radius-top-left:0px;--awb-border-radius-top-right:0px;--awb-border-radius-bottom-right:0px;--awb-border-radius-bottom-left:0px;--awb-flex-wrap:wrap;\" ><div class=\"fusion-builder-row fusion-row\"><div class=\"fusion-layout-column fusion_builder_column fusion-builder-column-4 fusion_builder_column_1_4 1_4 fusion-one-fourth fusion-column-first\" style=\"--awb-bg-size:cover;width:25%;width:calc(25% - ( ( 4% + 4% ) * 0.25 ) );margin-right: 4%;\"><div class=\"fusion-column-wrapper fusion-column-has-shadow fusion-flex-column-wrapper-legacy\"><div class=\"fusion-clearfix\"><\/div><\/div><\/div><div class=\"fusion-layout-column fusion_builder_column fusion-builder-column-5 fusion_builder_column_1_2 1_2 fusion-one-half\" style=\"--awb-bg-size:cover;width:50%;width:calc(50% - ( ( 4% + 4% ) * 0.5 ) );margin-right: 4%;\"><div class=\"fusion-column-wrapper fusion-column-has-shadow fusion-flex-column-wrapper-legacy\"><div class=\"fusion-text fusion-text-5\"><p style=\"text-align: center;\"><span style=\"font-family: Georgia, Palatino; font-size: 14pt;\"><strong> Godziny przyjmowania klient\u00f3w:<\/strong><\/span><\/p>\n<pre style=\"text-align: center;\"><span style=\"font-family: Verdana, Geneva;\">Poniedzia\u0142ek 8.30 do 15.30\r\nWtorek \u2013 Pi\u0105tek 8.00 do 15.00\r\nPrzerwa od 12.00 do 12.30\r\n<strong>\r\nKontakt:<\/strong>\r\nRejestracja Pojazd\u00f3w \u2013 75 782 28 95,\r\ne-mail: <a href=\"mailto:komunikacja@powiatlwowecki.pl\" data-wahfont=\"16\">komunikacja@powiatlwowecki.pl<\/a>\r\nPrawo Jazdy \u2013 75 782 28 25,\r\ne-mail: <a href=\"mailto:kierowca@powiatlwowecki.pl\" data-wahfont=\"16\">kierowca@powiatlwowecki.pl<\/a><\/span><\/pre>\n<p style=\"text-align: center;\"><a href=\"https:\/\/powiatlwowecki.pl\/rachunki-bankowe\/\" target=\"_blank\" rel=\"noopener\"><strong><span style=\"font-size: 18pt; color: #800000;\">RACHUNEK BANKOWY<\/span><\/strong><\/a><\/p>\n<\/div><div class=\"fusion-clearfix\"><\/div><\/div><\/div><div class=\"fusion-layout-column fusion_builder_column fusion-builder-column-6 fusion_builder_column_1_4 1_4 fusion-one-fourth fusion-column-last\" style=\"--awb-bg-size:cover;width:25%;width:calc(25% - ( ( 4% + 4% ) * 0.25 ) );\"><div class=\"fusion-column-wrapper fusion-column-has-shadow fusion-flex-column-wrapper-legacy\"><div class=\"fusion-clearfix\"><\/div><\/div><\/div><\/div><\/div><div class=\"fusion-fullwidth fullwidth-box fusion-builder-row-3 nonhundred-percent-fullwidth non-hundred-percent-height-scrolling\" style=\"--awb-border-radius-top-left:0px;--awb-border-radius-top-right:0px;--awb-border-radius-bottom-right:0px;--awb-border-radius-bottom-left:0px;--awb-flex-wrap:wrap;\" ><div class=\"fusion-builder-row fusion-row\"><div class=\"fusion-layout-column fusion_builder_column fusion-builder-column-7 fusion_builder_column_1_1 1_1 fusion-one-full fusion-column-first fusion-column-last\" style=\"--awb-bg-size:cover;\"><div class=\"fusion-column-wrapper fusion-column-has-shadow fusion-flex-column-wrapper-legacy\"><div class=\"fusion-text fusion-text-6\"><h2 style=\"text-align: center;\" data-wahfont=\"16\"><strong>PLIKI DO POBRANIA<br \/>\n<\/strong><\/h2>\n<\/div>\n<div class=\"table-1\">\n<table width=\"100%\">\n<thead>\n<tr>\n<th style=\"text-align: center;\" align=\"left\">LP.<\/th>\n<th style=\"text-align: left;\" align=\"left\">\u00a0\u00a0\u00a0\u00a0\u00a0\u00a0\u00a0\u00a0\u00a0\u00a0\u00a0\u00a0\u00a0\u00a0\u00a0\u00a0\u00a0\u00a0\u00a0\u00a0\u00a0\u00a0\u00a0\u00a0\u00a0\u00a0\u00a0\u00a0\u00a0\u00a0\u00a0\u00a0\u00a0\u00a0\u00a0\u00a0\u00a0\u00a0\u00a0\u00a0\u00a0\u00a0\u00a0\u00a0\u00a0\u00a0\u00a0\u00a0\u00a0\u00a0\u00a0\u00a0\u00a0\u00a0\u00a0\u00a0\u00a0\u00a0\u00a0\u00a0\u00a0\u00a0\u00a0\u00a0\u00a0\u00a0\u00a0\u00a0\u00a0\u00a0 \u00a0 \u00a0 \u00a0 \u00a0 \u00a0 \u00a0 \u00a0 \u00a0 \u00a0 \u00a0 \u00a0 \u00a0 \u00a0 \u00a0 \u00a0\u00a0 \u00a0 \u00a0 \u00a0 \u00a0 \u00a0\u00a0\u00a0\u00a0 NAZWA PLIKU DO POBRANIA<\/th>\n<\/tr>\n<\/thead>\n<tbody>\n<tr>\n<td align=\"left\">1.<\/td>\n<td align=\"left\"><span style=\"text-decoration: underline;\"><a href=\"https:\/\/powiatlwowecki.pl\/wp-content\/uploads\/2020\/11\/Wniosek-o-zwrot-dowodu-rejestracyjnego-po-zatrzymaniu-przez-Policje.doc\" target=\"_blank\" rel=\"noopener noreferrer\">Wniosek o zwrot dowodu rejestracyjnego po zatrzymaniu przez Policj\u0119<\/a><\/span><\/td>\n<\/tr>\n<tr>\n<td align=\"left\">2.<\/td>\n<td align=\"left\"><a href=\"https:\/\/powiatlwowecki.pl\/wp-content\/uploads\/2025\/07\/Oswiadczenie-o-zamieszkaniu.docx\"><span style=\"text-decoration: underline;\">O\u015bwiadczenie o zamieszkaniu<\/span><\/a><\/td>\n<\/tr>\n<tr>\n<td align=\"left\">3.<\/td>\n<td align=\"left\"><a href=\"https:\/\/powiatlwowecki.pl\/wp-content\/uploads\/2025\/07\/oswiadczenie-o-akcyzie.docx\"><span style=\"text-decoration: underline;\">O\u015bwiadczenie o akcyzie<\/span><\/a><\/td>\n<\/tr>\n<tr>\n<td align=\"left\">4.<\/td>\n<td align=\"left\"><span style=\"text-decoration: underline;\"><a href=\"https:\/\/powiatlwowecki.pl\/wp-content\/uploads\/2020\/11\/Wniosek-o-wydanie-prawa-jazdy__.pdf\" target=\"_blank\" rel=\"noopener noreferrer\">Wniosek o wydanie prawa jazdy<\/a><\/span><\/td>\n<\/tr>\n<tr>\n<td align=\"left\">5.<\/td>\n<td align=\"left\"><span style=\"text-decoration: underline;\"><a href=\"https:\/\/powiatlwowecki.pl\/wp-content\/uploads\/2020\/11\/Oswiadczenie_o-zgubieniu-prawa-jazdy.pdf\" target=\"_blank\" rel=\"noopener noreferrer\">O\u015bwiadczenie o zgubieniu prawa jazdy<\/a><\/span><\/td>\n<\/tr>\n<tr>\n<td align=\"left\">6.<\/td>\n<td align=\"left\"><span style=\"text-decoration: underline;\"><a href=\"https:\/\/powiatlwowecki.pl\/wp-content\/uploads\/2020\/11\/Pelnomocnictwo_do-zalatwiania-spraw-dotyczacych-prawa-jazdy.pdf\" target=\"_blank\" rel=\"noopener noreferrer\">Pe\u0142nomocnictwo do za\u0142atwiania spraw dotycz\u0105cych prawa jazdy<\/a><\/span><\/td>\n<\/tr>\n<tr>\n<td align=\"left\">7.<\/td>\n<td align=\"left\"><span style=\"text-decoration: underline;\"><a href=\"https:\/\/powiatlwowecki.pl\/wp-content\/uploads\/2020\/11\/oswiadczenie-z-rejestracjia-pojazdu-sprowadzonego-z-zagranicy____.docx\" target=\"_blank\" rel=\"noopener noreferrer\">O\u015bwiadczenie z rejestracja pojazdu sprowadzonego z zagranicy<\/a><\/span><\/td>\n<\/tr>\n<tr>\n<td align=\"left\">8.<\/td>\n<td align=\"left\"><span style=\"text-decoration: underline;\"><a href=\"https:\/\/powiatlwowecki.pl\/wp-content\/uploads\/2020\/11\/Oswiadczenie____.docx\" target=\"_blank\" rel=\"noopener noreferrer\">O\u015bwiadczenie<\/a><\/span><\/td>\n<\/tr>\n<tr>\n<td align=\"left\">9.<\/td>\n<td align=\"left\"><a href=\"https:\/\/powiatlwowecki.pl\/wp-content\/uploads\/2025\/07\/Oswiadczenie_brak_tablic.docx\"><span style=\"text-decoration: underline;\">O\u015bwiadczenie o braku tablic<\/span><\/a><\/td>\n<\/tr>\n<tr>\n<td align=\"left\">10.<\/td>\n<td align=\"left\"><span style=\"text-decoration: underline;\"><a href=\"https:\/\/powiatlwowecki.pl\/wp-content\/uploads\/2020\/11\/Pelnomocnictwo____.docx\" target=\"_blank\" rel=\"noopener noreferrer\">Pe\u0142nomocnictwo<\/a><\/span><\/td>\n<\/tr>\n<tr>\n<td align=\"left\">11.<\/td>\n<td align=\"left\"><a href=\"https:\/\/powiatlwowecki.pl\/wp-content\/uploads\/2025\/07\/Wniosek-o-rejestracje-pojazdu.doc\"><span style=\"text-decoration: underline;\">Wniosek o rejestracj\u0119 pojazdu<\/span><\/a><\/td>\n<\/tr>\n<tr>\n<td align=\"left\">12.<\/td>\n<td align=\"left\"><span style=\"text-decoration: underline;\"><a href=\"https:\/\/powiatlwowecki.pl\/wp-content\/uploads\/2020\/11\/ZAWIADOMIENIE-O-ZBYCIU-POJAZDU2020.doc\" target=\"_blank\" rel=\"noopener noreferrer\">Zawiadomienie o zbyciu pojazdu<\/a><\/span><\/td>\n<\/tr>\n<tr>\n<td align=\"left\">13.<\/td>\n<td align=\"left\"><span style=\"text-decoration: underline;\"><a href=\"https:\/\/powiatlwowecki.pl\/wp-content\/uploads\/2020\/11\/nowa-nalepka-na-szybe.docx\" target=\"_blank\" rel=\"noopener noreferrer\">Nowa nalepka na szyb\u0119<\/a><\/span><\/td>\n<\/tr>\n<tr>\n<td align=\"left\">14.<\/td>\n<td align=\"left\"><span style=\"text-decoration: underline;\"><a href=\"https:\/\/powiatlwowecki.pl\/wp-content\/uploads\/2020\/11\/wymiana-dowodu-rejestracyjnego_2020.docx\" target=\"_blank\" rel=\"noopener noreferrer\">Wymiana dowodu rejestracyjnego<\/a><\/span><\/td>\n<\/tr>\n<tr>\n<td align=\"left\">15.<\/td>\n<td align=\"left\"><span style=\"text-decoration: underline;\"><a href=\"https:\/\/powiatlwowecki.pl\/wp-content\/uploads\/2025\/07\/Zmiana-w-pojezdzie.rtf\">Wniosek o zmian\u0119 w poje\u017adzie<\/a><\/span><\/td>\n<\/tr>\n<tr>\n<td align=\"left\">16.<\/td>\n<td align=\"left\"><span style=\"text-decoration: underline;\"><a href=\"https:\/\/powiatlwowecki.pl\/wp-content\/uploads\/2020\/11\/zmiany-w-dowodzie-rejestracyjnym_2020.docx\" target=\"_blank\" rel=\"noopener noreferrer\">Zmiany w dowodzie rejestracyjnym<\/a><\/span><\/td>\n<\/tr>\n<\/tbody>\n<\/table>\n<\/div>\n<div class=\"fusion-text fusion-text-7\"><h2 data-wahfont=\"16\"><\/h2>\n<h2 data-wahfont=\"16\"><\/h2>\n<h2 style=\"text-align: center;\" data-wahfont=\"16\"><strong>WYKAZ KART US\u0141UG<\/strong><\/h2>\n<\/div>\n<div class=\"table-1\">\n<table width=\"100%\">\n<thead>\n<tr>\n<th align=\"left\">Lp.<\/th>\n<th style=\"text-align: center;\" align=\"left\">NAZWA US\u0141UGI<\/th>\n<th style=\"text-align: center;\" align=\"left\">NR KARTY<br \/>\nUS\u0141UG<\/th>\n<\/tr>\n<\/thead>\n<tbody>\n<tr>\n<td align=\"left\">1.<\/td>\n<td align=\"left\"><a href=\"https:\/\/powiatlwowecki.pl\/wp-content\/uploads\/2025\/02\/Wydanie-prawa-jazdy-miedzynarodowego.odt\"><span style=\"text-decoration: underline;\">Wydawanie prawa jazdy mi\u0119dzynarodowego<\/span><\/a><\/td>\n<td style=\"text-align: center;\" align=\"left\"><a href=\"https:\/\/powiatlwowecki.pl\/wp-content\/uploads\/2025\/02\/Wydanie-prawa-jazdy-miedzynarodowego.odt\">KD\/05<\/a><\/td>\n<\/tr>\n<tr>\n<td align=\"left\">2.<\/td>\n<td align=\"left\"><a href=\"https:\/\/powiatlwowecki.pl\/wp-content\/uploads\/2025\/02\/Wymiana-prawa-jazdy.doc\"><span style=\"text-decoration: underline;\">Wymiana prawa jazdy<\/span><\/a><\/td>\n<td style=\"text-align: center;\" align=\"left\"><a href=\"https:\/\/powiatlwowecki.pl\/wp-content\/uploads\/2025\/02\/Wymiana-prawa-jazdy.doc\">KD\/07<\/a><\/td>\n<\/tr>\n<tr>\n<td align=\"left\">3.<\/td>\n<td align=\"left\"><a href=\"https:\/\/powiatlwowecki.pl\/wp-content\/uploads\/2025\/02\/Wydanie-prawa-jazdy-poraz-pierwszy.doc\"><span style=\"text-decoration: underline;\">Wydanie prawa jazdy po raz pierwszy<\/span><\/a><\/td>\n<td style=\"text-align: center;\" align=\"left\"><a href=\"https:\/\/powiatlwowecki.pl\/wp-content\/uploads\/2025\/02\/Wydanie-prawa-jazdy-poraz-pierwszy.doc\">KD\/06<\/a><\/td>\n<\/tr>\n<tr>\n<td align=\"left\">4.<\/td>\n<td align=\"left\"><a href=\"https:\/\/powiatlwowecki.pl\/wp-content\/uploads\/2025\/02\/Wydanie-wtornika-prawa-jazdy.doc\"><span style=\"text-decoration: underline;\">Wydanie wt\u00f3rnika prawa jazdy<\/span><\/a><\/td>\n<td style=\"text-align: center;\" align=\"left\"><a href=\"https:\/\/powiatlwowecki.pl\/wp-content\/uploads\/2025\/02\/Wydanie-wtornika-prawa-jazdy.doc\">KD\/07<\/a><\/td>\n<\/tr>\n<tr>\n<td align=\"left\">5.<\/td>\n<td align=\"left\"><a href=\"https:\/\/powiatlwowecki.pl\/wp-content\/uploads\/2025\/02\/Rejestracja-pojazdu-zarejestrowanego-zakupionej-na-terytotium-RP.odt\"><span style=\"text-decoration: underline;\">Rejestracja pojazdu zakupionego na terytorium Rzeczpospolitej Polskiej<\/span><\/a><\/td>\n<td style=\"text-align: center;\" align=\"left\"><a href=\"https:\/\/powiatlwowecki.pl\/wp-content\/uploads\/2025\/02\/Rejestracja-pojazdu-zarejestrowanego-zakupionej-na-terytotium-RP.odt\">KD\/01<\/a><\/td>\n<\/tr>\n<tr>\n<td align=\"left\">6.<\/td>\n<td align=\"left\"><a href=\"https:\/\/powiatlwowecki.pl\/wp-content\/uploads\/2025\/02\/Rejestracja-pojazdu-zabytkowego.doc\"><span style=\"text-decoration: underline;\">Rejestracja pojazdu zabytkowego<\/span><\/a><\/td>\n<td style=\"text-align: center;\" align=\"left\"><a href=\"https:\/\/powiatlwowecki.pl\/wp-content\/uploads\/2025\/02\/Rejestracja-pojazdu-zabytkowego.doc\">KD\/03<\/a><\/td>\n<\/tr>\n<tr>\n<td align=\"left\">7.<\/td>\n<td align=\"left\"><a href=\"https:\/\/powiatlwowecki.pl\/wp-content\/uploads\/2025\/02\/Rejestracja-pojazdu-z-zagranicy.doc\"><span style=\"text-decoration: underline;\">Rejestracja pojazdu z zagranicy<\/span><\/a><\/td>\n<td style=\"text-align: center;\" align=\"left\"><a href=\"https:\/\/powiatlwowecki.pl\/wp-content\/uploads\/2025\/02\/Rejestracja-pojazdu-z-zagranicy.doc\">KD\/02<\/a><\/td>\n<\/tr>\n<tr>\n<td align=\"left\">8.<\/td>\n<td align=\"left\"><a href=\"https:\/\/powiatlwowecki.pl\/wp-content\/uploads\/2025\/02\/Rejestracja-nowego-pojazdu-zakupionego-na-terytorium-RP.doc\"><span style=\"text-decoration: underline;\">Rejestracja nowego pojazdu zakupionego na terytorium Rzeczypospolitej Polskiej<\/span><\/a><\/td>\n<td style=\"text-align: center;\" align=\"left\"><a href=\"https:\/\/powiatlwowecki.pl\/wp-content\/uploads\/2025\/02\/Rejestracja-nowego-pojazdu-zakupionego-na-terytorium-RP.doc\">KD\/01<\/a><\/td>\n<\/tr>\n<tr>\n<td align=\"left\">9.<\/td>\n<td align=\"left\"><a href=\"https:\/\/powiatlwowecki.pl\/wp-content\/uploads\/2025\/02\/OPLATY-ZA-DOKUMENTY-KOMUNIKACYJNE.docx\"><span style=\"text-decoration: underline;\">Op\u0142aty za dokumenty komunikacyjne<\/span><\/a><\/td>\n<td style=\"text-align: center;\" align=\"left\"><a href=\"https:\/\/powiatlwowecki.pl\/wp-content\/uploads\/2025\/02\/OPLATY-ZA-DOKUMENTY-KOMUNIKACYJNE.docx\">op\u0142aty<\/a><\/td>\n<\/tr>\n<tr>\n<td align=\"left\"><\/td>\n<td align=\"left\"><\/td>\n<td style=\"text-align: center;\" align=\"left\"><\/td>\n<\/tr>\n<tr>\n<td align=\"left\"><\/td>\n<td align=\"left\"><\/td>\n<td style=\"text-align: center;\" align=\"left\"><\/td>\n<\/tr>\n<tr>\n<td align=\"left\"><\/td>\n<td align=\"left\"><\/td>\n<td style=\"text-align: center;\" align=\"left\"><\/td>\n<\/tr>\n<tr>\n<td align=\"left\"><\/td>\n<td align=\"left\"><\/td>\n<td style=\"text-align: center;\" align=\"left\"><\/td>\n<\/tr>\n<tr>\n<td align=\"left\"><\/td>\n<td align=\"left\"><\/td>\n<td style=\"text-align: center;\" align=\"left\"><\/td>\n<\/tr>\n<tr>\n<td align=\"left\"><\/td>\n<td align=\"left\"><\/td>\n<td style=\"text-align: center;\" align=\"left\"><\/td>\n<\/tr>\n<tr>\n<td align=\"left\"><\/td>\n<td align=\"left\"><\/td>\n<td style=\"text-align: center;\" align=\"left\"><\/td>\n<\/tr>\n<tr>\n<td align=\"left\"><\/td>\n<td align=\"left\"><\/td>\n<td style=\"text-align: center;\" align=\"left\"><\/td>\n<\/tr>\n<tr>\n<td align=\"left\"><\/td>\n<td align=\"left\"><\/td>\n<td style=\"text-align: center;\" align=\"left\"><\/td>\n<\/tr>\n<tr>\n<td align=\"left\"><\/td>\n<td align=\"left\"><\/td>\n<td style=\"text-align: center;\" align=\"left\"><\/td>\n<\/tr>\n<tr>\n<td align=\"left\"><\/td>\n<td align=\"left\"><\/td>\n<td style=\"text-align: center;\" align=\"left\"><\/td>\n<\/tr>\n<tr>\n<td align=\"left\"><\/td>\n<td align=\"left\"><\/td>\n<td style=\"text-align: center;\" align=\"left\"><\/td>\n<\/tr>\n<tr>\n<td align=\"left\"><\/td>\n<td align=\"left\"><\/td>\n<td style=\"text-align: center;\" align=\"left\"><\/td>\n<\/tr>\n<tr>\n<td align=\"left\"><\/td>\n<td align=\"left\"><\/td>\n<td style=\"text-align: center;\" align=\"left\"><\/td>\n<\/tr>\n<tr>\n<td align=\"left\"><\/td>\n<td align=\"left\"><\/td>\n<td style=\"text-align: center;\" align=\"left\"><\/td>\n<\/tr>\n<\/tbody>\n<\/table>\n<\/div>\n<div class=\"fusion-text fusion-text-8\"><h2><\/h2>\n<h2><\/h2>\n<h2 style=\"text-align: center;\">PRAWO JAZDY &#8211; STATYSTYKI ZDAWALNO\u015aCI<\/h2>\n<\/div><ul style=\"--awb-line-height:27.2px;--awb-icon-width:27.2px;--awb-icon-height:27.2px;--awb-icon-margin:11.2px;--awb-content-margin:38.4px;--awb-circlecolor:#ef251a;--awb-circle-yes-font-size:14.08px;\" class=\"fusion-checklist fusion-checklist-1 fusion-checklist-default type-icons\"><li class=\"fusion-li-item\" style=\"\"><span class=\"icon-wrapper circle-yes\"><i class=\"fusion-li-icon fa-arrow-right fas\" aria-hidden=\"true\"><\/i><\/span><div class=\"fusion-li-item-content\">\n<h4><\/h4>\n<h4>S<a href=\"https:\/\/powiatlwowecki.pl\/wp-content\/uploads\/2026\/02\/Zdawalnosc-2025.pdf\">tatystyka zdawalno\u015bci za 2025 rok<\/a><\/h4>\n<\/div><\/li><\/ul><div class=\"fusion-clearfix\"><\/div><\/div><\/div><\/div><\/div><\/p>\n","protected":false},"excerpt":{"rendered":"","protected":false},"author":3,"featured_media":0,"parent":1241,"menu_order":0,"comment_status":"closed","ping_status":"closed","template":"","meta":{"_acf_changed":false,"footnotes":""},"class_list":["post-1669","page","type-page","status-publish","hentry"],"acf":false,"_links":{"self":[{"href":"https:\/\/powiatlwowecki.pl\/plci_json_endpoint\/wp\/v2\/pages\/1669","targetHints":{"allow":["GET"]}}],"collection":[{"href":"https:\/\/powiatlwowecki.pl\/plci_json_endpoint\/wp\/v2\/pages"}],"about":[{"href":"https:\/\/powiatlwowecki.pl\/plci_json_endpoint\/wp\/v2\/types\/page"}],"author":[{"embeddable":true,"href":"https:\/\/powiatlwowecki.pl\/plci_json_endpoint\/wp\/v2\/users\/3"}],"replies":[{"embeddable":true,"href":"https:\/\/powiatlwowecki.pl\/plci_json_endpoint\/wp\/v2\/comments?post=1669"}],"version-history":[{"count":5,"href":"https:\/\/powiatlwowecki.pl\/plci_json_endpoint\/wp\/v2\/pages\/1669\/revisions"}],"predecessor-version":[{"id":12044,"href":"https:\/\/powiatlwowecki.pl\/plci_json_endpoint\/wp\/v2\/pages\/1669\/revisions\/12044"}],"up":[{"embeddable":true,"href":"https:\/\/powiatlwowecki.pl\/plci_json_endpoint\/wp\/v2\/pages\/1241"}],"wp:attachment":[{"href":"https:\/\/powiatlwowecki.pl\/plci_json_endpoint\/wp\/v2\/media?parent=1669"}],"curies":[{"name":"wp","href":"https:\/\/api.w.org\/{rel}","templated":true}]}}