{"id":1541,"date":"2020-11-03T12:17:02","date_gmt":"2020-11-03T11:17:02","guid":{"rendered":"https:\/\/powiatlwowecki.pl\/?page_id=1541"},"modified":"2020-11-03T12:21:25","modified_gmt":"2020-11-03T11:21:25","slug":"galeria","status":"publish","type":"page","link":"https:\/\/powiatlwowecki.pl\/galeria\/","title":{"rendered":"Galeria"},"content":{"rendered":"<div class=\"fusion-fullwidth fullwidth-box fusion-builder-row-1 nonhundred-percent-fullwidth non-hundred-percent-height-scrolling\" style=\"--awb-border-radius-top-left:0px;--awb-border-radius-top-right:0px;--awb-border-radius-bottom-right:0px;--awb-border-radius-bottom-left:0px;--awb-flex-wrap:wrap;\" ><div class=\"fusion-builder-row fusion-row\"><div class=\"fusion-layout-column fusion_builder_column fusion-builder-column-0 fusion_builder_column_1_1 1_1 fusion-one-full fusion-column-first fusion-column-last\" style=\"--awb-bg-size:cover;\"><div class=\"fusion-column-wrapper fusion-column-has-shadow fusion-flex-column-wrapper-legacy\"><div class=\"awb-gallery-wrapper awb-gallery-wrapper-1 button-span-no\"><div style=\"margin:-5px;--awb-bordersize:0px;\" class=\"fusion-gallery fusion-gallery-container fusion-grid-3 fusion-columns-total-31 fusion-gallery-layout-grid fusion-gallery-1\"><div style=\"padding:5px;\" class=\"fusion-grid-column fusion-gallery-column fusion-gallery-column-3 hover-type-zoomin\"><div class=\"fusion-gallery-image\"><a href=\"https:\/\/powiatlwowecki.pl\/wp-content\/uploads\/2020\/11\/1.jpg\" rel=\"noreferrer\" data-rel=\"iLightbox[gallery_image_1]\" class=\"fusion-lightbox\" target=\"_self\"><img decoding=\"async\" src=\"https:\/\/powiatlwowecki.pl\/wp-content\/uploads\/2020\/11\/1.jpg\" width=\"1732\" height=\"1155\" alt=\"\" title=\"1\" aria-label=\"1\" class=\"img-responsive wp-image-1542\" srcset=\"https:\/\/powiatlwowecki.pl\/wp-content\/uploads\/2020\/11\/1-200x133.jpg 200w, https:\/\/powiatlwowecki.pl\/wp-content\/uploads\/2020\/11\/1-400x267.jpg 400w, https:\/\/powiatlwowecki.pl\/wp-content\/uploads\/2020\/11\/1-600x400.jpg 600w, https:\/\/powiatlwowecki.pl\/wp-content\/uploads\/2020\/11\/1-800x533.jpg 800w, https:\/\/powiatlwowecki.pl\/wp-content\/uploads\/2020\/11\/1-1200x800.jpg 1200w, https:\/\/powiatlwowecki.pl\/wp-content\/uploads\/2020\/11\/1.jpg 1732w\" sizes=\"(min-width: 2200px) 100vw, (min-width: 784px) 397px, (min-width: 712px) 595px, (min-width: 640px) 712px, \" \/><\/a><\/div><\/div><div style=\"padding:5px;\" class=\"fusion-grid-column fusion-gallery-column fusion-gallery-column-3 hover-type-zoomin\"><div class=\"fusion-gallery-image\"><a href=\"https:\/\/powiatlwowecki.pl\/wp-content\/uploads\/2020\/11\/4.jpg\" rel=\"noreferrer\" data-rel=\"iLightbox[gallery_image_1]\" class=\"fusion-lightbox\" target=\"_self\"><img decoding=\"async\" src=\"https:\/\/powiatlwowecki.pl\/wp-content\/uploads\/2020\/11\/4.jpg\" width=\"1674\" height=\"1195\" alt=\"\" title=\"4\" aria-label=\"4\" class=\"img-responsive wp-image-1543\" srcset=\"https:\/\/powiatlwowecki.pl\/wp-content\/uploads\/2020\/11\/4-200x143.jpg 200w, https:\/\/powiatlwowecki.pl\/wp-content\/uploads\/2020\/11\/4-400x286.jpg 400w, https:\/\/powiatlwowecki.pl\/wp-content\/uploads\/2020\/11\/4-600x428.jpg 600w, https:\/\/powiatlwowecki.pl\/wp-content\/uploads\/2020\/11\/4-800x571.jpg 800w, https:\/\/powiatlwowecki.pl\/wp-content\/uploads\/2020\/11\/4-1200x857.jpg 1200w, https:\/\/powiatlwowecki.pl\/wp-content\/uploads\/2020\/11\/4.jpg 1674w\" sizes=\"(min-width: 2200px) 100vw, (min-width: 784px) 397px, (min-width: 712px) 595px, (min-width: 640px) 712px, \" \/><\/a><\/div><\/div><div style=\"padding:5px;\" class=\"fusion-grid-column fusion-gallery-column fusion-gallery-column-3 hover-type-zoomin\"><div class=\"fusion-gallery-image\"><a href=\"https:\/\/powiatlwowecki.pl\/wp-content\/uploads\/2020\/11\/8.jpg\" rel=\"noreferrer\" data-rel=\"iLightbox[gallery_image_1]\" class=\"fusion-lightbox\" target=\"_self\"><img decoding=\"async\" src=\"https:\/\/powiatlwowecki.pl\/wp-content\/uploads\/2020\/11\/8.jpg\" width=\"1730\" height=\"1155\" alt=\"\" title=\"8\" aria-label=\"8\" class=\"img-responsive wp-image-1544\" srcset=\"https:\/\/powiatlwowecki.pl\/wp-content\/uploads\/2020\/11\/8-200x134.jpg 200w, https:\/\/powiatlwowecki.pl\/wp-content\/uploads\/2020\/11\/8-400x267.jpg 400w, https:\/\/powiatlwowecki.pl\/wp-content\/uploads\/2020\/11\/8-600x401.jpg 600w, https:\/\/powiatlwowecki.pl\/wp-content\/uploads\/2020\/11\/8-800x534.jpg 800w, https:\/\/powiatlwowecki.pl\/wp-content\/uploads\/2020\/11\/8-1200x801.jpg 1200w, https:\/\/powiatlwowecki.pl\/wp-content\/uploads\/2020\/11\/8.jpg 1730w\" sizes=\"(min-width: 2200px) 100vw, (min-width: 784px) 397px, (min-width: 712px) 595px, (min-width: 640px) 712px, \" \/><\/a><\/div><\/div><div class=\"clearfix\"><\/div><div style=\"padding:5px;\" class=\"fusion-grid-column fusion-gallery-column fusion-gallery-column-3 hover-type-zoomin\"><div class=\"fusion-gallery-image\"><a href=\"https:\/\/powiatlwowecki.pl\/wp-content\/uploads\/2020\/11\/16.jpg\" rel=\"noreferrer\" data-rel=\"iLightbox[gallery_image_1]\" class=\"fusion-lightbox\" target=\"_self\"><img decoding=\"async\" src=\"https:\/\/powiatlwowecki.pl\/wp-content\/uploads\/2020\/11\/16.jpg\" width=\"2552\" height=\"1701\" alt=\"\" title=\"16\" aria-label=\"16\" class=\"img-responsive wp-image-1545\" srcset=\"https:\/\/powiatlwowecki.pl\/wp-content\/uploads\/2020\/11\/16-200x133.jpg 200w, https:\/\/powiatlwowecki.pl\/wp-content\/uploads\/2020\/11\/16-400x267.jpg 400w, https:\/\/powiatlwowecki.pl\/wp-content\/uploads\/2020\/11\/16-600x400.jpg 600w, https:\/\/powiatlwowecki.pl\/wp-content\/uploads\/2020\/11\/16-800x533.jpg 800w, https:\/\/powiatlwowecki.pl\/wp-content\/uploads\/2020\/11\/16-1200x800.jpg 1200w, https:\/\/powiatlwowecki.pl\/wp-content\/uploads\/2020\/11\/16.jpg 2552w\" sizes=\"(min-width: 2200px) 100vw, (min-width: 784px) 397px, (min-width: 712px) 595px, (min-width: 640px) 712px, \" \/><\/a><\/div><\/div><div style=\"padding:5px;\" class=\"fusion-grid-column fusion-gallery-column fusion-gallery-column-3 hover-type-zoomin\"><div class=\"fusion-gallery-image\"><a href=\"https:\/\/powiatlwowecki.pl\/wp-content\/uploads\/2020\/11\/DJI_0953-Pano-Edit-Edit-scaled.jpg\" rel=\"noreferrer\" data-rel=\"iLightbox[gallery_image_1]\" class=\"fusion-lightbox\" target=\"_self\"><img decoding=\"async\" src=\"https:\/\/powiatlwowecki.pl\/wp-content\/uploads\/2020\/11\/DJI_0953-Pano-Edit-Edit-scaled.jpg\" width=\"2560\" height=\"1920\" alt=\"\" title=\"DJI_0953-Pano-Edit-Edit\" aria-label=\"DJI_0953-Pano-Edit-Edit\" class=\"img-responsive wp-image-1546\" srcset=\"https:\/\/powiatlwowecki.pl\/wp-content\/uploads\/2020\/11\/DJI_0953-Pano-Edit-Edit-200x150.jpg 200w, https:\/\/powiatlwowecki.pl\/wp-content\/uploads\/2020\/11\/DJI_0953-Pano-Edit-Edit-400x300.jpg 400w, https:\/\/powiatlwowecki.pl\/wp-content\/uploads\/2020\/11\/DJI_0953-Pano-Edit-Edit-600x450.jpg 600w, https:\/\/powiatlwowecki.pl\/wp-content\/uploads\/2020\/11\/DJI_0953-Pano-Edit-Edit-800x600.jpg 800w, https:\/\/powiatlwowecki.pl\/wp-content\/uploads\/2020\/11\/DJI_0953-Pano-Edit-Edit-1200x900.jpg 1200w, https:\/\/powiatlwowecki.pl\/wp-content\/uploads\/2020\/11\/DJI_0953-Pano-Edit-Edit-scaled.jpg 2560w\" sizes=\"(min-width: 2200px) 100vw, (min-width: 784px) 397px, (min-width: 712px) 595px, (min-width: 640px) 712px, \" \/><\/a><\/div><\/div><div style=\"padding:5px;\" class=\"fusion-grid-column fusion-gallery-column fusion-gallery-column-3 hover-type-zoomin\"><div class=\"fusion-gallery-image\"><a href=\"https:\/\/powiatlwowecki.pl\/wp-content\/uploads\/2020\/11\/dziewczynylubomierz.jpg\" rel=\"noreferrer\" data-rel=\"iLightbox[gallery_image_1]\" class=\"fusion-lightbox\" target=\"_self\"><img decoding=\"async\" src=\"https:\/\/powiatlwowecki.pl\/wp-content\/uploads\/2020\/11\/dziewczynylubomierz.jpg\" width=\"945\" height=\"630\" alt=\"\" title=\"dziewczynylubomierz\" aria-label=\"dziewczynylubomierz\" class=\"img-responsive wp-image-1547\" srcset=\"https:\/\/powiatlwowecki.pl\/wp-content\/uploads\/2020\/11\/dziewczynylubomierz-200x133.jpg 200w, https:\/\/powiatlwowecki.pl\/wp-content\/uploads\/2020\/11\/dziewczynylubomierz-400x267.jpg 400w, https:\/\/powiatlwowecki.pl\/wp-content\/uploads\/2020\/11\/dziewczynylubomierz-600x400.jpg 600w, https:\/\/powiatlwowecki.pl\/wp-content\/uploads\/2020\/11\/dziewczynylubomierz-800x533.jpg 800w, https:\/\/powiatlwowecki.pl\/wp-content\/uploads\/2020\/11\/dziewczynylubomierz.jpg 945w\" sizes=\"(min-width: 2200px) 100vw, (min-width: 784px) 397px, (min-width: 712px) 595px, (min-width: 640px) 712px, \" \/><\/a><\/div><\/div><div class=\"clearfix\"><\/div><div style=\"padding:5px;\" class=\"fusion-grid-column fusion-gallery-column fusion-gallery-column-3 hover-type-zoomin\"><div class=\"fusion-gallery-image\"><a href=\"https:\/\/powiatlwowecki.pl\/wp-content\/uploads\/2020\/11\/FOTO-10.jpg\" rel=\"noreferrer\" data-rel=\"iLightbox[gallery_image_1]\" class=\"fusion-lightbox\" target=\"_self\"><img decoding=\"async\" src=\"https:\/\/powiatlwowecki.pl\/wp-content\/uploads\/2020\/11\/FOTO-10.jpg\" width=\"2383\" height=\"1579\" alt=\"\" title=\"FOTO 10\" aria-label=\"FOTO 10\" class=\"img-responsive wp-image-1548\" srcset=\"https:\/\/powiatlwowecki.pl\/wp-content\/uploads\/2020\/11\/FOTO-10-200x133.jpg 200w, https:\/\/powiatlwowecki.pl\/wp-content\/uploads\/2020\/11\/FOTO-10-400x265.jpg 400w, https:\/\/powiatlwowecki.pl\/wp-content\/uploads\/2020\/11\/FOTO-10-600x398.jpg 600w, https:\/\/powiatlwowecki.pl\/wp-content\/uploads\/2020\/11\/FOTO-10-800x530.jpg 800w, https:\/\/powiatlwowecki.pl\/wp-content\/uploads\/2020\/11\/FOTO-10-1200x795.jpg 1200w, https:\/\/powiatlwowecki.pl\/wp-content\/uploads\/2020\/11\/FOTO-10.jpg 2383w\" sizes=\"(min-width: 2200px) 100vw, (min-width: 784px) 397px, (min-width: 712px) 595px, (min-width: 640px) 712px, \" \/><\/a><\/div><\/div><div style=\"padding:5px;\" class=\"fusion-grid-column fusion-gallery-column fusion-gallery-column-3 hover-type-zoomin\"><div class=\"fusion-gallery-image\"><a href=\"https:\/\/powiatlwowecki.pl\/wp-content\/uploads\/2020\/11\/FOTO-12.jpg\" rel=\"noreferrer\" data-rel=\"iLightbox[gallery_image_1]\" class=\"fusion-lightbox\" target=\"_self\"><img decoding=\"async\" src=\"https:\/\/powiatlwowecki.pl\/wp-content\/uploads\/2020\/11\/FOTO-12.jpg\" width=\"2464\" height=\"1632\" alt=\"\" title=\"FOTO 12\" aria-label=\"FOTO 12\" class=\"img-responsive wp-image-1549\" srcset=\"https:\/\/powiatlwowecki.pl\/wp-content\/uploads\/2020\/11\/FOTO-12-200x132.jpg 200w, https:\/\/powiatlwowecki.pl\/wp-content\/uploads\/2020\/11\/FOTO-12-400x265.jpg 400w, https:\/\/powiatlwowecki.pl\/wp-content\/uploads\/2020\/11\/FOTO-12-600x397.jpg 600w, https:\/\/powiatlwowecki.pl\/wp-content\/uploads\/2020\/11\/FOTO-12-800x530.jpg 800w, https:\/\/powiatlwowecki.pl\/wp-content\/uploads\/2020\/11\/FOTO-12-1200x795.jpg 1200w, https:\/\/powiatlwowecki.pl\/wp-content\/uploads\/2020\/11\/FOTO-12.jpg 2464w\" sizes=\"(min-width: 2200px) 100vw, (min-width: 784px) 397px, (min-width: 712px) 595px, (min-width: 640px) 712px, \" \/><\/a><\/div><\/div><div style=\"padding:5px;\" class=\"fusion-grid-column fusion-gallery-column fusion-gallery-column-3 hover-type-zoomin\"><div class=\"fusion-gallery-image\"><a href=\"https:\/\/powiatlwowecki.pl\/wp-content\/uploads\/2020\/11\/FOTO-13.jpg\" rel=\"noreferrer\" data-rel=\"iLightbox[gallery_image_1]\" class=\"fusion-lightbox\" target=\"_self\"><img decoding=\"async\" src=\"https:\/\/powiatlwowecki.pl\/wp-content\/uploads\/2020\/11\/FOTO-13.jpg\" width=\"2464\" height=\"1632\" alt=\"\" title=\"FOTO 13\" aria-label=\"FOTO 13\" class=\"img-responsive wp-image-1550\" srcset=\"https:\/\/powiatlwowecki.pl\/wp-content\/uploads\/2020\/11\/FOTO-13-200x132.jpg 200w, https:\/\/powiatlwowecki.pl\/wp-content\/uploads\/2020\/11\/FOTO-13-400x265.jpg 400w, https:\/\/powiatlwowecki.pl\/wp-content\/uploads\/2020\/11\/FOTO-13-600x397.jpg 600w, https:\/\/powiatlwowecki.pl\/wp-content\/uploads\/2020\/11\/FOTO-13-800x530.jpg 800w, https:\/\/powiatlwowecki.pl\/wp-content\/uploads\/2020\/11\/FOTO-13-1200x795.jpg 1200w, https:\/\/powiatlwowecki.pl\/wp-content\/uploads\/2020\/11\/FOTO-13.jpg 2464w\" sizes=\"(min-width: 2200px) 100vw, (min-width: 784px) 397px, (min-width: 712px) 595px, (min-width: 640px) 712px, \" \/><\/a><\/div><\/div><div class=\"clearfix\"><\/div><div style=\"padding:5px;\" class=\"fusion-grid-column fusion-gallery-column fusion-gallery-column-3 hover-type-zoomin\"><div class=\"fusion-gallery-image\"><a href=\"https:\/\/powiatlwowecki.pl\/wp-content\/uploads\/2020\/11\/grudza-5-scaled.jpg\" rel=\"noreferrer\" data-rel=\"iLightbox[gallery_image_1]\" class=\"fusion-lightbox\" target=\"_self\"><img decoding=\"async\" src=\"https:\/\/powiatlwowecki.pl\/wp-content\/uploads\/2020\/11\/grudza-5-scaled.jpg\" width=\"2560\" height=\"1709\" alt=\"\" title=\"grudza (5)\" aria-label=\"grudza (5)\" class=\"img-responsive wp-image-1552\" srcset=\"https:\/\/powiatlwowecki.pl\/wp-content\/uploads\/2020\/11\/grudza-5-200x134.jpg 200w, https:\/\/powiatlwowecki.pl\/wp-content\/uploads\/2020\/11\/grudza-5-400x267.jpg 400w, https:\/\/powiatlwowecki.pl\/wp-content\/uploads\/2020\/11\/grudza-5-600x401.jpg 600w, https:\/\/powiatlwowecki.pl\/wp-content\/uploads\/2020\/11\/grudza-5-800x534.jpg 800w, https:\/\/powiatlwowecki.pl\/wp-content\/uploads\/2020\/11\/grudza-5-1200x801.jpg 1200w, https:\/\/powiatlwowecki.pl\/wp-content\/uploads\/2020\/11\/grudza-5-scaled.jpg 2560w\" sizes=\"(min-width: 2200px) 100vw, (min-width: 784px) 397px, (min-width: 712px) 595px, (min-width: 640px) 712px, \" \/><\/a><\/div><\/div><div style=\"padding:5px;\" class=\"fusion-grid-column fusion-gallery-column fusion-gallery-column-3 hover-type-zoomin\"><div class=\"fusion-gallery-image\"><a href=\"https:\/\/powiatlwowecki.pl\/wp-content\/uploads\/2020\/11\/Grudza-1.jpg\" rel=\"noreferrer\" data-rel=\"iLightbox[gallery_image_1]\" class=\"fusion-lightbox\" target=\"_self\"><img decoding=\"async\" src=\"https:\/\/powiatlwowecki.pl\/wp-content\/uploads\/2020\/11\/Grudza-1.jpg\" width=\"2256\" height=\"1505\" alt=\"\" title=\"Grudza-1\" aria-label=\"Grudza-1\" class=\"img-responsive wp-image-1553\" srcset=\"https:\/\/powiatlwowecki.pl\/wp-content\/uploads\/2020\/11\/Grudza-1-200x133.jpg 200w, https:\/\/powiatlwowecki.pl\/wp-content\/uploads\/2020\/11\/Grudza-1-400x267.jpg 400w, https:\/\/powiatlwowecki.pl\/wp-content\/uploads\/2020\/11\/Grudza-1-600x400.jpg 600w, https:\/\/powiatlwowecki.pl\/wp-content\/uploads\/2020\/11\/Grudza-1-800x534.jpg 800w, https:\/\/powiatlwowecki.pl\/wp-content\/uploads\/2020\/11\/Grudza-1-1200x801.jpg 1200w, https:\/\/powiatlwowecki.pl\/wp-content\/uploads\/2020\/11\/Grudza-1.jpg 2256w\" sizes=\"(min-width: 2200px) 100vw, (min-width: 784px) 397px, (min-width: 712px) 595px, (min-width: 640px) 712px, \" \/><\/a><\/div><\/div><div style=\"padding:5px;\" class=\"fusion-grid-column fusion-gallery-column fusion-gallery-column-3 hover-type-zoomin\"><div class=\"fusion-gallery-image\"><a href=\"https:\/\/powiatlwowecki.pl\/wp-content\/uploads\/2020\/11\/Grudza-tecza.jpg\" rel=\"noreferrer\" data-rel=\"iLightbox[gallery_image_1]\" class=\"fusion-lightbox\" target=\"_self\"><img decoding=\"async\" src=\"https:\/\/powiatlwowecki.pl\/wp-content\/uploads\/2020\/11\/Grudza-tecza.jpg\" width=\"2256\" height=\"1505\" alt=\"\" title=\"Grudza-tecza\" aria-label=\"Grudza-tecza\" class=\"img-responsive wp-image-1554\" srcset=\"https:\/\/powiatlwowecki.pl\/wp-content\/uploads\/2020\/11\/Grudza-tecza-200x133.jpg 200w, https:\/\/powiatlwowecki.pl\/wp-content\/uploads\/2020\/11\/Grudza-tecza-400x267.jpg 400w, https:\/\/powiatlwowecki.pl\/wp-content\/uploads\/2020\/11\/Grudza-tecza-600x400.jpg 600w, https:\/\/powiatlwowecki.pl\/wp-content\/uploads\/2020\/11\/Grudza-tecza-800x534.jpg 800w, https:\/\/powiatlwowecki.pl\/wp-content\/uploads\/2020\/11\/Grudza-tecza-1200x801.jpg 1200w, https:\/\/powiatlwowecki.pl\/wp-content\/uploads\/2020\/11\/Grudza-tecza.jpg 2256w\" sizes=\"(min-width: 2200px) 100vw, (min-width: 784px) 397px, (min-width: 712px) 595px, (min-width: 640px) 712px, \" \/><\/a><\/div><\/div><div class=\"clearfix\"><\/div><div style=\"padding:5px;\" class=\"fusion-grid-column fusion-gallery-column fusion-gallery-column-3 hover-type-zoomin\"><div class=\"fusion-gallery-image\"><a href=\"https:\/\/powiatlwowecki.pl\/wp-content\/uploads\/2020\/11\/I-miejsce-Robert-Grzelczak-Wzgorze-Anny-Proszowka.jpg\" rel=\"noreferrer\" data-rel=\"iLightbox[gallery_image_1]\" class=\"fusion-lightbox\" target=\"_self\"><img decoding=\"async\" src=\"https:\/\/powiatlwowecki.pl\/wp-content\/uploads\/2020\/11\/I-miejsce-Robert-Grzelczak-Wzgorze-Anny-Proszowka.jpg\" width=\"886\" height=\"667\" alt=\"widok na Prosz\u00f3wk\u0119. Zdj\u0119cie Roberta Grzelczaka\" title=\"Fot. Robert Grzelczak &#8222;Widok na Prosz\u00f3wk\u0119&#8221;\" aria-label=\"Fot. Robert Grzelczak &#8222;Widok na Prosz\u00f3wk\u0119&#8221;\" class=\"img-responsive wp-image-1555\" srcset=\"https:\/\/powiatlwowecki.pl\/wp-content\/uploads\/2020\/11\/I-miejsce-Robert-Grzelczak-Wzgorze-Anny-Proszowka-200x151.jpg 200w, https:\/\/powiatlwowecki.pl\/wp-content\/uploads\/2020\/11\/I-miejsce-Robert-Grzelczak-Wzgorze-Anny-Proszowka-400x301.jpg 400w, https:\/\/powiatlwowecki.pl\/wp-content\/uploads\/2020\/11\/I-miejsce-Robert-Grzelczak-Wzgorze-Anny-Proszowka-600x452.jpg 600w, https:\/\/powiatlwowecki.pl\/wp-content\/uploads\/2020\/11\/I-miejsce-Robert-Grzelczak-Wzgorze-Anny-Proszowka-800x602.jpg 800w, https:\/\/powiatlwowecki.pl\/wp-content\/uploads\/2020\/11\/I-miejsce-Robert-Grzelczak-Wzgorze-Anny-Proszowka.jpg 886w\" sizes=\"(min-width: 2200px) 100vw, (min-width: 784px) 397px, (min-width: 712px) 595px, (min-width: 640px) 712px, \" \/><\/a><\/div><\/div><div style=\"padding:5px;\" class=\"fusion-grid-column fusion-gallery-column fusion-gallery-column-3 hover-type-zoomin\"><div class=\"fusion-gallery-image\"><a href=\"https:\/\/powiatlwowecki.pl\/wp-content\/uploads\/2020\/11\/I-miejsce-\u0141ukasz-Wi\u015bniowski-Zapora-Pilchowice-scaled.jpg\" rel=\"noreferrer\" data-rel=\"iLightbox[gallery_image_1]\" class=\"fusion-lightbox\" target=\"_self\"><img decoding=\"async\" src=\"https:\/\/powiatlwowecki.pl\/wp-content\/uploads\/2020\/11\/I-miejsce-\u0141ukasz-Wi\u015bniowski-Zapora-Pilchowice-scaled.jpg\" width=\"2560\" height=\"1706\" alt=\"Fotografia \u0141ukasza Wi\u015bniowskiego przedstawia budynek elektrowni na tle zapory na jeziorze pilchowickim\" title=\"Fot. \u0141ukasz Wi\u015bniowski &#8222;Zapora pilchowicka&#8221;\" aria-label=\"Fot. \u0141ukasz Wi\u015bniowski &#8222;Zapora pilchowicka&#8221;\" class=\"img-responsive wp-image-1556\" srcset=\"https:\/\/powiatlwowecki.pl\/wp-content\/uploads\/2020\/11\/I-miejsce-\u0141ukasz-Wi\u015bniowski-Zapora-Pilchowice-200x133.jpg 200w, https:\/\/powiatlwowecki.pl\/wp-content\/uploads\/2020\/11\/I-miejsce-\u0141ukasz-Wi\u015bniowski-Zapora-Pilchowice-400x267.jpg 400w, https:\/\/powiatlwowecki.pl\/wp-content\/uploads\/2020\/11\/I-miejsce-\u0141ukasz-Wi\u015bniowski-Zapora-Pilchowice-600x400.jpg 600w, https:\/\/powiatlwowecki.pl\/wp-content\/uploads\/2020\/11\/I-miejsce-\u0141ukasz-Wi\u015bniowski-Zapora-Pilchowice-800x533.jpg 800w, https:\/\/powiatlwowecki.pl\/wp-content\/uploads\/2020\/11\/I-miejsce-\u0141ukasz-Wi\u015bniowski-Zapora-Pilchowice-1200x800.jpg 1200w, https:\/\/powiatlwowecki.pl\/wp-content\/uploads\/2020\/11\/I-miejsce-\u0141ukasz-Wi\u015bniowski-Zapora-Pilchowice-scaled.jpg 2560w\" sizes=\"(min-width: 2200px) 100vw, (min-width: 784px) 397px, (min-width: 712px) 595px, (min-width: 640px) 712px, \" \/><\/a><\/div><\/div><div style=\"padding:5px;\" class=\"fusion-grid-column fusion-gallery-column fusion-gallery-column-3 hover-type-zoomin\"><div class=\"fusion-gallery-image\"><a href=\"https:\/\/powiatlwowecki.pl\/wp-content\/uploads\/2020\/11\/II-miejsce-Chatka-G\u00f3rzyst\u00f3w-pod-gwiazdami-Pawe\u0142-Zato\u0144ski.jpg\" rel=\"noreferrer\" data-rel=\"iLightbox[gallery_image_1]\" class=\"fusion-lightbox\" target=\"_self\"><img decoding=\"async\" src=\"https:\/\/powiatlwowecki.pl\/wp-content\/uploads\/2020\/11\/II-miejsce-Chatka-G\u00f3rzyst\u00f3w-pod-gwiazdami-Pawe\u0142-Zato\u0144ski.jpg\" width=\"2208\" height=\"1472\" alt=\"Fot. Pawe\u0142 Zato\u0144ski &quot;Schronisko Chatka G\u00f3rzyst\u00f3w noc\u0105&quot;\" title=\"Fot. Pawe\u0142 Zato\u0144ski &#8222;Schronisko Chatka G\u00f3rzyst\u00f3w noc\u0105&#8221;\" aria-label=\"Fot. Pawe\u0142 Zato\u0144ski &#8222;Schronisko Chatka G\u00f3rzyst\u00f3w noc\u0105&#8221;\" class=\"img-responsive wp-image-1557\" srcset=\"https:\/\/powiatlwowecki.pl\/wp-content\/uploads\/2020\/11\/II-miejsce-Chatka-G\u00f3rzyst\u00f3w-pod-gwiazdami-Pawe\u0142-Zato\u0144ski-200x133.jpg 200w, https:\/\/powiatlwowecki.pl\/wp-content\/uploads\/2020\/11\/II-miejsce-Chatka-G\u00f3rzyst\u00f3w-pod-gwiazdami-Pawe\u0142-Zato\u0144ski-400x267.jpg 400w, https:\/\/powiatlwowecki.pl\/wp-content\/uploads\/2020\/11\/II-miejsce-Chatka-G\u00f3rzyst\u00f3w-pod-gwiazdami-Pawe\u0142-Zato\u0144ski-600x400.jpg 600w, https:\/\/powiatlwowecki.pl\/wp-content\/uploads\/2020\/11\/II-miejsce-Chatka-G\u00f3rzyst\u00f3w-pod-gwiazdami-Pawe\u0142-Zato\u0144ski-800x533.jpg 800w, https:\/\/powiatlwowecki.pl\/wp-content\/uploads\/2020\/11\/II-miejsce-Chatka-G\u00f3rzyst\u00f3w-pod-gwiazdami-Pawe\u0142-Zato\u0144ski-1200x800.jpg 1200w, https:\/\/powiatlwowecki.pl\/wp-content\/uploads\/2020\/11\/II-miejsce-Chatka-G\u00f3rzyst\u00f3w-pod-gwiazdami-Pawe\u0142-Zato\u0144ski.jpg 2208w\" sizes=\"(min-width: 2200px) 100vw, (min-width: 784px) 397px, (min-width: 712px) 595px, (min-width: 640px) 712px, \" \/><\/a><\/div><\/div><div class=\"clearfix\"><\/div><div style=\"padding:5px;\" class=\"fusion-grid-column fusion-gallery-column fusion-gallery-column-3 hover-type-zoomin\"><div class=\"fusion-gallery-image\"><a href=\"https:\/\/powiatlwowecki.pl\/wp-content\/uploads\/2020\/11\/Marcin-Korol.jpg\" rel=\"noreferrer\" data-rel=\"iLightbox[gallery_image_1]\" class=\"fusion-lightbox\" target=\"_self\"><img decoding=\"async\" src=\"https:\/\/powiatlwowecki.pl\/wp-content\/uploads\/2020\/11\/Marcin-Korol.jpg\" width=\"2464\" height=\"1632\" alt=\"\" title=\"Marcin Korol\" aria-label=\"Marcin Korol\" class=\"img-responsive wp-image-1558\" srcset=\"https:\/\/powiatlwowecki.pl\/wp-content\/uploads\/2020\/11\/Marcin-Korol-200x132.jpg 200w, https:\/\/powiatlwowecki.pl\/wp-content\/uploads\/2020\/11\/Marcin-Korol-400x265.jpg 400w, https:\/\/powiatlwowecki.pl\/wp-content\/uploads\/2020\/11\/Marcin-Korol-600x397.jpg 600w, https:\/\/powiatlwowecki.pl\/wp-content\/uploads\/2020\/11\/Marcin-Korol-800x530.jpg 800w, https:\/\/powiatlwowecki.pl\/wp-content\/uploads\/2020\/11\/Marcin-Korol-1200x795.jpg 1200w, https:\/\/powiatlwowecki.pl\/wp-content\/uploads\/2020\/11\/Marcin-Korol.jpg 2464w\" sizes=\"(min-width: 2200px) 100vw, (min-width: 784px) 397px, (min-width: 712px) 595px, (min-width: 640px) 712px, \" \/><\/a><\/div><\/div><div style=\"padding:5px;\" class=\"fusion-grid-column fusion-gallery-column fusion-gallery-column-3 hover-type-zoomin\"><div class=\"fusion-gallery-image\"><a href=\"https:\/\/powiatlwowecki.pl\/wp-content\/uploads\/2020\/11\/Mariusz-Dragan-Gryf\u00f3w-\u015al\u0105ski-3.jpg\" rel=\"noreferrer\" data-rel=\"iLightbox[gallery_image_1]\" class=\"fusion-lightbox\" target=\"_self\"><img decoding=\"async\" src=\"https:\/\/powiatlwowecki.pl\/wp-content\/uploads\/2020\/11\/Mariusz-Dragan-Gryf\u00f3w-\u015al\u0105ski-3.jpg\" width=\"1863\" height=\"1396\" alt=\"\" title=\"Mariusz Dragan &#8211; Gryf\u00f3w \u015al\u0105ski 3\" aria-label=\"Mariusz Dragan &#8211; Gryf\u00f3w \u015al\u0105ski 3\" class=\"img-responsive wp-image-1559\" srcset=\"https:\/\/powiatlwowecki.pl\/wp-content\/uploads\/2020\/11\/Mariusz-Dragan-Gryf\u00f3w-\u015al\u0105ski-3-200x150.jpg 200w, https:\/\/powiatlwowecki.pl\/wp-content\/uploads\/2020\/11\/Mariusz-Dragan-Gryf\u00f3w-\u015al\u0105ski-3-400x300.jpg 400w, https:\/\/powiatlwowecki.pl\/wp-content\/uploads\/2020\/11\/Mariusz-Dragan-Gryf\u00f3w-\u015al\u0105ski-3-600x450.jpg 600w, https:\/\/powiatlwowecki.pl\/wp-content\/uploads\/2020\/11\/Mariusz-Dragan-Gryf\u00f3w-\u015al\u0105ski-3-800x599.jpg 800w, https:\/\/powiatlwowecki.pl\/wp-content\/uploads\/2020\/11\/Mariusz-Dragan-Gryf\u00f3w-\u015al\u0105ski-3-1200x899.jpg 1200w, https:\/\/powiatlwowecki.pl\/wp-content\/uploads\/2020\/11\/Mariusz-Dragan-Gryf\u00f3w-\u015al\u0105ski-3.jpg 1863w\" sizes=\"(min-width: 2200px) 100vw, (min-width: 784px) 397px, (min-width: 712px) 595px, (min-width: 640px) 712px, \" \/><\/a><\/div><\/div><div style=\"padding:5px;\" class=\"fusion-grid-column fusion-gallery-column fusion-gallery-column-3 hover-type-zoomin\"><div class=\"fusion-gallery-image\"><a href=\"https:\/\/powiatlwowecki.pl\/wp-content\/uploads\/2020\/11\/Mariusz-Dragan.jpg\" rel=\"noreferrer\" data-rel=\"iLightbox[gallery_image_1]\" class=\"fusion-lightbox\" target=\"_self\"><img decoding=\"async\" src=\"https:\/\/powiatlwowecki.pl\/wp-content\/uploads\/2020\/11\/Mariusz-Dragan.jpg\" width=\"1896\" height=\"1421\" alt=\"Powiat Lw\u00f3wecki\" title=\"Jezioro z\u0142otnickie &#8211; autor Mariusz Dragan\" aria-label=\"Jezioro z\u0142otnickie &#8211; autor Mariusz Dragan\" class=\"img-responsive wp-image-1560\" srcset=\"https:\/\/powiatlwowecki.pl\/wp-content\/uploads\/2020\/11\/Mariusz-Dragan-200x150.jpg 200w, https:\/\/powiatlwowecki.pl\/wp-content\/uploads\/2020\/11\/Mariusz-Dragan-400x300.jpg 400w, https:\/\/powiatlwowecki.pl\/wp-content\/uploads\/2020\/11\/Mariusz-Dragan-600x450.jpg 600w, https:\/\/powiatlwowecki.pl\/wp-content\/uploads\/2020\/11\/Mariusz-Dragan-800x600.jpg 800w, https:\/\/powiatlwowecki.pl\/wp-content\/uploads\/2020\/11\/Mariusz-Dragan-1200x899.jpg 1200w, https:\/\/powiatlwowecki.pl\/wp-content\/uploads\/2020\/11\/Mariusz-Dragan.jpg 1896w\" sizes=\"(min-width: 2200px) 100vw, (min-width: 784px) 397px, (min-width: 712px) 595px, (min-width: 640px) 712px, \" \/><\/a><\/div><\/div><div class=\"clearfix\"><\/div><div style=\"padding:5px;\" class=\"fusion-grid-column fusion-gallery-column fusion-gallery-column-3 hover-type-zoomin\"><div class=\"fusion-gallery-image\"><a href=\"https:\/\/powiatlwowecki.pl\/wp-content\/uploads\/2020\/11\/Mariusz-Dragan2.jpg\" rel=\"noreferrer\" data-rel=\"iLightbox[gallery_image_1]\" class=\"fusion-lightbox\" target=\"_self\"><img decoding=\"async\" src=\"https:\/\/powiatlwowecki.pl\/wp-content\/uploads\/2020\/11\/Mariusz-Dragan2.jpg\" width=\"1024\" height=\"768\" alt=\"\" title=\"Mariusz Dragan2\" aria-label=\"Mariusz Dragan2\" class=\"img-responsive wp-image-1561\" srcset=\"https:\/\/powiatlwowecki.pl\/wp-content\/uploads\/2020\/11\/Mariusz-Dragan2-200x150.jpg 200w, https:\/\/powiatlwowecki.pl\/wp-content\/uploads\/2020\/11\/Mariusz-Dragan2-400x300.jpg 400w, https:\/\/powiatlwowecki.pl\/wp-content\/uploads\/2020\/11\/Mariusz-Dragan2-600x450.jpg 600w, https:\/\/powiatlwowecki.pl\/wp-content\/uploads\/2020\/11\/Mariusz-Dragan2-800x600.jpg 800w, https:\/\/powiatlwowecki.pl\/wp-content\/uploads\/2020\/11\/Mariusz-Dragan2.jpg 1024w\" sizes=\"(min-width: 2200px) 100vw, (min-width: 784px) 397px, (min-width: 712px) 595px, (min-width: 640px) 712px, \" \/><\/a><\/div><\/div><div style=\"padding:5px;\" class=\"fusion-grid-column fusion-gallery-column fusion-gallery-column-3 hover-type-zoomin\"><div class=\"fusion-gallery-image\"><a href=\"https:\/\/powiatlwowecki.pl\/wp-content\/uploads\/2020\/11\/Mariusz-Dragan3.jpg\" rel=\"noreferrer\" data-rel=\"iLightbox[gallery_image_1]\" class=\"fusion-lightbox\" target=\"_self\"><img decoding=\"async\" src=\"https:\/\/powiatlwowecki.pl\/wp-content\/uploads\/2020\/11\/Mariusz-Dragan3.jpg\" width=\"683\" height=\"512\" alt=\"Gryf\u00f3w \u015al\u0105ski z lotu ptaka. Zdj\u0119cie Mariusza Dragana\" title=\"Fot. Mariusz Dragan &#8222;Gryf\u00f3w \u015al\u0105ski z lotu ptaka&#8221;\" aria-label=\"Fot. Mariusz Dragan &#8222;Gryf\u00f3w \u015al\u0105ski z lotu ptaka&#8221;\" class=\"img-responsive wp-image-1562\" srcset=\"https:\/\/powiatlwowecki.pl\/wp-content\/uploads\/2020\/11\/Mariusz-Dragan3-200x150.jpg 200w, https:\/\/powiatlwowecki.pl\/wp-content\/uploads\/2020\/11\/Mariusz-Dragan3-400x300.jpg 400w, https:\/\/powiatlwowecki.pl\/wp-content\/uploads\/2020\/11\/Mariusz-Dragan3-600x450.jpg 600w, https:\/\/powiatlwowecki.pl\/wp-content\/uploads\/2020\/11\/Mariusz-Dragan3.jpg 683w\" sizes=\"(min-width: 2200px) 100vw, (min-width: 784px) 397px, (min-width: 712px) 595px, (min-width: 640px) 712px, \" \/><\/a><\/div><\/div><div style=\"padding:5px;\" class=\"fusion-grid-column fusion-gallery-column fusion-gallery-column-3 hover-type-zoomin\"><div class=\"fusion-gallery-image\"><a href=\"https:\/\/powiatlwowecki.pl\/wp-content\/uploads\/2020\/11\/MDR01041-Edit-scaled.jpg\" rel=\"noreferrer\" data-rel=\"iLightbox[gallery_image_1]\" class=\"fusion-lightbox\" target=\"_self\"><img decoding=\"async\" src=\"https:\/\/powiatlwowecki.pl\/wp-content\/uploads\/2020\/11\/MDR01041-Edit-scaled.jpg\" width=\"2560\" height=\"1707\" alt=\"\" title=\"MDR01041-Edit\" aria-label=\"MDR01041-Edit\" class=\"img-responsive wp-image-1563\" srcset=\"https:\/\/powiatlwowecki.pl\/wp-content\/uploads\/2020\/11\/MDR01041-Edit-200x133.jpg 200w, https:\/\/powiatlwowecki.pl\/wp-content\/uploads\/2020\/11\/MDR01041-Edit-400x267.jpg 400w, https:\/\/powiatlwowecki.pl\/wp-content\/uploads\/2020\/11\/MDR01041-Edit-600x400.jpg 600w, https:\/\/powiatlwowecki.pl\/wp-content\/uploads\/2020\/11\/MDR01041-Edit-800x533.jpg 800w, https:\/\/powiatlwowecki.pl\/wp-content\/uploads\/2020\/11\/MDR01041-Edit-1200x800.jpg 1200w, https:\/\/powiatlwowecki.pl\/wp-content\/uploads\/2020\/11\/MDR01041-Edit-scaled.jpg 2560w\" sizes=\"(min-width: 2200px) 100vw, (min-width: 784px) 397px, (min-width: 712px) 595px, (min-width: 640px) 712px, \" \/><\/a><\/div><\/div><div class=\"clearfix\"><\/div><div style=\"padding:5px;\" class=\"fusion-grid-column fusion-gallery-column fusion-gallery-column-3 hover-type-zoomin\"><div class=\"fusion-gallery-image\"><a href=\"https:\/\/powiatlwowecki.pl\/wp-content\/uploads\/2020\/11\/Milan_Vokaty_07-scaled.jpg\" rel=\"noreferrer\" data-rel=\"iLightbox[gallery_image_1]\" class=\"fusion-lightbox\" target=\"_self\"><img decoding=\"async\" src=\"https:\/\/powiatlwowecki.pl\/wp-content\/uploads\/2020\/11\/Milan_Vokaty_07-scaled.jpg\" width=\"2560\" height=\"1707\" alt=\"\" title=\"Milan_Vokaty_07\" aria-label=\"Milan_Vokaty_07\" class=\"img-responsive wp-image-1564\" srcset=\"https:\/\/powiatlwowecki.pl\/wp-content\/uploads\/2020\/11\/Milan_Vokaty_07-300x200.jpg 300w, https:\/\/powiatlwowecki.pl\/wp-content\/uploads\/2020\/11\/Milan_Vokaty_07-768x512.jpg 768w, https:\/\/powiatlwowecki.pl\/wp-content\/uploads\/2020\/11\/Milan_Vokaty_07-1024x683.jpg 1024w, https:\/\/powiatlwowecki.pl\/wp-content\/uploads\/2020\/11\/Milan_Vokaty_07-1536x1024.jpg 1536w, https:\/\/powiatlwowecki.pl\/wp-content\/uploads\/2020\/11\/Milan_Vokaty_07-scaled.jpg 2560w\" sizes=\"(max-width: 2560px) 100vw, 2560px\" \/><\/a><\/div><\/div><div style=\"padding:5px;\" class=\"fusion-grid-column fusion-gallery-column fusion-gallery-column-3 hover-type-zoomin\"><div class=\"fusion-gallery-image\"><a href=\"https:\/\/powiatlwowecki.pl\/wp-content\/uploads\/2020\/11\/Milan_Vokaty_08-scaled.jpg\" rel=\"noreferrer\" data-rel=\"iLightbox[gallery_image_1]\" class=\"fusion-lightbox\" target=\"_self\"><img decoding=\"async\" src=\"https:\/\/powiatlwowecki.pl\/wp-content\/uploads\/2020\/11\/Milan_Vokaty_08-scaled.jpg\" width=\"2560\" height=\"1707\" alt=\"Kamieniczki w Lubomierzu sfotografowane wieczorem. Zdj\u0119cie Milan Vok\u00e1ty\" title=\"Fot. Milan Vok\u00e1ty &#8222;Zabytkowy Lubomierz&#8221;\" aria-label=\"Fot. Milan Vok\u00e1ty &#8222;Zabytkowy Lubomierz&#8221;\" class=\"img-responsive wp-image-1565\" srcset=\"https:\/\/powiatlwowecki.pl\/wp-content\/uploads\/2020\/11\/Milan_Vokaty_08-200x133.jpg 200w, https:\/\/powiatlwowecki.pl\/wp-content\/uploads\/2020\/11\/Milan_Vokaty_08-400x267.jpg 400w, https:\/\/powiatlwowecki.pl\/wp-content\/uploads\/2020\/11\/Milan_Vokaty_08-600x400.jpg 600w, https:\/\/powiatlwowecki.pl\/wp-content\/uploads\/2020\/11\/Milan_Vokaty_08-800x533.jpg 800w, https:\/\/powiatlwowecki.pl\/wp-content\/uploads\/2020\/11\/Milan_Vokaty_08-1200x800.jpg 1200w, https:\/\/powiatlwowecki.pl\/wp-content\/uploads\/2020\/11\/Milan_Vokaty_08-scaled.jpg 2560w\" sizes=\"(min-width: 2200px) 100vw, (min-width: 784px) 397px, (min-width: 712px) 595px, (min-width: 640px) 712px, \" \/><\/a><\/div><\/div><div style=\"padding:5px;\" class=\"fusion-grid-column fusion-gallery-column fusion-gallery-column-3 hover-type-zoomin\"><div class=\"fusion-gallery-image\"><a href=\"https:\/\/powiatlwowecki.pl\/wp-content\/uploads\/2020\/11\/Milan_Vokaty_19-scaled.jpg\" rel=\"noreferrer\" data-rel=\"iLightbox[gallery_image_1]\" class=\"fusion-lightbox\" target=\"_self\"><img decoding=\"async\" src=\"https:\/\/powiatlwowecki.pl\/wp-content\/uploads\/2020\/11\/Milan_Vokaty_19-scaled.jpg\" width=\"2560\" height=\"1707\" alt=\"Powiat Lw\u00f3wecki\" title=\"Powiat Lw\u00f3wecki &#8211; autor Milan_Vokaty\" aria-label=\"Powiat Lw\u00f3wecki &#8211; autor Milan_Vokaty\" class=\"img-responsive wp-image-1566\" srcset=\"https:\/\/powiatlwowecki.pl\/wp-content\/uploads\/2020\/11\/Milan_Vokaty_19-200x133.jpg 200w, https:\/\/powiatlwowecki.pl\/wp-content\/uploads\/2020\/11\/Milan_Vokaty_19-400x267.jpg 400w, https:\/\/powiatlwowecki.pl\/wp-content\/uploads\/2020\/11\/Milan_Vokaty_19-600x400.jpg 600w, https:\/\/powiatlwowecki.pl\/wp-content\/uploads\/2020\/11\/Milan_Vokaty_19-800x533.jpg 800w, https:\/\/powiatlwowecki.pl\/wp-content\/uploads\/2020\/11\/Milan_Vokaty_19-1200x800.jpg 1200w, https:\/\/powiatlwowecki.pl\/wp-content\/uploads\/2020\/11\/Milan_Vokaty_19-scaled.jpg 2560w\" sizes=\"(min-width: 2200px) 100vw, (min-width: 784px) 397px, (min-width: 712px) 595px, (min-width: 640px) 712px, \" \/><\/a><\/div><\/div><div class=\"clearfix\"><\/div><div style=\"padding:5px;\" class=\"fusion-grid-column fusion-gallery-column fusion-gallery-column-3 hover-type-zoomin\"><div class=\"fusion-gallery-image\"><a href=\"https:\/\/powiatlwowecki.pl\/wp-content\/uploads\/2020\/11\/Milan_Vokaty_21-scaled.jpg\" rel=\"noreferrer\" data-rel=\"iLightbox[gallery_image_1]\" class=\"fusion-lightbox\" target=\"_self\"><img decoding=\"async\" src=\"https:\/\/powiatlwowecki.pl\/wp-content\/uploads\/2020\/11\/Milan_Vokaty_21-scaled.jpg\" width=\"2560\" height=\"1706\" alt=\"Ruiny zamku Wle\u0144. Zdj\u0119cie Milan Vokaty\" title=\"Ruiny zamku Wle\u0144\" aria-label=\"Ruiny zamku Wle\u0144\" class=\"img-responsive wp-image-1567\" srcset=\"https:\/\/powiatlwowecki.pl\/wp-content\/uploads\/2020\/11\/Milan_Vokaty_21-200x133.jpg 200w, https:\/\/powiatlwowecki.pl\/wp-content\/uploads\/2020\/11\/Milan_Vokaty_21-400x267.jpg 400w, https:\/\/powiatlwowecki.pl\/wp-content\/uploads\/2020\/11\/Milan_Vokaty_21-600x400.jpg 600w, https:\/\/powiatlwowecki.pl\/wp-content\/uploads\/2020\/11\/Milan_Vokaty_21-800x533.jpg 800w, https:\/\/powiatlwowecki.pl\/wp-content\/uploads\/2020\/11\/Milan_Vokaty_21-1200x800.jpg 1200w, https:\/\/powiatlwowecki.pl\/wp-content\/uploads\/2020\/11\/Milan_Vokaty_21-scaled.jpg 2560w\" sizes=\"(min-width: 2200px) 100vw, (min-width: 784px) 397px, (min-width: 712px) 595px, (min-width: 640px) 712px, \" \/><\/a><\/div><\/div><div style=\"padding:5px;\" class=\"fusion-grid-column fusion-gallery-column fusion-gallery-column-3 hover-type-zoomin\"><div class=\"fusion-gallery-image\"><a href=\"https:\/\/powiatlwowecki.pl\/wp-content\/uploads\/2020\/11\/Oleszna-Podgorska-1.jpg\" rel=\"noreferrer\" data-rel=\"iLightbox[gallery_image_1]\" class=\"fusion-lightbox\" target=\"_self\"><img decoding=\"async\" src=\"https:\/\/powiatlwowecki.pl\/wp-content\/uploads\/2020\/11\/Oleszna-Podgorska-1.jpg\" width=\"2256\" height=\"1693\" alt=\"Ko\u015bci\u00f3\u0142 w Olesznej Podg\u00f3rkskiej. Fotografia Roberta Grzelczaka\" title=\"Oleszna Podgorska-1\" aria-label=\"Oleszna Podgorska-1\" class=\"img-responsive wp-image-1568\" srcset=\"https:\/\/powiatlwowecki.pl\/wp-content\/uploads\/2020\/11\/Oleszna-Podgorska-1-200x150.jpg 200w, https:\/\/powiatlwowecki.pl\/wp-content\/uploads\/2020\/11\/Oleszna-Podgorska-1-400x300.jpg 400w, https:\/\/powiatlwowecki.pl\/wp-content\/uploads\/2020\/11\/Oleszna-Podgorska-1-600x450.jpg 600w, https:\/\/powiatlwowecki.pl\/wp-content\/uploads\/2020\/11\/Oleszna-Podgorska-1-800x600.jpg 800w, https:\/\/powiatlwowecki.pl\/wp-content\/uploads\/2020\/11\/Oleszna-Podgorska-1-1200x901.jpg 1200w, https:\/\/powiatlwowecki.pl\/wp-content\/uploads\/2020\/11\/Oleszna-Podgorska-1.jpg 2256w\" sizes=\"(min-width: 2200px) 100vw, (min-width: 784px) 397px, (min-width: 712px) 595px, (min-width: 640px) 712px, \" \/><\/a><\/div><\/div><div style=\"padding:5px;\" class=\"fusion-grid-column fusion-gallery-column fusion-gallery-column-3 hover-type-zoomin\"><div class=\"fusion-gallery-image\"><a href=\"https:\/\/powiatlwowecki.pl\/wp-content\/uploads\/2020\/11\/Pawe\u0142-Zato\u0144ski-scaled.jpg\" rel=\"noreferrer\" data-rel=\"iLightbox[gallery_image_1]\" class=\"fusion-lightbox\" target=\"_self\"><img decoding=\"async\" src=\"https:\/\/powiatlwowecki.pl\/wp-content\/uploads\/2020\/11\/Pawe\u0142-Zato\u0144ski-scaled.jpg\" width=\"2560\" height=\"1707\" alt=\"Fot. Pawe\u0142 Zato\u0144ski &quot;Wie\u015b Radomice w Dolinie Bobru&quot;\" title=\"Fot. Pawe\u0142 Zato\u0144ski &#8222;Wie\u015b Radomice w Dolinie Bobru&#8221;\" aria-label=\"Fot. Pawe\u0142 Zato\u0144ski &#8222;Wie\u015b Radomice w Dolinie Bobru&#8221;\" class=\"img-responsive wp-image-1569\" srcset=\"https:\/\/powiatlwowecki.pl\/wp-content\/uploads\/2020\/11\/Pawe\u0142-Zato\u0144ski-300x200.jpg 300w, https:\/\/powiatlwowecki.pl\/wp-content\/uploads\/2020\/11\/Pawe\u0142-Zato\u0144ski-768x512.jpg 768w, https:\/\/powiatlwowecki.pl\/wp-content\/uploads\/2020\/11\/Pawe\u0142-Zato\u0144ski-1024x683.jpg 1024w, https:\/\/powiatlwowecki.pl\/wp-content\/uploads\/2020\/11\/Pawe\u0142-Zato\u0144ski-1536x1024.jpg 1536w, https:\/\/powiatlwowecki.pl\/wp-content\/uploads\/2020\/11\/Pawe\u0142-Zato\u0144ski-scaled.jpg 2560w\" sizes=\"(max-width: 2560px) 100vw, 2560px\" \/><\/a><\/div><\/div><div class=\"clearfix\"><\/div><div style=\"padding:5px;\" class=\"fusion-grid-column fusion-gallery-column fusion-gallery-column-3 hover-type-zoomin\"><div class=\"fusion-gallery-image\"><a href=\"https:\/\/powiatlwowecki.pl\/wp-content\/uploads\/2020\/11\/Tarczyn-wzgorze.jpg\" rel=\"noreferrer\" data-rel=\"iLightbox[gallery_image_1]\" class=\"fusion-lightbox\" target=\"_self\"><img decoding=\"async\" src=\"https:\/\/powiatlwowecki.pl\/wp-content\/uploads\/2020\/11\/Tarczyn-wzgorze.jpg\" width=\"2256\" height=\"1505\" alt=\"\" title=\"Tarczyn wzgorze\" aria-label=\"Tarczyn wzgorze\" class=\"img-responsive wp-image-1570\" srcset=\"https:\/\/powiatlwowecki.pl\/wp-content\/uploads\/2020\/11\/Tarczyn-wzgorze-200x133.jpg 200w, https:\/\/powiatlwowecki.pl\/wp-content\/uploads\/2020\/11\/Tarczyn-wzgorze-400x267.jpg 400w, https:\/\/powiatlwowecki.pl\/wp-content\/uploads\/2020\/11\/Tarczyn-wzgorze-600x400.jpg 600w, https:\/\/powiatlwowecki.pl\/wp-content\/uploads\/2020\/11\/Tarczyn-wzgorze-800x534.jpg 800w, https:\/\/powiatlwowecki.pl\/wp-content\/uploads\/2020\/11\/Tarczyn-wzgorze-1200x801.jpg 1200w, https:\/\/powiatlwowecki.pl\/wp-content\/uploads\/2020\/11\/Tarczyn-wzgorze.jpg 2256w\" sizes=\"(min-width: 2200px) 100vw, (min-width: 784px) 397px, (min-width: 712px) 595px, (min-width: 640px) 712px, \" \/><\/a><\/div><\/div><div style=\"padding:5px;\" class=\"fusion-grid-column fusion-gallery-column fusion-gallery-column-3 hover-type-zoomin\"><div class=\"fusion-gallery-image\"><a href=\"https:\/\/powiatlwowecki.pl\/wp-content\/uploads\/2020\/11\/Wlen-rynek3.jpg\" rel=\"noreferrer\" data-rel=\"iLightbox[gallery_image_1]\" class=\"fusion-lightbox\" target=\"_self\"><img decoding=\"async\" src=\"https:\/\/powiatlwowecki.pl\/wp-content\/uploads\/2020\/11\/Wlen-rynek3.jpg\" width=\"2256\" height=\"1505\" alt=\"\" title=\"Wlen rynek3\" aria-label=\"Wlen rynek3\" class=\"img-responsive wp-image-1571\" srcset=\"https:\/\/powiatlwowecki.pl\/wp-content\/uploads\/2020\/11\/Wlen-rynek3-200x133.jpg 200w, https:\/\/powiatlwowecki.pl\/wp-content\/uploads\/2020\/11\/Wlen-rynek3-400x267.jpg 400w, https:\/\/powiatlwowecki.pl\/wp-content\/uploads\/2020\/11\/Wlen-rynek3-600x400.jpg 600w, https:\/\/powiatlwowecki.pl\/wp-content\/uploads\/2020\/11\/Wlen-rynek3-800x534.jpg 800w, https:\/\/powiatlwowecki.pl\/wp-content\/uploads\/2020\/11\/Wlen-rynek3-1200x801.jpg 1200w, https:\/\/powiatlwowecki.pl\/wp-content\/uploads\/2020\/11\/Wlen-rynek3.jpg 2256w\" sizes=\"(min-width: 2200px) 100vw, (min-width: 784px) 397px, (min-width: 712px) 595px, (min-width: 640px) 712px, \" \/><\/a><\/div><\/div><div style=\"padding:5px;\" class=\"fusion-grid-column fusion-gallery-column fusion-gallery-column-3 hover-type-zoomin\"><div class=\"fusion-gallery-image\"><a href=\"https:\/\/powiatlwowecki.pl\/wp-content\/uploads\/2020\/11\/Wlen-rynek1.jpg\" rel=\"noreferrer\" data-rel=\"iLightbox[gallery_image_1]\" class=\"fusion-lightbox\" target=\"_self\"><img decoding=\"async\" src=\"https:\/\/powiatlwowecki.pl\/wp-content\/uploads\/2020\/11\/Wlen-rynek1.jpg\" width=\"2256\" height=\"1505\" alt=\"Fotografia Robert Grzelczak. Rynek we Wleniu\" title=\"Fot. Robert Grzelczak &#8222;Rynek we Wleniu&#8221;\" aria-label=\"Fot. Robert Grzelczak &#8222;Rynek we Wleniu&#8221;\" class=\"img-responsive wp-image-1572\" srcset=\"https:\/\/powiatlwowecki.pl\/wp-content\/uploads\/2020\/11\/Wlen-rynek1-200x133.jpg 200w, https:\/\/powiatlwowecki.pl\/wp-content\/uploads\/2020\/11\/Wlen-rynek1-400x267.jpg 400w, https:\/\/powiatlwowecki.pl\/wp-content\/uploads\/2020\/11\/Wlen-rynek1-600x400.jpg 600w, https:\/\/powiatlwowecki.pl\/wp-content\/uploads\/2020\/11\/Wlen-rynek1-800x534.jpg 800w, https:\/\/powiatlwowecki.pl\/wp-content\/uploads\/2020\/11\/Wlen-rynek1-1200x801.jpg 1200w, https:\/\/powiatlwowecki.pl\/wp-content\/uploads\/2020\/11\/Wlen-rynek1.jpg 2256w\" sizes=\"(min-width: 2200px) 100vw, (min-width: 784px) 397px, (min-width: 712px) 595px, (min-width: 640px) 712px, \" \/><\/a><\/div><\/div><div class=\"clearfix\"><\/div><div style=\"padding:5px;\" class=\"fusion-grid-column fusion-gallery-column fusion-gallery-column-3 hover-type-zoomin\"><div class=\"fusion-gallery-image\"><a href=\"https:\/\/powiatlwowecki.pl\/wp-content\/uploads\/2020\/11\/grudza-3-Du\u017cy.jpg\" rel=\"noreferrer\" data-rel=\"iLightbox[gallery_image_1]\" class=\"fusion-lightbox\" target=\"_self\"><img decoding=\"async\" src=\"https:\/\/powiatlwowecki.pl\/wp-content\/uploads\/2020\/11\/grudza-3-Du\u017cy.jpg\" width=\"960\" height=\"236\" alt=\"\" title=\"grudza (3) (Du\u017cy)\" aria-label=\"grudza (3) (Du\u017cy)\" class=\"img-responsive wp-image-1551\" srcset=\"https:\/\/powiatlwowecki.pl\/wp-content\/uploads\/2020\/11\/grudza-3-Du\u017cy-200x49.jpg 200w, https:\/\/powiatlwowecki.pl\/wp-content\/uploads\/2020\/11\/grudza-3-Du\u017cy-400x98.jpg 400w, https:\/\/powiatlwowecki.pl\/wp-content\/uploads\/2020\/11\/grudza-3-Du\u017cy-600x148.jpg 600w, https:\/\/powiatlwowecki.pl\/wp-content\/uploads\/2020\/11\/grudza-3-Du\u017cy-800x197.jpg 800w, https:\/\/powiatlwowecki.pl\/wp-content\/uploads\/2020\/11\/grudza-3-Du\u017cy.jpg 960w\" sizes=\"(min-width: 2200px) 100vw, (min-width: 784px) 397px, (min-width: 712px) 595px, (min-width: 640px) 712px, \" \/><\/a><\/div><\/div><\/div><\/div><div class=\"fusion-clearfix\"><\/div><\/div><\/div><\/div><\/div>\n","protected":false},"excerpt":{"rendered":"","protected":false},"author":3,"featured_media":0,"parent":0,"menu_order":0,"comment_status":"closed","ping_status":"closed","template":"","meta":{"_acf_changed":false,"footnotes":""},"class_list":["post-1541","page","type-page","status-publish","hentry"],"acf":false,"_links":{"self":[{"href":"https:\/\/powiatlwowecki.pl\/plci_json_endpoint\/wp\/v2\/pages\/1541","targetHints":{"allow":["GET"]}}],"collection":[{"href":"https:\/\/powiatlwowecki.pl\/plci_json_endpoint\/wp\/v2\/pages"}],"about":[{"href":"https:\/\/powiatlwowecki.pl\/plci_json_endpoint\/wp\/v2\/types\/page"}],"author":[{"embeddable":true,"href":"https:\/\/powiatlwowecki.pl\/plci_json_endpoint\/wp\/v2\/users\/3"}],"replies":[{"embeddable":true,"href":"https:\/\/powiatlwowecki.pl\/plci_json_endpoint\/wp\/v2\/comments?post=1541"}],"version-history":[{"count":0,"href":"https:\/\/powiatlwowecki.pl\/plci_json_endpoint\/wp\/v2\/pages\/1541\/revisions"}],"wp:attachment":[{"href":"https:\/\/powiatlwowecki.pl\/plci_json_endpoint\/wp\/v2\/media?parent=1541"}],"curies":[{"name":"wp","href":"https:\/\/api.w.org\/{rel}","templated":true}]}}