{"id":1244,"date":"2020-10-28T14:57:58","date_gmt":"2020-10-28T13:57:58","guid":{"rendered":"https:\/\/powiatlwowecki.pl\/?page_id=1244"},"modified":"2025-12-30T08:46:02","modified_gmt":"2025-12-30T07:46:02","slug":"nieodplatna-pomoc-prawna","status":"publish","type":"page","link":"https:\/\/powiatlwowecki.pl\/nieodplatna-pomoc-prawna\/","title":{"rendered":"Nieodp\u0142atna pomoc prawna"},"content":{"rendered":"<div class=\"fusion-fullwidth fullwidth-box fusion-builder-row-1 nonhundred-percent-fullwidth non-hundred-percent-height-scrolling\" style=\"--awb-border-radius-top-left:0px;--awb-border-radius-top-right:0px;--awb-border-radius-bottom-right:0px;--awb-border-radius-bottom-left:0px;--awb-flex-wrap:wrap;\" ><div class=\"fusion-builder-row fusion-row\"><div class=\"fusion-layout-column fusion_builder_column fusion-builder-column-0 fusion_builder_column_1_1 1_1 fusion-one-full fusion-column-first fusion-column-last\" style=\"--awb-bg-size:cover;\"><div class=\"fusion-column-wrapper fusion-column-has-shadow fusion-flex-column-wrapper-legacy\"><div class=\"fusion-text fusion-text-1\"><p><img decoding=\"async\" class=\"alignnone wp-image-2369 size-full\" src=\"https:\/\/powiatlwowecki.pl\/wp-content\/uploads\/2021\/04\/npp-logo.jpg\" alt=\"\" width=\"1024\" height=\"365\" srcset=\"https:\/\/powiatlwowecki.pl\/wp-content\/uploads\/2021\/04\/npp-logo-24x9.jpg 24w, https:\/\/powiatlwowecki.pl\/wp-content\/uploads\/2021\/04\/npp-logo-36x13.jpg 36w, https:\/\/powiatlwowecki.pl\/wp-content\/uploads\/2021\/04\/npp-logo-48x17.jpg 48w, https:\/\/powiatlwowecki.pl\/wp-content\/uploads\/2021\/04\/npp-logo-200x71.jpg 200w, https:\/\/powiatlwowecki.pl\/wp-content\/uploads\/2021\/04\/npp-logo-300x107.jpg 300w, https:\/\/powiatlwowecki.pl\/wp-content\/uploads\/2021\/04\/npp-logo-400x143.jpg 400w, https:\/\/powiatlwowecki.pl\/wp-content\/uploads\/2021\/04\/npp-logo-600x214.jpg 600w, https:\/\/powiatlwowecki.pl\/wp-content\/uploads\/2021\/04\/npp-logo-768x274.jpg 768w, https:\/\/powiatlwowecki.pl\/wp-content\/uploads\/2021\/04\/npp-logo-800x285.jpg 800w, https:\/\/powiatlwowecki.pl\/wp-content\/uploads\/2021\/04\/npp-logo.jpg 1024w\" sizes=\"(max-width: 1024px) 100vw, 1024px\" \/><\/p>\n<p><strong>Skorzystaj z nieodp\u0142atnej pomocy prawnej!<\/strong><\/p>\n<p data-wahfont=\"16\"><strong>Jak mo\u017cna zapisa\u0107 si\u0119 na nieodp\u0142atn\u0105 pomoc prawn\u0105?*<\/strong><\/p>\n<ul>\n<li>Zadzwo\u0144 do Starostwa Powiatowego w Lw\u00f3wku \u015al\u0105skim \u2013<strong> 75 782 36 50 (lub bezpo\u015brednio 75 782 28 22) <\/strong>\u2013 w celu um\u00f3wienia si\u0119 na porad\u0119 lub<\/li>\n<li>Um\u00f3w si\u0119 samodzielnie przez formularz na stronie <strong><a href=\"https:\/\/np.ms.gov.pl\/dolno%C5%9Bl%C4%85skie\/lw%C3%B3wecki\" data-wahfont=\"16\">np.ms.gov.pl<\/a><\/strong><\/li>\n<\/ul>\n<p>Zach\u0119camy r\u00f3wnie\u017c do wybrania dy\u017cur\u00f3w specjalistycznych:<\/p>\n<p><a href=\"https:\/\/www.gov.pl\/web\/nieodplatna-pomoc\/dyzury-specjalistyczne\">https:\/\/www.gov.pl\/web\/nieodplatna-pomoc\/dyzury-specjalistyczne<\/a><\/p>\n<p><strong>Udzielanie nieodp\u0142atnej pomocy prawnej oraz \u015bwiadczenie nieodp\u0142atnego poradnictwa obywatelskiego w Powiecie Lw\u00f3weckim w 2026 roku<\/strong><\/p>\n<p><strong>W Powiecie Lw\u00f3weckim otwarte zosta\u0142y dwa punkty:<\/strong><\/p>\n<ol>\n<li>punkt powierzony adwokatom i radcom prawnym z przeznaczeniem na udzielanie nieodp\u0142atnej pomocy prawnej,<\/li>\n<li>punkt powierzony organizacji pozarz\u0105dowej prowadz\u0105cej dzia\u0142alno\u015b\u0107 po\u017cytku publicznego z przeznaczeniem na udzielanie nieodp\u0142atnej pomocy prawnej oraz \u015bwiadczenie nieodp\u0142atnego poradnictwa obywatelskiego\u00a0<a href=\"https:\/\/www.sc.org.pl\/co-robimy\/nieodplatna-pomoc-prawna\/nasze-punkty-pomocy\/powiat-lwowecki-2025\/\">https:\/\/www.sc.org.pl\/co-robimy\/nieodplatna-pomoc-prawna\/nasze-punkty-pomocy\/powiat-lwowecki-2025\/<\/a><\/li>\n<\/ol>\n<p>Punkty czynne s\u0105:<\/p>\n<\/div>\n<div class=\"table-1\">\n<table width=\"100%\">\n<thead>\n<tr>\n<th align=\"left\">Dzie\u0144 tygodnia<\/th>\n<th align=\"left\">Lokalizacja punktu<\/th>\n<th align=\"left\">Godziny urz\u0119dowania<\/th>\n<th align=\"left\">\u015awiadcz\u0105cy pomoc prawn\u0105<\/th>\n<\/tr>\n<\/thead>\n<tbody>\n<tr>\n<td align=\"left\"><strong>poniedzia\u0142ek<\/strong><\/td>\n<td align=\"left\">Lubomierz, Plac Wolno\u015bci 1 (MOPS)<\/td>\n<td align=\"left\">8.00-12.00<\/td>\n<td align=\"left\">Radca Prawny<\/td>\n<\/tr>\n<tr>\n<td align=\"left\">poniedzia\u0142ek<\/td>\n<td align=\"left\">Gryf\u00f3w \u015al. Rynek 1 (wej\u015bcie od strony postoju taks\u00f3wek)<\/td>\n<td align=\"left\">14.00-18.00 [prawo rodzinne, cywilne, spadkowe, pracy, karne, administracyjne, pomoc prawna dla ofiar przemocy w rodzinie]<\/td>\n<td align=\"left\">Organizacja pozarz\u0105dowa Stowarzyszenie Sursum Corda<\/td>\n<\/tr>\n<tr>\n<td align=\"left\"><strong>wtorek<\/strong><\/td>\n<td align=\"left\">Mirsk, ul. Mickiewicza 35<\/td>\n<td align=\"left\">14.00-18.00 [prawo rodzinne, cywilne, spadkowe, pracy, karne, administracyjne, pomoc prawna dla ofiar przemocy w rodzinie]<\/td>\n<td align=\"left\">Organizacja pozarz\u0105dowa Stowarzyszenie Sursum Corda<\/td>\n<\/tr>\n<tr>\n<td align=\"left\">wtorek<\/td>\n<td align=\"left\">Wle\u0144 ul. Ko\u015bciuszki 1a<\/td>\n<td align=\"left\">9.00-13.00<\/td>\n<td align=\"left\">Radca prawny<\/td>\n<\/tr>\n<tr>\n<td align=\"left\"><strong>\u015broda<\/strong><\/td>\n<td align=\"left\">Mirsk, ul. Mickiewicza 35<\/td>\n<td align=\"left\">14.00-18.00 [prawo rodzinne, cywilne, spadkowe, pracy, karne, administracyjne, pomoc prawna dla ofiar przemocy w rodzinie]<\/td>\n<td align=\"left\">Organizacja pozarz\u0105dowa Stowarzyszenie Sursum Corda<\/td>\n<\/tr>\n<tr>\n<td align=\"left\">\u015broda<\/td>\n<td align=\"left\">Lw\u00f3wek \u015al\u0105ski, ul. Szpitalna 4<\/td>\n<td align=\"left\">12.00-16.00 [prawo cywilne, karne]<\/td>\n<td align=\"left\">Adwokat<\/td>\n<\/tr>\n<tr>\n<td align=\"left\"><strong>czwartek<\/strong><\/td>\n<td align=\"left\">Mirsk, ul. Mickiewicza 35<\/td>\n<td align=\"left\">14.00-18.00 [prawo rodzinne, cywilne, spadkowe, pracy, karne, administracyjne, pomoc prawna dla ofiar przemocy w rodzinie] nieodp\u0142atna pomoc prawna, z wyj\u0105tkiem pierwszego czwartku miesi\u0105ca, w kt\u00f3rym \u015bwiadczone b\u0119dzie nieodp\u0142atne poradnictwo obywatelskie \/ nieodp\u0142atna mediacja<\/td>\n<td align=\"left\">Organizacja pozarz\u0105dowa Stowarzyszenie Sursum Corda<\/td>\n<\/tr>\n<tr>\n<td align=\"left\">czwartek<\/td>\n<td align=\"left\">Lw\u00f3wek \u015al\u0105ski, ul. Szpitalna 4<\/td>\n<td align=\"left\">12.00-16.00 [prawo cywilne, karne]<\/td>\n<td align=\"left\">Adwokat<\/td>\n<\/tr>\n<tr>\n<td align=\"left\"><strong>pi\u0105tek<\/strong><\/td>\n<td align=\"left\">Gryf\u00f3w \u015al. Rynek 1 (wej\u015bcie od strony postoju taks\u00f3wek)<\/td>\n<td align=\"left\">14.00-18.00 [prawo karne, cywilne]<\/td>\n<td align=\"left\">Organizacja pozarz\u0105dowa Stowarzyszenie Sursum Corda<\/td>\n<\/tr>\n<tr>\n<td align=\"left\">pi\u0105tek<\/td>\n<td align=\"left\">Lw\u00f3wek \u015al\u0105ski, ul. Szpitalna 4<\/td>\n<td align=\"left\">8.00-12.00 [prawo cywilne, karne]<\/td>\n<td align=\"left\">Adwokat<\/td>\n<\/tr>\n<\/tbody>\n<\/table>\n<\/div>\n<div class=\"fusion-text fusion-text-2\"><p><span style=\"text-decoration: underline;\"><strong>Nieodp\u0142atna pomoc prawna obejmuje:<\/strong><\/span><\/p>\n<ol>\n<li>poinformowanie osoby uprawnionej o obowi\u0105zuj\u0105cym stanie prawnym oraz przys\u0142uguj\u0105cych jej uprawnieniach lub spoczywaj\u0105cych na niej obowi\u0105zkach, w tym w zwi\u0105zku z tocz\u0105cym si\u0119 post\u0119powaniem przygotowawczym, administracyjnym, s\u0105dowym lub s\u0105dowoadministracyjnym lub,<\/li>\n<li>wskazanie osobie uprawnionej sposobu rozwi\u0105zania jej problemu prawnego, lub<\/li>\n<li>sporz\u0105dzenie projektu pisma w sprawach z wy\u0142\u0105czeniem pism procesowych w tocz\u0105cym si\u0119 post\u0119powaniu przygotowawczym lub s\u0105dowym i pism w tocz\u0105cym si\u0119 post\u0119powaniu s\u0105dowoadministracyjnym, lub,<\/li>\n<li>nieodp\u0142atn\u0105 mediacj\u0119, lub<\/li>\n<li>sporz\u0105dzenie projektu pisma o zwolnienie od koszt\u00f3w s\u0105dowych lub ustanowienie pe\u0142nomocnika z urz\u0119du w post\u0119powaniu s\u0105dowym lub ustanowienie adwokata, radcy prawnego, doradcy podatkowego lub rzecznika patentowego w post\u0119powaniu s\u0105dowoadministracyjnym oraz poinformowanie o kosztach post\u0119powania i ryzyku finansowym zwi\u0105zanym ze skierowaniem sprawy na drog\u0119 s\u0105dow\u0105.<\/li>\n<\/ol>\n<p><strong>Nieodp\u0142atne poradnictwo obywatelskie<\/strong> obejmuje dzia\u0142ania dostosowane do indywidualnej sytuacji osoby uprawnionej, zmierzaj\u0105ce do podniesienia \u015bwiadomo\u015bci tej osoby o przys\u0142uguj\u0105cych jej uprawnieniach lub spoczywaj\u0105cych na niej obowi\u0105zkach oraz wsparcia w samodzielnym rozwi\u0105zywaniu problemu, w tym, w razie potrzeby, sporz\u0105dzenie wsp\u00f3lnie z osob\u0105 uprawnion\u0105 planu dzia\u0142ania i pomoc w jego realizacji. Nieodp\u0142atne poradnictwo obywatelskie obejmuje w szczeg\u00f3lno\u015bci porady dla os\u00f3b zad\u0142u\u017conych i porady z zakresu spraw mieszkaniowych oraz zabezpieczenia spo\u0142ecznego. Nieodp\u0142atne poradnictwo obywatelskie obejmuje r\u00f3wnie\u017c nieodp\u0142atn\u0105 mediacj\u0119.<\/p>\n<p><strong>Nieodp\u0142atna pomoc prawna i nieodp\u0142atne poradnictwo obywatelskie roku przys\u0142uguj\u0105<\/strong> osobie uprawnionej, kt\u00f3ra nie jest w stanie ponie\u015b\u0107 koszt\u00f3w odp\u0142atnej pomocy prawnej, w tym osobie fizycznej prowadz\u0105cej jednoosobow\u0105 dzia\u0142alno\u015b\u0107 gospodarcz\u0105 niezatrudniaj\u0105c\u0105 innych os\u00f3b w ci\u0105gu ostatniego roku.<br \/>\n<span style=\"text-decoration: underline;\"><strong>Prawo do nieodp\u0142atnej pomocy prawnej i nieodp\u0142atnego poradnictwa obywatelskiego osoba uprawniona, wykazuje przez z\u0142o\u017cenie<\/strong><\/span> pisemnego o\u015bwiadczenie, \u017ce nie jest w stanie ponie\u015b\u0107 koszt\u00f3w odp\u0142atnej pomocy prawnej. O\u015bwiadczenie sk\u0142ada si\u0119 osobie udzielaj\u0105cej nieodp\u0142atnej pomocy prawnej lub \u015bwiadcz\u0105cej nieodp\u0142atne poradnictwo obywatelskie.<\/p>\n<p>W my\u015bl art. 8 ust. 4 i ust. 5 ustawy z dnia 5 sierpnia 2015 r. o nieodp\u0142atnej pomocy prawnej, nieodp\u0142atnym poradnictwie obywatelskim oraz edukacji prawnej, <span style=\"text-decoration: underline;\"><strong>udzielenie nieodp\u0142atnej pomocy prawnej lub \u015bwiadczenie nieodp\u0142atnego poradnictwa obywatelskiego odbywa si\u0119 wed\u0142ug kolejno\u015bci zg\u0142osze\u0144, po um\u00f3wieniu terminu wizyty.<\/strong><\/span> Z wa\u017cnych powod\u00f3w dopuszcza si\u0119 ustalenie innej kolejno\u015bci udzielania nieodp\u0142atnej pomocy prawnej lub \u015bwiadczenia nieodp\u0142atnego poradnictwa obywatelskiego. Kobiecie, kt\u00f3ra jest w ci\u0105\u017cy, udzielanie nieodp\u0142atnej pomocy prawnej lub \u015bwiadczenie nieodp\u0142atnego poradnictwa obywatelskiego odbywa si\u0119 poza kolejno\u015bci\u0105.<\/p>\n<p><strong>Z nieodp\u0142atnej pomocy prawnej lub nieodp\u0142atnego poradnictwa obywatelskiego mo\u017cna skorzysta\u0107 po wcze\u015bniejszym um\u00f3wieniu terminu wizyty:<\/strong><\/p>\n<ul>\n<li><strong>telefonicznym<\/strong> pod numerem telefonu \u2013 <strong>75 782 36 50 (lub bezpo\u015brednio 75 782 28 22), czynnym w dni robocze w nast\u0119puj\u0105cych godz.:<\/strong>\n<ul>\n<li><strong>poniedzia\u0142ek: 8.30 \u2013 15.30,<\/strong><\/li>\n<li><strong>wtorek \u2013 pi\u0105tek: 8.00 \u2013 15.00 lub<\/strong><\/li>\n<\/ul>\n<\/li>\n<li><strong>za po\u015brednictwem \u015brodk\u00f3w komunikacji elektronicznej<\/strong> przez formularz na stronie <strong><a href=\"https:\/\/np.ms.gov.pl\/dolno%C5%9Bl%C4%85skie\/lw%C3%B3wecki\" data-wahfont=\"16\">np.ms.gov.pl<\/a><\/strong><\/li>\n<\/ul>\n<p>W przypadku dokonywania rejestracji na wizyt\u0119 za po\u015brednictwem \u015brodk\u00f3w komunikacji elektronicznej <strong>nale\u017cy wskaza\u0107 lokalizacj\u0119 punktu<\/strong> do kt\u00f3rego dokonuje si\u0119 zg\u0142oszenia. Przyj\u0119cie zg\u0142oszenia zostanie potwierdzone mailem zwrotnym.<\/p>\n<p>Osobom ze znaczn\u0105 niepe\u0142nosprawno\u015bci\u0105 ruchow\u0105, kt\u00f3re nie mog\u0105 stawi\u0107 si\u0119 w punkcie osobi\u015bcie, oraz osobom do\u015bwiadczaj\u0105cym trudno\u015bci w komunikowaniu si\u0119, o kt\u00f3rych mowa w ustawie z dnia 19 sierpnia 2011 r. o j\u0119zyku migowym i innych \u015brodkach komunikowania si\u0119 (Dz. U. z 2017 r. poz. 1824), mo\u017ce by\u0107 udzielana nieodp\u0142atna pomoc prawna lub \u015bwiadczone nieodp\u0142atne poradnictwo obywatelskie, z wy\u0142\u0105czeniem nieodp\u0142atnej mediacji, tak\u017ce poza punktem albo za po\u015brednictwem \u015brodk\u00f3w porozumiewania si\u0119 na odleg\u0142o\u015b\u0107. Osoby, kt\u00f3re zg\u0142osz\u0105 uzasadnion\u0105 potrzeb\u0119 komunikacji za po\u015brednictwem \u015brodk\u00f3w porozumiewania si\u0119 na odleg\u0142o\u015b\u0107, <strong>przed uzyskaniem<\/strong> nieodp\u0142atnej pomocy prawnej lub nieodp\u0142atnego poradnictwa obywatelskiego <strong>sk\u0142adaj\u0105 staro\u015bcie, w formie papierowej lub elektronicznej<\/strong>, o\u015bwiadczenie, o kt\u00f3rym mowa w art. 4 ust. 2 ustawy, <strong>wraz ze wskazaniem<\/strong> okoliczno\u015bci to uzasadniaj\u0105cych oraz dost\u0119pnych tej osobie \u015brodk\u00f3w porozumiewania si\u0119 na odleg\u0142o\u015b\u0107.<\/p>\n<p>Osoba udzielaj\u0105ca nieodp\u0142atnej pomocy prawnej lub \u015bwiadcz\u0105ca nieodp\u0142atne poradnictwo obywatelskie, po otrzymaniu od starosty drog\u0105 elektroniczn\u0105 o\u015bwiadczenia i danych kontaktowych osoby uprawnionej, porozumiewa si\u0119 z ni\u0105 w um\u00f3wionym terminie.<\/p>\n<p>Szczeg\u00f3\u0142owe warunki udzielania nieodp\u0142atnej pomocy prawnej oraz zasady jej dokumentowania okre\u015bla ustawa z dnia 5 sierpnia 2015 roku <em>o nieodp\u0142atnej pomocy prawnej, nieodp\u0142atnym poradnictwie obywatelskim oraz edukacji prawnej<\/em> (t.j. Dz.U. z 2021, poz. 945 z p\u00f3\u017an. zm.). Zapraszamy r\u00f3wnie\u017c na stron\u0119 po\u015bwi\u0119con\u0105 darmowej pomocy prawnej: <a href=\"http:\/\/darmowapomocprawna.ms.gov.pl\/pl\/\" target=\"_blank\" rel=\"noopener noreferrer\"><strong>http:\/\/darmowapomocprawna.ms.gov.pl\/pl\/<\/strong><\/a><\/p>\n<\/div><div class=\"fusion-button-wrapper\"><a class=\"fusion-button button-flat fusion-button-default-size button-default fusion-button-default button-1 fusion-button-default-span fusion-button-default-type\" target=\"_blank\" rel=\"noopener noreferrer\" href=\"https:\/\/np.ms.gov.pl\/dolno%C5%9Bl%C4%85skie\/lw%C3%B3wecki\"><span class=\"fusion-button-text awb-button__text awb-button__text--default\">Pomoc prawna, porady obywatelskie, mediacja.<\/span><\/a><\/div><div class=\"fusion-button-wrapper\"><a class=\"fusion-button button-flat fusion-button-default-size button-default fusion-button-default button-2 fusion-button-default-span fusion-button-default-type\" target=\"_blank\" rel=\"noopener noreferrer\" href=\"https:\/\/bip.powiatlwowecki.pl\/wiadomosci\/8896\/lista\/1\/nieodplatna_pomoc_prawna\"><span class=\"fusion-button-text awb-button__text awb-button__text--default\">Komunikaty Starosty<\/span><\/a><\/div><div class=\"fusion-clearfix\"><\/div><\/div><\/div><\/div><\/div>\n","protected":false},"excerpt":{"rendered":"","protected":false},"author":3,"featured_media":0,"parent":0,"menu_order":0,"comment_status":"closed","ping_status":"closed","template":"kafle.php","meta":{"_acf_changed":false,"footnotes":""},"class_list":["post-1244","page","type-page","status-publish","hentry"],"acf":false,"_links":{"self":[{"href":"https:\/\/powiatlwowecki.pl\/plci_json_endpoint\/wp\/v2\/pages\/1244","targetHints":{"allow":["GET"]}}],"collection":[{"href":"https:\/\/powiatlwowecki.pl\/plci_json_endpoint\/wp\/v2\/pages"}],"about":[{"href":"https:\/\/powiatlwowecki.pl\/plci_json_endpoint\/wp\/v2\/types\/page"}],"author":[{"embeddable":true,"href":"https:\/\/powiatlwowecki.pl\/plci_json_endpoint\/wp\/v2\/users\/3"}],"replies":[{"embeddable":true,"href":"https:\/\/powiatlwowecki.pl\/plci_json_endpoint\/wp\/v2\/comments?post=1244"}],"version-history":[{"count":5,"href":"https:\/\/powiatlwowecki.pl\/plci_json_endpoint\/wp\/v2\/pages\/1244\/revisions"}],"predecessor-version":[{"id":11620,"href":"https:\/\/powiatlwowecki.pl\/plci_json_endpoint\/wp\/v2\/pages\/1244\/revisions\/11620"}],"wp:attachment":[{"href":"https:\/\/powiatlwowecki.pl\/plci_json_endpoint\/wp\/v2\/media?parent=1244"}],"curies":[{"name":"wp","href":"https:\/\/api.w.org\/{rel}","templated":true}]}}