{"id":1231,"date":"2020-10-28T09:22:48","date_gmt":"2020-10-28T08:22:48","guid":{"rendered":"https:\/\/powiatlwowecki.pl\/?page_id=1231"},"modified":"2024-05-06T15:06:06","modified_gmt":"2024-05-06T13:06:06","slug":"zarzad-powiatu","status":"publish","type":"page","link":"https:\/\/powiatlwowecki.pl\/zarzad-powiatu\/","title":{"rendered":"Zarz\u0105d Powiatu"},"content":{"rendered":"<div class=\"fusion-fullwidth fullwidth-box fusion-builder-row-1 nonhundred-percent-fullwidth non-hundred-percent-height-scrolling\" style=\"--awb-border-radius-top-left:0px;--awb-border-radius-top-right:0px;--awb-border-radius-bottom-right:0px;--awb-border-radius-bottom-left:0px;--awb-flex-wrap:wrap;\" ><div class=\"fusion-builder-row fusion-row\"><div class=\"fusion-layout-column fusion_builder_column fusion-builder-column-0 fusion_builder_column_1_1 1_1 fusion-one-full fusion-column-first fusion-column-last\" style=\"--awb-bg-size:cover;\"><div class=\"fusion-column-wrapper fusion-column-has-shadow fusion-flex-column-wrapper-legacy\"><div class=\"fusion-tabs fusion-tabs-1 classic nav-is-justified horizontal-tabs icon-position-left mobile-mode-accordion\" style=\"--awb-title-border-radius-top-left:0px;--awb-title-border-radius-top-right:0px;--awb-title-border-radius-bottom-right:0px;--awb-title-border-radius-bottom-left:0px;--awb-alignment:start;--awb-inactive-color:#f9f9fb;--awb-background-color:#ffffff;--awb-border-color:#e2e2e2;--awb-active-border-color:#000000;\"><div class=\"nav\"><ul class=\"nav-tabs nav-justified\" role=\"tablist\"><li class=\"active\" role=\"presentation\"><a class=\"tab-link\" data-toggle=\"tab\" role=\"tab\" aria-controls=\"tab-cebb7189f5cd047e599\" aria-selected=\"true\" id=\"fusion-tab-starostalw\u00f3wecki\" href=\"#tab-cebb7189f5cd047e599\"><h4 class=\"fusion-tab-heading\">Starosta Lw\u00f3wecki<\/h4><\/a><\/li><li role=\"presentation\"><a class=\"tab-link\" data-toggle=\"tab\" role=\"tab\" aria-controls=\"tab-853fc3fc09d81eb3a62\" aria-selected=\"false\" tabindex=\"-1\" id=\"fusion-tab-wicestarostalw\u00f3wecki\" href=\"#tab-853fc3fc09d81eb3a62\"><h4 class=\"fusion-tab-heading\">Wicestarosta Lw\u00f3wecki<\/h4><\/a><\/li><li role=\"presentation\"><a class=\"tab-link\" data-toggle=\"tab\" role=\"tab\" aria-controls=\"tab-aa081785676b16ebe81\" aria-selected=\"false\" tabindex=\"-1\" id=\"fusion-tab-cz\u0142onekzarz\u0105dupowiatu\" href=\"#tab-aa081785676b16ebe81\"><h4 class=\"fusion-tab-heading\">Cz\u0142onek Zarz\u0105du Powiatu<\/h4><\/a><\/li><li role=\"presentation\"><a class=\"tab-link\" data-toggle=\"tab\" role=\"tab\" aria-controls=\"tab-17b630880d9186c9b3a\" aria-selected=\"false\" tabindex=\"-1\" id=\"fusion-tab-cz\u0142onekzarz\u0105dupowiatu\" href=\"#tab-17b630880d9186c9b3a\"><h4 class=\"fusion-tab-heading\">Cz\u0142onek Zarz\u0105du Powiatu<\/h4><\/a><\/li><li role=\"presentation\"><a class=\"tab-link\" data-toggle=\"tab\" role=\"tab\" aria-controls=\"tab-7bba5c67be4f2d0e70c\" aria-selected=\"false\" tabindex=\"-1\" id=\"fusion-tab-cz\u0142onekzarz\u0105dupowiatu\" href=\"#tab-7bba5c67be4f2d0e70c\"><h4 class=\"fusion-tab-heading\">Cz\u0142onek Zarz\u0105du Powiatu<\/h4><\/a><\/li><\/ul><\/div><div class=\"tab-content\"><div class=\"nav fusion-mobile-tab-nav\"><ul class=\"nav-tabs nav-justified\" role=\"tablist\"><li class=\"active\" role=\"presentation\"><a class=\"tab-link\" data-toggle=\"tab\" role=\"tab\" aria-controls=\"tab-cebb7189f5cd047e599\" aria-selected=\"true\" id=\"mobile-fusion-tab-starostalw\u00f3wecki\" href=\"#tab-cebb7189f5cd047e599\"><h4 class=\"fusion-tab-heading\">Starosta Lw\u00f3wecki<\/h4><\/a><\/li><\/ul><\/div><div class=\"tab-pane fade fusion-clearfix in active\" role=\"tabpanel\" tabindex=\"0\" aria-labelledby=\"fusion-tab-starostalw\u00f3wecki\" id=\"tab-cebb7189f5cd047e599\">\n<h4 style=\"text-align: left;\"><img decoding=\"async\" class=\"size-medium wp-image-7081 alignleft\" src=\"https:\/\/powiatlwowecki.pl\/wp-content\/uploads\/2024\/05\/Malgorzata-Szczepanska-225x300.jpg\" alt=\"\" width=\"225\" height=\"300\" srcset=\"https:\/\/powiatlwowecki.pl\/wp-content\/uploads\/2024\/05\/Malgorzata-Szczepanska-18x24.jpg 18w, https:\/\/powiatlwowecki.pl\/wp-content\/uploads\/2024\/05\/Malgorzata-Szczepanska-27x36.jpg 27w, https:\/\/powiatlwowecki.pl\/wp-content\/uploads\/2024\/05\/Malgorzata-Szczepanska-36x48.jpg 36w, https:\/\/powiatlwowecki.pl\/wp-content\/uploads\/2024\/05\/Malgorzata-Szczepanska-200x267.jpg 200w, https:\/\/powiatlwowecki.pl\/wp-content\/uploads\/2024\/05\/Malgorzata-Szczepanska-225x300.jpg 225w, https:\/\/powiatlwowecki.pl\/wp-content\/uploads\/2024\/05\/Malgorzata-Szczepanska-400x533.jpg 400w, https:\/\/powiatlwowecki.pl\/wp-content\/uploads\/2024\/05\/Malgorzata-Szczepanska-600x800.jpg 600w, https:\/\/powiatlwowecki.pl\/wp-content\/uploads\/2024\/05\/Malgorzata-Szczepanska-768x1024.jpg 768w, https:\/\/powiatlwowecki.pl\/wp-content\/uploads\/2024\/05\/Malgorzata-Szczepanska-800x1067.jpg 800w, https:\/\/powiatlwowecki.pl\/wp-content\/uploads\/2024\/05\/Malgorzata-Szczepanska-1152x1536.jpg 1152w, https:\/\/powiatlwowecki.pl\/wp-content\/uploads\/2024\/05\/Malgorzata-Szczepanska-1200x1600.jpg 1200w, https:\/\/powiatlwowecki.pl\/wp-content\/uploads\/2024\/05\/Malgorzata-Szczepanska-1536x2048.jpg 1536w, https:\/\/powiatlwowecki.pl\/wp-content\/uploads\/2024\/05\/Malgorzata-Szczepanska-scaled.jpg 1920w\" sizes=\"(max-width: 225px) 100vw, 225px\" \/>Ma\u0142gorzata Katarzyna Szczepa\u0144ska<\/h4>\n<p>Telefon: <strong>(075) 782 36 50<\/strong><\/p>\n<p>E-mail: <a href=\"mailto:sekretariat@powiatlwowecki.pl\"><strong>sekretariat@powiatlwowecki.pl <\/strong><\/a><\/p>\n<hr \/>\n<hr \/>\n<p>Starosta Lw\u00f3wecki przyjmuje interesant\u00f3w:<\/p>\n<p>w ka\u017cdy poniedzia\u0142ek w <strong>godzinach od 15.00 do 16.00<\/strong>.<\/p>\n<p>Spotkanie nale\u017cy um\u00f3wi\u0107 <strong>telefoniczne w sekretariacie Starostwa &#8211;\u00a0 tel: 75 782 36 50<br \/>\n<\/strong><\/p>\n<\/div><div class=\"nav fusion-mobile-tab-nav\"><ul class=\"nav-tabs nav-justified\" role=\"tablist\"><li role=\"presentation\"><a class=\"tab-link\" data-toggle=\"tab\" role=\"tab\" aria-controls=\"tab-853fc3fc09d81eb3a62\" aria-selected=\"false\" tabindex=\"-1\" id=\"mobile-fusion-tab-wicestarostalw\u00f3wecki\" href=\"#tab-853fc3fc09d81eb3a62\"><h4 class=\"fusion-tab-heading\">Wicestarosta Lw\u00f3wecki<\/h4><\/a><\/li><\/ul><\/div><div class=\"tab-pane fade fusion-clearfix\" role=\"tabpanel\" tabindex=\"0\" aria-labelledby=\"fusion-tab-wicestarostalw\u00f3wecki\" id=\"tab-853fc3fc09d81eb3a62\">\n<p><img decoding=\"async\" class=\"size-medium wp-image-7087 alignleft\" src=\"https:\/\/powiatlwowecki.pl\/wp-content\/uploads\/2024\/05\/Zbigniew-Grzeskow-225x300.jpg\" alt=\"\" width=\"225\" height=\"300\" srcset=\"https:\/\/powiatlwowecki.pl\/wp-content\/uploads\/2024\/05\/Zbigniew-Grzeskow-18x24.jpg 18w, https:\/\/powiatlwowecki.pl\/wp-content\/uploads\/2024\/05\/Zbigniew-Grzeskow-27x36.jpg 27w, https:\/\/powiatlwowecki.pl\/wp-content\/uploads\/2024\/05\/Zbigniew-Grzeskow-36x48.jpg 36w, https:\/\/powiatlwowecki.pl\/wp-content\/uploads\/2024\/05\/Zbigniew-Grzeskow-200x267.jpg 200w, https:\/\/powiatlwowecki.pl\/wp-content\/uploads\/2024\/05\/Zbigniew-Grzeskow-225x300.jpg 225w, https:\/\/powiatlwowecki.pl\/wp-content\/uploads\/2024\/05\/Zbigniew-Grzeskow-400x533.jpg 400w, https:\/\/powiatlwowecki.pl\/wp-content\/uploads\/2024\/05\/Zbigniew-Grzeskow-600x800.jpg 600w, https:\/\/powiatlwowecki.pl\/wp-content\/uploads\/2024\/05\/Zbigniew-Grzeskow-768x1024.jpg 768w, https:\/\/powiatlwowecki.pl\/wp-content\/uploads\/2024\/05\/Zbigniew-Grzeskow-800x1067.jpg 800w, https:\/\/powiatlwowecki.pl\/wp-content\/uploads\/2024\/05\/Zbigniew-Grzeskow-1152x1536.jpg 1152w, https:\/\/powiatlwowecki.pl\/wp-content\/uploads\/2024\/05\/Zbigniew-Grzeskow-1200x1600.jpg 1200w, https:\/\/powiatlwowecki.pl\/wp-content\/uploads\/2024\/05\/Zbigniew-Grzeskow-1536x2048.jpg 1536w, https:\/\/powiatlwowecki.pl\/wp-content\/uploads\/2024\/05\/Zbigniew-Grzeskow-scaled.jpg 1920w\" sizes=\"(max-width: 225px) 100vw, 225px\" \/><\/p>\n<h4>Zbigniew Grze\u015bk\u00f3w<\/h4>\n<p>Telefon:<strong> (075) 782 36 50<\/strong><\/p>\n<p>E-mail: <a href=\"mailto:sekretariat@powiatlwowecki.pl\"><strong>sekretariat@powiatlwowecki.pl <\/strong><\/a><\/p>\n<hr \/>\n<p>Urodzi\u0142 si\u0119 22 kwietnia 1959 w Lw\u00f3wku \u015al\u0105skim. Uko\u0144czy\u0142 studia wy\u017csze ekonomiczne z tytu\u0142em magistra ekonomii.<\/p>\n<p>Dzia\u0142acz Stowarzyszenia Kupc\u00f3w Lw\u00f3weckich.<\/p>\n<p>W latach 1998 &#8211; 2002 by\u0142 radnym Powiatu Lw\u00f3weckiego oraz cz\u0142onkiem Zarz\u0105du Powiatu.<\/p>\n<p>Od 2006 do dzi\u015b pe\u0142ni funkcj\u0119 Wicestarosty Lw\u00f3weckiego.<\/p>\n<p>W obecnie trwaj\u0105cej kadencji\u00a0 jest przewodnicz\u0105cym Komisji Zdrowia, Pomocy Spo\u0142ecznej i Bezpiecze\u0144stwa Publicznego, jak r\u00f3wnie\u017c jest cz\u0142onkiem Komisji Finans\u00f3w i Bud\u017cetu Rozwoju Gospodarczego i Obszar\u00f3w Wiejskich.<\/p>\n<\/div><div class=\"nav fusion-mobile-tab-nav\"><ul class=\"nav-tabs nav-justified\" role=\"tablist\"><li role=\"presentation\"><a class=\"tab-link\" data-toggle=\"tab\" role=\"tab\" aria-controls=\"tab-aa081785676b16ebe81\" aria-selected=\"false\" tabindex=\"-1\" id=\"mobile-fusion-tab-cz\u0142onekzarz\u0105dupowiatu\" href=\"#tab-aa081785676b16ebe81\"><h4 class=\"fusion-tab-heading\">Cz\u0142onek Zarz\u0105du Powiatu<\/h4><\/a><\/li><\/ul><\/div><div class=\"tab-pane fade fusion-clearfix\" role=\"tabpanel\" tabindex=\"0\" aria-labelledby=\"fusion-tab-cz\u0142onekzarz\u0105dupowiatu\" id=\"tab-aa081785676b16ebe81\">\n<h4><img decoding=\"async\" class=\"size-medium wp-image-7088 alignleft\" src=\"https:\/\/powiatlwowecki.pl\/wp-content\/uploads\/2024\/05\/Zenon-Zatchiej-225x300.jpg\" alt=\"\" width=\"225\" height=\"300\" srcset=\"https:\/\/powiatlwowecki.pl\/wp-content\/uploads\/2024\/05\/Zenon-Zatchiej-18x24.jpg 18w, https:\/\/powiatlwowecki.pl\/wp-content\/uploads\/2024\/05\/Zenon-Zatchiej-27x36.jpg 27w, https:\/\/powiatlwowecki.pl\/wp-content\/uploads\/2024\/05\/Zenon-Zatchiej-36x48.jpg 36w, https:\/\/powiatlwowecki.pl\/wp-content\/uploads\/2024\/05\/Zenon-Zatchiej-200x267.jpg 200w, https:\/\/powiatlwowecki.pl\/wp-content\/uploads\/2024\/05\/Zenon-Zatchiej-225x300.jpg 225w, https:\/\/powiatlwowecki.pl\/wp-content\/uploads\/2024\/05\/Zenon-Zatchiej-400x533.jpg 400w, https:\/\/powiatlwowecki.pl\/wp-content\/uploads\/2024\/05\/Zenon-Zatchiej-600x800.jpg 600w, https:\/\/powiatlwowecki.pl\/wp-content\/uploads\/2024\/05\/Zenon-Zatchiej-768x1024.jpg 768w, https:\/\/powiatlwowecki.pl\/wp-content\/uploads\/2024\/05\/Zenon-Zatchiej-800x1067.jpg 800w, https:\/\/powiatlwowecki.pl\/wp-content\/uploads\/2024\/05\/Zenon-Zatchiej-1152x1536.jpg 1152w, https:\/\/powiatlwowecki.pl\/wp-content\/uploads\/2024\/05\/Zenon-Zatchiej-1200x1600.jpg 1200w, https:\/\/powiatlwowecki.pl\/wp-content\/uploads\/2024\/05\/Zenon-Zatchiej-1536x2048.jpg 1536w, https:\/\/powiatlwowecki.pl\/wp-content\/uploads\/2024\/05\/Zenon-Zatchiej-scaled.jpg 1920w\" sizes=\"(max-width: 225px) 100vw, 225px\" \/>Zenon Zatchiej<\/h4>\n<p>Telefon: <strong>(075) 782 32 92<\/strong><\/p>\n<p>E-mail: <a href=\"mailto:rada@powiatlwowecki.pl\"><strong>rada@powiatlwowecki.pl<\/strong><\/a><\/p>\n<\/div><div class=\"nav fusion-mobile-tab-nav\"><ul class=\"nav-tabs nav-justified\" role=\"tablist\"><li role=\"presentation\"><a class=\"tab-link\" data-toggle=\"tab\" role=\"tab\" aria-controls=\"tab-17b630880d9186c9b3a\" aria-selected=\"false\" tabindex=\"-1\" id=\"mobile-fusion-tab-cz\u0142onekzarz\u0105dupowiatu\" href=\"#tab-17b630880d9186c9b3a\"><h4 class=\"fusion-tab-heading\">Cz\u0142onek Zarz\u0105du Powiatu<\/h4><\/a><\/li><\/ul><\/div><div class=\"tab-pane fade fusion-clearfix\" role=\"tabpanel\" tabindex=\"0\" aria-labelledby=\"fusion-tab-cz\u0142onekzarz\u0105dupowiatu\" id=\"tab-17b630880d9186c9b3a\">\n<h4>Dariusz Szorc<\/h4>\n<p>Telefon: <strong>(075) 782 32 92<\/strong><\/p>\n<p>E-mail: <a href=\"mailto:rada@powiatlwowecki.pl\"><strong>rada@powiatlwowecki.pl<\/strong><\/a><\/p>\n<\/div><div class=\"nav fusion-mobile-tab-nav\"><ul class=\"nav-tabs nav-justified\" role=\"tablist\"><li role=\"presentation\"><a class=\"tab-link\" data-toggle=\"tab\" role=\"tab\" aria-controls=\"tab-7bba5c67be4f2d0e70c\" aria-selected=\"false\" tabindex=\"-1\" id=\"mobile-fusion-tab-cz\u0142onekzarz\u0105dupowiatu\" href=\"#tab-7bba5c67be4f2d0e70c\"><h4 class=\"fusion-tab-heading\">Cz\u0142onek Zarz\u0105du Powiatu<\/h4><\/a><\/li><\/ul><\/div><div class=\"tab-pane fade fusion-clearfix\" role=\"tabpanel\" tabindex=\"0\" aria-labelledby=\"fusion-tab-cz\u0142onekzarz\u0105dupowiatu\" id=\"tab-7bba5c67be4f2d0e70c\">\n<h4>Micha\u0142 Pater<\/h4>\n<p>Telefon: <strong>(075) 7823292<\/strong><\/p>\n<p>E-mail: <a href=\"mailto:rada@powiatlwowecki.pl\"><strong>rada@powiatlwowecki.pl<\/strong><\/a><\/p>\n<\/div><\/div><\/div><div class=\"fusion-clearfix\"><\/div><\/div><\/div><\/div><\/div>\n","protected":false},"excerpt":{"rendered":"","protected":false},"author":3,"featured_media":0,"parent":0,"menu_order":0,"comment_status":"closed","ping_status":"closed","template":"","meta":{"_acf_changed":false,"footnotes":""},"class_list":["post-1231","page","type-page","status-publish","hentry"],"acf":false,"_links":{"self":[{"href":"https:\/\/powiatlwowecki.pl\/plci_json_endpoint\/wp\/v2\/pages\/1231","targetHints":{"allow":["GET"]}}],"collection":[{"href":"https:\/\/powiatlwowecki.pl\/plci_json_endpoint\/wp\/v2\/pages"}],"about":[{"href":"https:\/\/powiatlwowecki.pl\/plci_json_endpoint\/wp\/v2\/types\/page"}],"author":[{"embeddable":true,"href":"https:\/\/powiatlwowecki.pl\/plci_json_endpoint\/wp\/v2\/users\/3"}],"replies":[{"embeddable":true,"href":"https:\/\/powiatlwowecki.pl\/plci_json_endpoint\/wp\/v2\/comments?post=1231"}],"version-history":[{"count":3,"href":"https:\/\/powiatlwowecki.pl\/plci_json_endpoint\/wp\/v2\/pages\/1231\/revisions"}],"predecessor-version":[{"id":7090,"href":"https:\/\/powiatlwowecki.pl\/plci_json_endpoint\/wp\/v2\/pages\/1231\/revisions\/7090"}],"wp:attachment":[{"href":"https:\/\/powiatlwowecki.pl\/plci_json_endpoint\/wp\/v2\/media?parent=1231"}],"curies":[{"name":"wp","href":"https:\/\/api.w.org\/{rel}","templated":true}]}}